{"id":1493,"date":"2025-03-12T13:25:32","date_gmt":"2025-03-12T13:25:32","guid":{"rendered":"https:\/\/alberguevallada.com\/?page_id=1493"},"modified":"2025-06-05T09:03:16","modified_gmt":"2025-06-05T09:03:16","slug":"activitats-culturals","status":"publish","type":"page","link":"https:\/\/alberguevallada.com\/val\/activitats-culturals\/","title":{"rendered":"Activitats culturals"},"content":{"rendered":"\t\t<div data-elementor-type=\"wp-page\" data-elementor-id=\"1493\" class=\"elementor elementor-1493\" data-elementor-post-type=\"page\">\n\t\t\t\t\t\t<section class=\"elementor-section elementor-top-section elementor-element elementor-element-04546dc elementor-section-full_width elementor-section-height-min-height elementor-section-height-default elementor-section-items-middle\" data-id=\"04546dc\" data-element_type=\"section\" data-e-type=\"section\" data-settings=\"{&quot;background_background&quot;:&quot;classic&quot;}\">\n\t\t\t\t\t\t<div class=\"elementor-container elementor-column-gap-default\">\n\t\t\t\t\t<div class=\"elementor-column elementor-col-100 elementor-top-column elementor-element elementor-element-4cb0c64\" data-id=\"4cb0c64\" data-element_type=\"column\" data-e-type=\"column\">\n\t\t\t<div class=\"elementor-widget-wrap elementor-element-populated\">\n\t\t\t\t\t\t<div class=\"elementor-element elementor-element-5e2ec24 elementor-widget elementor-widget-heading\" data-id=\"5e2ec24\" data-element_type=\"widget\" data-e-type=\"widget\" data-widget_type=\"heading.default\">\n\t\t\t\t<div class=\"elementor-widget-container\">\n\t\t\t\t\t<h1 class=\"elementor-heading-title elementor-size-default\">Actividades culturales en Vallada<\/h1>\t\t\t\t<\/div>\n\t\t\t\t<\/div>\n\t\t\t\t\t<\/div>\n\t\t<\/div>\n\t\t\t\t\t<\/div>\n\t\t<\/section>\n\t\t<div class=\"elementor-element elementor-element-3c786a6 e-flex e-con-boxed e-con e-parent\" data-id=\"3c786a6\" data-element_type=\"container\" data-e-type=\"container\">\n\t\t\t\t\t<div class=\"e-con-inner\">\n\t\t<div class=\"elementor-element elementor-element-6aa5b2d e-con-full e-flex e-con e-child\" data-id=\"6aa5b2d\" data-element_type=\"container\" data-e-type=\"container\">\n\t\t\t\t<div class=\"elementor-element elementor-element-cad15a8 elementor-widget elementor-widget-text-editor\" data-id=\"cad15a8\" data-element_type=\"widget\" data-e-type=\"widget\" data-widget_type=\"text-editor.default\">\n\t\t\t\t<div class=\"elementor-widget-container\">\n\t\t\t\t\t\t\t\t\t<p data-start=\"45\" data-end=\"527\">Vallada no solo es un para\u00edso para los amantes del turismo activo, sino que tambi\u00e9n ofrece una rica oferta cultural para quienes desean explorar su historia, patrimonio y tradiciones. Desde monumentos hist\u00f3ricos hasta festivales que celebran las costumbres locales, este municipio es ideal para aquellos que buscan una inmersi\u00f3n cultural \u00fanica. Ya sea que te interese la historia medieval, las festividades populares o el arte local, Vallada tiene actividades para todos los gustos.<\/p><h2 data-start=\"529\" data-end=\"584\"><strong data-start=\"533\" data-end=\"582\">Las mejores actividades culturales en Vallada<\/strong><\/h2><p data-start=\"586\" data-end=\"836\">\ud83c\udfa8 <strong data-start=\"589\" data-end=\"637\">Visita al Palacio de los Condes de Cervell\u00f3n<\/strong>: Un edificio de gran valor hist\u00f3rico y arquitect\u00f3nico, conocido como la \u00abpeque\u00f1a Alhambra valenciana\u00bb. Disfruta de su majestuoso dise\u00f1o y aprende sobre la influencia de las civilizaciones pasadas.<\/p><p data-start=\"838\" data-end=\"1110\">\ud83c\udff0 <strong data-start=\"841\" data-end=\"881\">Recorrido por el Castillo de Vallada<\/strong>: Este imponente castillo medieval, situado en un cerro, ofrece unas vistas espectaculares y un viaje en el tiempo hacia la historia de la regi\u00f3n. Perfecto para los interesados en la arquitectura medieval y la historia militar.<\/p><p data-start=\"1112\" data-end=\"1371\">\ud83c\udfad <strong data-start=\"1115\" data-end=\"1144\">Festival de la Muixeranga<\/strong>: Participa en este evento cultural \u00fanico que celebra las tradiciones valencianas. Disfruta de espect\u00e1culos de danzas, m\u00fasica y las famosas \u00abmuixerangas\u00bb, torres humanas tradicionales que simbolizan la fuerza de la comunidad.<\/p><p data-start=\"1373\" data-end=\"1594\">\ud83d\udcda <strong data-start=\"1376\" data-end=\"1406\">Museo de la Historia Local<\/strong>: Sum\u00e9rgete en el pasado de Vallada visitando su museo local, donde se exhiben artefactos, fotos y objetos que cuentan la historia del municipio desde la prehistoria hasta la actualidad.<\/p><p data-start=\"1596\" data-end=\"1864\">\ud83c\udfb6 <strong data-start=\"1599\" data-end=\"1651\">Conciertos y eventos musicales en la Plaza Mayor<\/strong>: Disfruta de una experiencia cultural vibrante con conciertos de m\u00fasica tradicional y popular en uno de los lugares m\u00e1s emblem\u00e1ticos de Vallada, ideal para disfrutar de la cultura local en un ambiente relajado.<\/p><p data-start=\"1866\" data-end=\"2123\">\ud83c\udfa8 <strong data-start=\"1869\" data-end=\"1906\">Talleres de cer\u00e1mica y arte local<\/strong>: Participa en talleres interactivos que te permitir\u00e1n conocer el arte y las tradiciones de Vallada, como la cer\u00e1mica, la pintura y la escultura. Perfecto para los que desean llevarse un recuerdo \u00fanico de su visita.<\/p>\t\t\t\t\t\t\t\t<\/div>\n\t\t\t\t<\/div>\n\t\t\t\t<div class=\"elementor-element elementor-element-1a201d7 elementor-align-center elementor-widget elementor-widget-button\" data-id=\"1a201d7\" data-element_type=\"widget\" data-e-type=\"widget\" data-widget_type=\"button.default\">\n\t\t\t\t<div class=\"elementor-widget-container\">\n\t\t\t\t\t\t\t\t\t<div class=\"elementor-button-wrapper\">\n\t\t\t\t\t<a class=\"elementor-button elementor-button-link elementor-size-sm\" href=\"https:\/\/alberguevallada.com\/experiencias\/\">\n\t\t\t\t\t\t<span class=\"elementor-button-content-wrapper\">\n\t\t\t\t\t\t\t\t\t<span class=\"elementor-button-text\">Descubre nuestras experiencias en Vallada<\/span>\n\t\t\t\t\t<\/span>\n\t\t\t\t\t<\/a>\n\t\t\t\t<\/div>\n\t\t\t\t\t\t\t\t<\/div>\n\t\t\t\t<\/div>\n\t\t\t\t<\/div>\n\t\t<div class=\"elementor-element elementor-element-a6005fe e-con-full e-flex e-con e-child\" data-id=\"a6005fe\" data-element_type=\"container\" data-e-type=\"container\">\n\t\t\t\t<div class=\"elementor-element elementor-element-306be7b elementor-widget elementor-widget-image\" data-id=\"306be7b\" data-element_type=\"widget\" data-e-type=\"widget\" data-widget_type=\"image.default\">\n\t\t\t\t<div class=\"elementor-widget-container\">\n\t\t\t\t\t\t\t\t\t\t\t\t\t\t\t<img fetchpriority=\"high\" decoding=\"async\" width=\"450\" height=\"450\" src=\"https:\/\/alberguevallada.com\/wp-content\/uploads\/2025\/06\/palacio-de-los-condes-de-cervellon.jpg\" class=\"attachment-large size-large wp-image-1804\" alt=\"palacio de los condes de cervell\u00f3n\" srcset=\"https:\/\/alberguevallada.com\/wp-content\/uploads\/2025\/06\/palacio-de-los-condes-de-cervellon.jpg 450w, https:\/\/alberguevallada.com\/wp-content\/uploads\/2025\/06\/palacio-de-los-condes-de-cervellon-300x300.jpg 300w, https:\/\/alberguevallada.com\/wp-content\/uploads\/2025\/06\/palacio-de-los-condes-de-cervellon-150x150.jpg 150w, https:\/\/alberguevallada.com\/wp-content\/uploads\/2025\/06\/palacio-de-los-condes-de-cervellon-12x12.jpg 12w\" sizes=\"(max-width: 450px) 100vw, 450px\" \/>\t\t\t\t\t\t\t\t\t\t\t\t\t\t\t<\/div>\n\t\t\t\t<\/div>\n\t\t\t\t<\/div>\n\t\t\t\t\t<\/div>\n\t\t\t\t<\/div>\n\t\t<div class=\"elementor-element elementor-element-eb611b5 e-flex e-con-boxed e-con e-parent\" data-id=\"eb611b5\" data-element_type=\"container\" data-e-type=\"container\" data-settings=\"{&quot;background_background&quot;:&quot;classic&quot;}\">\n\t\t\t\t\t<div class=\"e-con-inner\">\n\t\t\t\t<div class=\"elementor-element elementor-element-f6f97ad elementor-widget elementor-widget-heading\" data-id=\"f6f97ad\" data-element_type=\"widget\" data-e-type=\"widget\" data-widget_type=\"heading.default\">\n\t\t\t\t<div class=\"elementor-widget-container\">\n\t\t\t\t\t<h2 class=\"elementor-heading-title elementor-size-default\">D\u00f3nde comer despu\u00e9s de una jornada de turismo cultural en Vallada<\/h2>\t\t\t\t<\/div>\n\t\t\t\t<\/div>\n\t\t\t\t\t<\/div>\n\t\t\t\t<\/div>\n\t\t<div class=\"elementor-element elementor-element-8152c0d e-flex e-con-boxed e-con e-parent\" data-id=\"8152c0d\" data-element_type=\"container\" data-e-type=\"container\" data-settings=\"{&quot;background_background&quot;:&quot;classic&quot;}\">\n\t\t\t\t\t<div class=\"e-con-inner\">\n\t\t<div class=\"elementor-element elementor-element-6b8da26 e-con-full e-flex e-con e-child\" data-id=\"6b8da26\" data-element_type=\"container\" data-e-type=\"container\">\n\t\t\t\t<div class=\"elementor-element elementor-element-0e44143 elementor-widget elementor-widget-image\" data-id=\"0e44143\" data-element_type=\"widget\" data-e-type=\"widget\" data-widget_type=\"image.default\">\n\t\t\t\t<div class=\"elementor-widget-container\">\n\t\t\t\t\t\t\t\t\t\t\t\t\t\t\t<img decoding=\"async\" width=\"800\" height=\"534\" src=\"https:\/\/alberguevallada.com\/wp-content\/uploads\/2025\/01\/DSC7017-1024x683.jpg\" class=\"attachment-large size-large wp-image-1177\" alt=\"Noche\" srcset=\"https:\/\/alberguevallada.com\/wp-content\/uploads\/2025\/01\/DSC7017-1024x683.jpg 1024w, https:\/\/alberguevallada.com\/wp-content\/uploads\/2025\/01\/DSC7017-300x200.jpg 300w, https:\/\/alberguevallada.com\/wp-content\/uploads\/2025\/01\/DSC7017-768x513.jpg 768w, https:\/\/alberguevallada.com\/wp-content\/uploads\/2025\/01\/DSC7017-1536x1025.jpg 1536w, https:\/\/alberguevallada.com\/wp-content\/uploads\/2025\/01\/DSC7017-2048x1367.jpg 2048w\" sizes=\"(max-width: 800px) 100vw, 800px\" \/>\t\t\t\t\t\t\t\t\t\t\t\t\t\t\t<\/div>\n\t\t\t\t<\/div>\n\t\t\t\t<\/div>\n\t\t<div class=\"elementor-element elementor-element-53d179f e-con-full e-flex e-con e-child\" data-id=\"53d179f\" data-element_type=\"container\" data-e-type=\"container\">\n\t\t\t\t<div class=\"elementor-element elementor-element-202d8be elementor-widget elementor-widget-text-editor\" data-id=\"202d8be\" data-element_type=\"widget\" data-e-type=\"widget\" data-widget_type=\"text-editor.default\">\n\t\t\t\t<div class=\"elementor-widget-container\">\n\t\t\t\t\t\t\t\t\t<p data-start=\"69\" data-end=\"413\">Despu\u00e9s de un d\u00eda lleno de emociones y actividades en la naturaleza de <strong data-start=\"140\" data-end=\"151\">Vallada<\/strong>, no hay mejor manera de recuperar energ\u00edas que disfrutando de una excelente comida. Si buscas un lugar acogedor donde reponer fuerzas tras tus aventuras, el <strong data-start=\"309\" data-end=\"337\">Restaurante Serra Grossa<\/strong>, ubicado en el <strong data-start=\"353\" data-end=\"388\">Albergue Las Ermitas de Vallada<\/strong>, es la elecci\u00f3n ideal.<\/p><p data-start=\"415\" data-end=\"763\">Rodeado de un paisaje natural impresionante, el restaurante ofrece un ambiente relajado y tranquilo, perfecto para descansar despu\u00e9s de actividades como senderismo, ciclismo de monta\u00f1a o barranquismo. Con una carta que resalta los sabores tradicionales de la regi\u00f3n y la frescura de los productos locales, cada plato es una experiencia aut\u00e9ntica.<\/p><p data-start=\"765\" data-end=\"1048\">Ya sea que busques un almuerzo nutritivo tras una intensa jornada de turismo activo o un lugar c\u00f3modo para disfrutar de una comida antes de continuar con la aventura, en el <strong data-start=\"938\" data-end=\"966\">Restaurante Serra Grossa<\/strong> encontrar\u00e1s el equilibrio perfecto entre sabor, hospitalidad y entorno natural.<\/p>\t\t\t\t\t\t\t\t<\/div>\n\t\t\t\t<\/div>\n\t\t\t\t<div class=\"elementor-element elementor-element-7b84de1 elementor-align-center elementor-widget elementor-widget-button\" data-id=\"7b84de1\" data-element_type=\"widget\" data-e-type=\"widget\" data-widget_type=\"button.default\">\n\t\t\t\t<div class=\"elementor-widget-container\">\n\t\t\t\t\t\t\t\t\t<div class=\"elementor-button-wrapper\">\n\t\t\t\t\t<a class=\"elementor-button elementor-button-link elementor-size-sm\" href=\"https:\/\/alberguevallada.com\/restaurante\/\">\n\t\t\t\t\t\t<span class=\"elementor-button-content-wrapper\">\n\t\t\t\t\t\t\t\t\t<span class=\"elementor-button-text\">Reserva en el restaurante Serra Grossa<\/span>\n\t\t\t\t\t<\/span>\n\t\t\t\t\t<\/a>\n\t\t\t\t<\/div>\n\t\t\t\t\t\t\t\t<\/div>\n\t\t\t\t<\/div>\n\t\t\t\t<\/div>\n\t\t\t\t\t<\/div>\n\t\t\t\t<\/div>\n\t\t<div class=\"elementor-element elementor-element-8b72cc5 e-flex e-con-boxed e-con e-parent\" data-id=\"8b72cc5\" data-element_type=\"container\" data-e-type=\"container\" data-settings=\"{&quot;background_background&quot;:&quot;classic&quot;}\">\n\t\t\t\t\t<div class=\"e-con-inner\">\n\t\t\t\t<div class=\"elementor-element elementor-element-2c87d18 elementor-widget elementor-widget-heading\" data-id=\"2c87d18\" data-element_type=\"widget\" data-e-type=\"widget\" data-widget_type=\"heading.default\">\n\t\t\t\t<div class=\"elementor-widget-container\">\n\t\t\t\t\t<h2 class=\"elementor-heading-title elementor-size-default\">D\u00f3nde alojarse cerca de Vallada<\/h2>\t\t\t\t<\/div>\n\t\t\t\t<\/div>\n\t\t<div class=\"elementor-element elementor-element-2406b9e e-con-full e-flex e-con e-child\" data-id=\"2406b9e\" data-element_type=\"container\" data-e-type=\"container\" data-settings=\"{&quot;background_background&quot;:&quot;classic&quot;}\">\n\t\t<div class=\"elementor-element elementor-element-43257ac e-con-full e-flex e-con e-child\" data-id=\"43257ac\" data-element_type=\"container\" data-e-type=\"container\">\n\t\t\t\t<div class=\"elementor-element elementor-element-9f2fa1f elementor-position-top elementor-widget elementor-widget-image-box\" data-id=\"9f2fa1f\" data-element_type=\"widget\" data-e-type=\"widget\" data-widget_type=\"image-box.default\">\n\t\t\t\t<div class=\"elementor-widget-container\">\n\t\t\t\t\t<div class=\"elementor-image-box-wrapper\"><figure class=\"elementor-image-box-img\"><a href=\"https:\/\/alberguevallada.com\/habitacion-familiar\/\" tabindex=\"-1\"><img decoding=\"async\" width=\"800\" height=\"534\" src=\"https:\/\/alberguevallada.com\/wp-content\/uploads\/2023\/10\/DSC6870-copia.jpg\" class=\"attachment-full size-full wp-image-761\" alt=\"Habitacion familiar\" srcset=\"https:\/\/alberguevallada.com\/wp-content\/uploads\/2023\/10\/DSC6870-copia.jpg 800w, https:\/\/alberguevallada.com\/wp-content\/uploads\/2023\/10\/DSC6870-copia-300x200.jpg 300w, https:\/\/alberguevallada.com\/wp-content\/uploads\/2023\/10\/DSC6870-copia-768x513.jpg 768w\" sizes=\"(max-width: 800px) 100vw, 800px\" \/><\/a><\/figure><div class=\"elementor-image-box-content\"><h3 class=\"elementor-image-box-title\"><a href=\"https:\/\/alberguevallada.com\/habitacion-familiar\/\">Habitaci\u00f3n familiar<\/a><\/h3><\/div><\/div>\t\t\t\t<\/div>\n\t\t\t\t<\/div>\n\t\t\t\t<\/div>\n\t\t<div class=\"elementor-element elementor-element-5017111 e-con-full e-flex e-con e-child\" data-id=\"5017111\" data-element_type=\"container\" data-e-type=\"container\">\n\t\t\t\t<div class=\"elementor-element elementor-element-cacf580 elementor-position-top elementor-widget elementor-widget-image-box\" data-id=\"cacf580\" data-element_type=\"widget\" data-e-type=\"widget\" data-widget_type=\"image-box.default\">\n\t\t\t\t<div class=\"elementor-widget-container\">\n\t\t\t\t\t<div class=\"elementor-image-box-wrapper\"><figure class=\"elementor-image-box-img\"><a href=\"https:\/\/alberguevallada.com\/habitacion-matrimonio\/\" tabindex=\"-1\"><img loading=\"lazy\" decoding=\"async\" width=\"1766\" height=\"1179\" src=\"https:\/\/alberguevallada.com\/wp-content\/uploads\/2023\/10\/DSC6897-copia.jpg\" class=\"attachment-full size-full wp-image-790\" alt=\"\" srcset=\"https:\/\/alberguevallada.com\/wp-content\/uploads\/2023\/10\/DSC6897-copia.jpg 1766w, https:\/\/alberguevallada.com\/wp-content\/uploads\/2023\/10\/DSC6897-copia-300x200.jpg 300w, https:\/\/alberguevallada.com\/wp-content\/uploads\/2023\/10\/DSC6897-copia-1024x684.jpg 1024w, https:\/\/alberguevallada.com\/wp-content\/uploads\/2023\/10\/DSC6897-copia-768x513.jpg 768w, https:\/\/alberguevallada.com\/wp-content\/uploads\/2023\/10\/DSC6897-copia-1536x1025.jpg 1536w\" sizes=\"(max-width: 1766px) 100vw, 1766px\" \/><\/a><\/figure><div class=\"elementor-image-box-content\"><h3 class=\"elementor-image-box-title\"><a href=\"https:\/\/alberguevallada.com\/habitacion-matrimonio\/\">Habitaci\u00f3n de matrimonio<\/a><\/h3><\/div><\/div>\t\t\t\t<\/div>\n\t\t\t\t<\/div>\n\t\t\t\t<\/div>\n\t\t<div class=\"elementor-element elementor-element-23c9d77 e-con-full e-flex e-con e-child\" data-id=\"23c9d77\" data-element_type=\"container\" data-e-type=\"container\">\n\t\t\t\t<div class=\"elementor-element elementor-element-0511a1d elementor-position-top elementor-widget elementor-widget-image-box\" data-id=\"0511a1d\" data-element_type=\"widget\" data-e-type=\"widget\" data-widget_type=\"image-box.default\">\n\t\t\t\t<div class=\"elementor-widget-container\">\n\t\t\t\t\t<div class=\"elementor-image-box-wrapper\"><figure class=\"elementor-image-box-img\"><a href=\"https:\/\/alberguevallada.com\/habitacion-doble-adaptada\/\" tabindex=\"-1\"><img loading=\"lazy\" decoding=\"async\" width=\"800\" height=\"534\" src=\"https:\/\/alberguevallada.com\/wp-content\/uploads\/2025\/06\/habitacion-doble-adaptada.jpg\" class=\"attachment-full size-full wp-image-1784\" alt=\"habitaci\u00f3n doble adaptada\" srcset=\"https:\/\/alberguevallada.com\/wp-content\/uploads\/2025\/06\/habitacion-doble-adaptada.jpg 800w, https:\/\/alberguevallada.com\/wp-content\/uploads\/2025\/06\/habitacion-doble-adaptada-300x200.jpg 300w, https:\/\/alberguevallada.com\/wp-content\/uploads\/2025\/06\/habitacion-doble-adaptada-768x513.jpg 768w, https:\/\/alberguevallada.com\/wp-content\/uploads\/2025\/06\/habitacion-doble-adaptada-18x12.jpg 18w\" sizes=\"(max-width: 800px) 100vw, 800px\" \/><\/a><\/figure><div class=\"elementor-image-box-content\"><h3 class=\"elementor-image-box-title\"><a href=\"https:\/\/alberguevallada.com\/habitacion-doble-adaptada\/\">Habitaci\u00f3n doble adaptada<\/a><\/h3><\/div><\/div>\t\t\t\t<\/div>\n\t\t\t\t<\/div>\n\t\t\t\t<\/div>\n\t\t\t\t<\/div>\n\t\t\t\t\t<\/div>\n\t\t\t\t<\/div>\n\t\t<div class=\"elementor-element elementor-element-d82bd5a e-flex e-con-boxed e-con e-parent\" data-id=\"d82bd5a\" data-element_type=\"container\" data-e-type=\"container\" data-settings=\"{&quot;background_background&quot;:&quot;classic&quot;}\">\n\t\t\t\t\t<div class=\"e-con-inner\">\n\t\t\t\t<div class=\"elementor-element elementor-element-06f280f elementor-widget elementor-widget-heading\" data-id=\"06f280f\" data-element_type=\"widget\" data-e-type=\"widget\" data-widget_type=\"heading.default\">\n\t\t\t\t<div class=\"elementor-widget-container\">\n\t\t\t\t\t<h2 class=\"elementor-heading-title elementor-size-default\">Otras actividades cerca de Vallada<\/h2>\t\t\t\t<\/div>\n\t\t\t\t<\/div>\n\t\t\t\t\t<\/div>\n\t\t\t\t<\/div>\n\t\t<div class=\"elementor-element elementor-element-57bf29a e-flex e-con-boxed e-con e-parent\" data-id=\"57bf29a\" data-element_type=\"container\" data-e-type=\"container\" data-settings=\"{&quot;background_background&quot;:&quot;classic&quot;}\">\n\t\t\t\t\t<div class=\"e-con-inner\">\n\t\t<div class=\"elementor-element elementor-element-0408d30 e-con-full e-flex e-con e-child\" data-id=\"0408d30\" data-element_type=\"container\" data-e-type=\"container\">\n\t\t\t\t<div class=\"elementor-element elementor-element-ca76de0 elementor-position-top elementor-widget elementor-widget-image-box\" data-id=\"ca76de0\" data-element_type=\"widget\" data-e-type=\"widget\" data-widget_type=\"image-box.default\">\n\t\t\t\t<div class=\"elementor-widget-container\">\n\t\t\t\t\t<div class=\"elementor-image-box-wrapper\"><figure class=\"elementor-image-box-img\"><a href=\"https:\/\/alberguevallada.com\/rutas-senderismo\/\" tabindex=\"-1\"><img loading=\"lazy\" decoding=\"async\" width=\"450\" height=\"300\" src=\"https:\/\/alberguevallada.com\/wp-content\/uploads\/2025\/03\/rutas-de-senderismo-cerca-de-Vallada-1.jpg\" class=\"attachment-full size-full wp-image-1485\" alt=\"rutas de senderismo cerca de Vallada\" srcset=\"https:\/\/alberguevallada.com\/wp-content\/uploads\/2025\/03\/rutas-de-senderismo-cerca-de-Vallada-1.jpg 450w, https:\/\/alberguevallada.com\/wp-content\/uploads\/2025\/03\/rutas-de-senderismo-cerca-de-Vallada-1-300x200.jpg 300w, https:\/\/alberguevallada.com\/wp-content\/uploads\/2025\/03\/rutas-de-senderismo-cerca-de-Vallada-1-18x12.jpg 18w\" sizes=\"(max-width: 450px) 100vw, 450px\" \/><\/a><\/figure><div class=\"elementor-image-box-content\"><h3 class=\"elementor-image-box-title\"><a href=\"https:\/\/alberguevallada.com\/rutas-senderismo\/\">Rutas De Senderismo<\/a><\/h3><\/div><\/div>\t\t\t\t<\/div>\n\t\t\t\t<\/div>\n\t\t\t\t<\/div>\n\t\t<div class=\"elementor-element elementor-element-aaa9964 e-con-full e-flex e-con e-child\" data-id=\"aaa9964\" data-element_type=\"container\" data-e-type=\"container\">\n\t\t\t\t<div class=\"elementor-element elementor-element-c40f90c elementor-position-top elementor-widget elementor-widget-image-box\" data-id=\"c40f90c\" data-element_type=\"widget\" data-e-type=\"widget\" data-widget_type=\"image-box.default\">\n\t\t\t\t<div class=\"elementor-widget-container\">\n\t\t\t\t\t<div class=\"elementor-image-box-wrapper\"><figure class=\"elementor-image-box-img\"><a href=\"https:\/\/alberguevallada.com\/turismo-activo\/\" tabindex=\"-1\"><img loading=\"lazy\" decoding=\"async\" width=\"450\" height=\"300\" src=\"https:\/\/alberguevallada.com\/wp-content\/uploads\/2025\/03\/turismo-activo.jpg\" class=\"attachment-full size-full wp-image-1471\" alt=\"turismo activo\" srcset=\"https:\/\/alberguevallada.com\/wp-content\/uploads\/2025\/03\/turismo-activo.jpg 450w, https:\/\/alberguevallada.com\/wp-content\/uploads\/2025\/03\/turismo-activo-300x200.jpg 300w, https:\/\/alberguevallada.com\/wp-content\/uploads\/2025\/03\/turismo-activo-18x12.jpg 18w\" sizes=\"(max-width: 450px) 100vw, 450px\" \/><\/a><\/figure><div class=\"elementor-image-box-content\"><h3 class=\"elementor-image-box-title\"><a href=\"https:\/\/alberguevallada.com\/turismo-activo\/\">Turismo Activo<\/a><\/h3><\/div><\/div>\t\t\t\t<\/div>\n\t\t\t\t<\/div>\n\t\t\t\t<\/div>\n\t\t<div class=\"elementor-element elementor-element-d8338c8 e-con-full e-flex e-con e-child\" data-id=\"d8338c8\" data-element_type=\"container\" data-e-type=\"container\">\n\t\t\t\t<div class=\"elementor-element elementor-element-3f58717 elementor-position-top elementor-widget elementor-widget-image-box\" data-id=\"3f58717\" data-element_type=\"widget\" data-e-type=\"widget\" data-widget_type=\"image-box.default\">\n\t\t\t\t<div class=\"elementor-widget-container\">\n\t\t\t\t\t<div class=\"elementor-image-box-wrapper\"><figure class=\"elementor-image-box-img\"><a href=\"https:\/\/alberguevallada.com\/enoturismo-y-oleoturismo\/\" tabindex=\"-1\"><img loading=\"lazy\" decoding=\"async\" width=\"450\" height=\"300\" src=\"https:\/\/alberguevallada.com\/wp-content\/uploads\/2025\/03\/enoturismo.jpg\" class=\"attachment-full size-full wp-image-1472\" alt=\"\" srcset=\"https:\/\/alberguevallada.com\/wp-content\/uploads\/2025\/03\/enoturismo.jpg 450w, https:\/\/alberguevallada.com\/wp-content\/uploads\/2025\/03\/enoturismo-300x200.jpg 300w, https:\/\/alberguevallada.com\/wp-content\/uploads\/2025\/03\/enoturismo-18x12.jpg 18w\" sizes=\"(max-width: 450px) 100vw, 450px\" \/><\/a><\/figure><div class=\"elementor-image-box-content\"><h3 class=\"elementor-image-box-title\"><a href=\"https:\/\/alberguevallada.com\/enoturismo-y-oleoturismo\/\">Enoturismo Y Oleoturismo<\/a><\/h3><\/div><\/div>\t\t\t\t<\/div>\n\t\t\t\t<\/div>\n\t\t\t\t<\/div>\n\t\t\t\t\t<\/div>\n\t\t\t\t<\/div>\n\t\t\t\t<section class=\"elementor-section elementor-top-section elementor-element elementor-element-34931d7 elementor-section-boxed elementor-section-height-default elementor-section-height-default\" data-id=\"34931d7\" data-element_type=\"section\" data-e-type=\"section\">\n\t\t\t\t\t\t<div class=\"elementor-container elementor-column-gap-default\">\n\t\t\t\t\t<div class=\"elementor-column elementor-col-50 elementor-top-column elementor-element elementor-element-ef36792\" data-id=\"ef36792\" data-element_type=\"column\" data-e-type=\"column\">\n\t\t\t<div class=\"elementor-widget-wrap elementor-element-populated\">\n\t\t\t\t\t\t<div class=\"elementor-element elementor-element-aa3fd40 elementor-widget elementor-widget-heading\" data-id=\"aa3fd40\" data-element_type=\"widget\" data-e-type=\"widget\" data-widget_type=\"heading.default\">\n\t\t\t\t<div class=\"elementor-widget-container\">\n\t\t\t\t\t<h2 class=\"elementor-heading-title elementor-size-default\">Contacta con nosotros para reservar tu alojamiento<\/h2>\t\t\t\t<\/div>\n\t\t\t\t<\/div>\n\t\t\t\t<div class=\"elementor-element elementor-element-1deead3 elementor-widget-divider--view-line elementor-widget elementor-widget-divider\" data-id=\"1deead3\" data-element_type=\"widget\" data-e-type=\"widget\" data-widget_type=\"divider.default\">\n\t\t\t\t<div class=\"elementor-widget-container\">\n\t\t\t\t\t\t\t<div class=\"elementor-divider\">\n\t\t\t<span class=\"elementor-divider-separator\">\n\t\t\t\t\t\t<\/span>\n\t\t<\/div>\n\t\t\t\t\t\t<\/div>\n\t\t\t\t<\/div>\n\t\t\t\t<div class=\"elementor-element elementor-element-d1a5375 elementor-icon-list--layout-traditional elementor-list-item-link-full_width elementor-widget elementor-widget-icon-list\" data-id=\"d1a5375\" data-element_type=\"widget\" data-e-type=\"widget\" data-widget_type=\"icon-list.default\">\n\t\t\t\t<div class=\"elementor-widget-container\">\n\t\t\t\t\t\t\t<ul class=\"elementor-icon-list-items\">\n\t\t\t\t\t\t\t<li class=\"elementor-icon-list-item\">\n\t\t\t\t\t\t\t\t\t\t\t<a href=\"tel:+34601612912\">\n\n\t\t\t\t\t\t\t\t\t\t\t\t<span class=\"elementor-icon-list-icon\">\n\t\t\t\t\t\t\t<i aria-hidden=\"true\" class=\"fas fa-phone-alt\"><\/i>\t\t\t\t\t\t<\/span>\n\t\t\t\t\t\t\t\t\t\t<span class=\"elementor-icon-list-text\">+34 601 612 912<\/span>\n\t\t\t\t\t\t\t\t\t\t\t<\/a>\n\t\t\t\t\t\t\t\t\t<\/li>\n\t\t\t\t\t\t\t\t<li class=\"elementor-icon-list-item\">\n\t\t\t\t\t\t\t\t\t\t\t<a href=\"mailto:info@alberguevallada.com\">\n\n\t\t\t\t\t\t\t\t\t\t\t\t<span class=\"elementor-icon-list-icon\">\n\t\t\t\t\t\t\t<i aria-hidden=\"true\" class=\"fas fa-envelope\"><\/i>\t\t\t\t\t\t<\/span>\n\t\t\t\t\t\t\t\t\t\t<span class=\"elementor-icon-list-text\">info@alberguevallada.com<\/span>\n\t\t\t\t\t\t\t\t\t\t\t<\/a>\n\t\t\t\t\t\t\t\t\t<\/li>\n\t\t\t\t\t\t\t\t<li class=\"elementor-icon-list-item\">\n\t\t\t\t\t\t\t\t\t\t\t<a href=\"https:\/\/www.google.com\/maps?cid=7627273298858668232\">\n\n\t\t\t\t\t\t\t\t\t\t\t\t<span class=\"elementor-icon-list-icon\">\n\t\t\t\t\t\t\t<i aria-hidden=\"true\" class=\"fas fa-map-marker-alt\"><\/i>\t\t\t\t\t\t<\/span>\n\t\t\t\t\t\t\t\t\t\t<span class=\"elementor-icon-list-text\">Pol\u00edgono 11, parcela 77 46691 Vallada Valencia<\/span>\n\t\t\t\t\t\t\t\t\t\t\t<\/a>\n\t\t\t\t\t\t\t\t\t<\/li>\n\t\t\t\t\t\t<\/ul>\n\t\t\t\t\t\t<\/div>\n\t\t\t\t<\/div>\n\t\t\t\t<div class=\"elementor-element elementor-element-e6aa639 elementor-widget-divider--view-line elementor-widget elementor-widget-divider\" data-id=\"e6aa639\" data-element_type=\"widget\" data-e-type=\"widget\" data-widget_type=\"divider.default\">\n\t\t\t\t<div class=\"elementor-widget-container\">\n\t\t\t\t\t\t\t<div class=\"elementor-divider\">\n\t\t\t<span class=\"elementor-divider-separator\">\n\t\t\t\t\t\t<\/span>\n\t\t<\/div>\n\t\t\t\t\t\t<\/div>\n\t\t\t\t<\/div>\n\t\t\t\t\t<\/div>\n\t\t<\/div>\n\t\t\t\t<div class=\"elementor-column elementor-col-50 elementor-top-column elementor-element elementor-element-de343b6\" data-id=\"de343b6\" data-element_type=\"column\" data-e-type=\"column\" id=\"contacto\">\n\t\t\t<div class=\"elementor-widget-wrap elementor-element-populated\">\n\t\t\t\t\t\t<div class=\"elementor-element elementor-element-ceeb57c elementor-widget elementor-widget-shortcode\" data-id=\"ceeb57c\" data-element_type=\"widget\" data-e-type=\"widget\" data-widget_type=\"shortcode.default\">\n\t\t\t\t<div class=\"elementor-widget-container\">\n\t\t\t\t\t\t\t<div class=\"elementor-shortcode\">\n<div class=\"wpcf7 no-js\" id=\"wpcf7-f1214-o1\" lang=\"es-ES\" dir=\"ltr\" data-wpcf7-id=\"1214\">\n<div class=\"screen-reader-response\"><p role=\"status\" aria-live=\"polite\" aria-atomic=\"true\"><\/p> <ul><\/ul><\/div>\n<form action=\"\/val\/wp-json\/wp\/v2\/pages\/1493#wpcf7-f1214-o1\" method=\"post\" class=\"wpcf7-form init\" aria-label=\"Formulario de contacto\" novalidate=\"novalidate\" data-status=\"init\">\n<fieldset class=\"hidden-fields-container\"><input type=\"hidden\" name=\"_wpcf7\" value=\"1214\" \/><input type=\"hidden\" name=\"_wpcf7_version\" value=\"6.1.5\" \/><input type=\"hidden\" name=\"_wpcf7_locale\" value=\"es_ES\" \/><input type=\"hidden\" name=\"_wpcf7_unit_tag\" value=\"wpcf7-f1214-o1\" \/><input type=\"hidden\" name=\"_wpcf7_container_post\" value=\"0\" \/><input type=\"hidden\" name=\"_wpcf7_posted_data_hash\" value=\"\" \/><input type=\"hidden\" name=\"_wpcf7_recaptcha_response\" value=\"\" \/>\n<\/fieldset>\n<style>\n.custom-form-container {\n max-width: 600px;\n margin: auto;\n padding: 20px;\n background: #f8f8f8;\n border-radius: 10px;\n box-shadow: 0px 4px 10px rgba(0, 0, 0, 0.1);\n}\n\n.custom-form-container label {\n display: block;\n font-weight: bold;\n margin-bottom: 5px;\n color: #333;\n}\n\n.custom-input, .custom-textarea {\n width: 100%;\n padding: 10px;\n margin-bottom: 15px;\n border: 1px solid #ccc;\n border-radius: 5px;\n font-size: 16px;\n transition: 0.3s;\n}\n\n.custom-input:focus, .custom-textarea:focus {\n border-color: #0073e6;\n box-shadow: 0px 0px 5px rgba(0, 115, 230, 0.5);\n}\n\n.custom-textarea {\n height: 120px;\n resize: none;\n}\n\n.custom-submit-container {\n text-align: center;\n}\n\ninput[type=\"submit\"] {\n background: #0073e6;\n color: white;\n border: none;\n padding: 12px 20px;\n font-size: 16px;\n border-radius: 5px;\n cursor: pointer;\n transition: 0.3s;\n}\n\ninput[type=\"submit\"]:hover {\n background: #005bb5;\n}\n<\/style>\n<div class=\"custom-form-container\">\n\t<p><label for=\"your-name\">Tu nombre<\/label><br \/>\n<span class=\"wpcf7-form-control-wrap\" data-name=\"your-name\"><input size=\"40\" maxlength=\"400\" class=\"wpcf7-form-control wpcf7-text wpcf7-validates-as-required custom-input\" autocomplete=\"name\" aria-required=\"true\" aria-invalid=\"false\" placeholder=\"Introduce tu nombre\" value=\"\" type=\"text\" name=\"your-name\" \/><\/span>\n\t<\/p>\n\t<p><label for=\"your-email\">Tu correo electr\u00f3nico<\/label><br \/>\n<span class=\"wpcf7-form-control-wrap\" data-name=\"your-email\"><input size=\"40\" maxlength=\"400\" class=\"wpcf7-form-control wpcf7-email wpcf7-validates-as-required wpcf7-text wpcf7-validates-as-email custom-input\" autocomplete=\"email\" aria-required=\"true\" aria-invalid=\"false\" placeholder=\"Introduce tu correo electr\u00f3nico\" value=\"\" type=\"email\" name=\"your-email\" \/><\/span>\n\t<\/p>\n\t<p><label for=\"your-subject\">Asunto<\/label><br \/>\n<span class=\"wpcf7-form-control-wrap\" data-name=\"your-subject\"><input size=\"40\" maxlength=\"400\" class=\"wpcf7-form-control wpcf7-text wpcf7-validates-as-required custom-input\" aria-required=\"true\" aria-invalid=\"false\" placeholder=\"Escribe el asunto\" value=\"\" type=\"text\" name=\"your-subject\" \/><\/span>\n\t<\/p>\n\t<p><label for=\"your-message\">Tu mensaje (opcional)<\/label><br \/>\n<span class=\"wpcf7-form-control-wrap\" data-name=\"your-message\"><textarea cols=\"40\" rows=\"10\" maxlength=\"2000\" class=\"wpcf7-form-control wpcf7-textarea custom-textarea\" aria-invalid=\"false\" placeholder=\"Escribe tu mensaje aqu\u00ed\" name=\"your-message\"><\/textarea><\/span>\n\t<\/p>\n\t<div class=\"custom-submit-container\">\n\t\t<p><input class=\"wpcf7-form-control wpcf7-submit has-spinner\" type=\"submit\" value=\"Enviar\" \/>\n\t\t<\/p>\n\t<\/div>\n<\/div><div class=\"wpcf7-response-output\" aria-hidden=\"true\"><\/div>\n<\/form>\n<\/div>\n<\/div>\n\t\t\t\t\t\t<\/div>\n\t\t\t\t<\/div>\n\t\t\t\t\t<\/div>\n\t\t<\/div>\n\t\t\t\t\t<\/div>\n\t\t<\/section>\n\t\t<div class=\"elementor-element elementor-element-3e45114 e-flex e-con-boxed e-con e-parent\" data-id=\"3e45114\" data-element_type=\"container\" data-e-type=\"container\">\n\t\t\t\t\t<div class=\"e-con-inner\">\n\t\t\t\t<div class=\"elementor-element elementor-element-8e5f61a elementor-widget elementor-widget-heading\" data-id=\"8e5f61a\" data-element_type=\"widget\" data-e-type=\"widget\" data-widget_type=\"heading.default\">\n\t\t\t\t<div class=\"elementor-widget-container\">\n\t\t\t\t\t<h2 class=\"elementor-heading-title elementor-size-default\">Preguntas frecuentes sobre turismo cultural en Vallada<\/h2>\t\t\t\t<\/div>\n\t\t\t\t<\/div>\n\t\t\t\t<div class=\"elementor-element elementor-element-72f7243 elementor-widget elementor-widget-n-accordion\" data-id=\"72f7243\" data-element_type=\"widget\" data-e-type=\"widget\" data-settings=\"{&quot;default_state&quot;:&quot;expanded&quot;,&quot;max_items_expended&quot;:&quot;one&quot;,&quot;n_accordion_animation_duration&quot;:{&quot;unit&quot;:&quot;ms&quot;,&quot;size&quot;:400,&quot;sizes&quot;:[]}}\" data-widget_type=\"nested-accordion.default\">\n\t\t\t\t<div class=\"elementor-widget-container\">\n\t\t\t\t\t\t\t<div class=\"e-n-accordion\" aria-label=\"Accordion. Open links with Enter or Space, close with Escape, and navigate with Arrow Keys\">\n\t\t\t\t\t\t<details id=\"e-n-accordion-item-1200\" class=\"e-n-accordion-item\" open>\n\t\t\t\t<summary class=\"e-n-accordion-item-title\" data-accordion-index=\"1\" tabindex=\"0\" aria-expanded=\"true\" aria-controls=\"e-n-accordion-item-1200\" >\n\t\t\t\t\t<span class='e-n-accordion-item-title-header'><h3 class=\"e-n-accordion-item-title-text\"> \u00bfQu\u00e9 monumentos hist\u00f3ricos puedo visitar en Vallada? <\/h3><\/span>\n\t\t\t\t\t\t\t<span class='e-n-accordion-item-title-icon'>\n\t\t\t<span class='e-opened' ><i aria-hidden=\"true\" class=\"fas fa-minus\"><\/i><\/span>\n\t\t\t<span class='e-closed'><i aria-hidden=\"true\" class=\"fas fa-plus\"><\/i><\/span>\n\t\t<\/span>\n\n\t\t\t\t\t\t<\/summary>\n\t\t\t\t<div role=\"region\" aria-labelledby=\"e-n-accordion-item-1200\" class=\"elementor-element elementor-element-0296648 e-con-full e-flex e-con e-child\" data-id=\"0296648\" data-element_type=\"container\" data-e-type=\"container\">\n\t\t\t\t<div class=\"elementor-element elementor-element-be8d04a elementor-widget elementor-widget-text-editor\" data-id=\"be8d04a\" data-element_type=\"widget\" data-e-type=\"widget\" data-widget_type=\"text-editor.default\">\n\t\t\t\t<div class=\"elementor-widget-container\">\n\t\t\t\t\t\t\t\t\t<p data-start=\"133\" data-end=\"236\">Vallada es un destino con un rico patrimonio hist\u00f3rico. Algunos de los monumentos m\u00e1s destacados son:<\/p><ul data-start=\"237\" data-end=\"696\"><li data-start=\"237\" data-end=\"412\"><strong data-start=\"239\" data-end=\"265\">El Castillo de Vallada<\/strong>: Una fortaleza medieval situada en lo alto de un cerro, con vistas panor\u00e1micas y un recorrido que te llevar\u00e1 a trav\u00e9s de su fascinante historia.<\/li><li data-start=\"413\" data-end=\"589\"><strong data-start=\"415\" data-end=\"456\">El Palacio de los Condes de Cervell\u00f3n<\/strong>: Conocido como la \u00abpeque\u00f1a Alhambra valenciana\u00bb, este edificio destaca por su arquitectura renacentista y su influencia musulmana.<\/li><li data-start=\"590\" data-end=\"696\"><strong data-start=\"592\" data-end=\"623\">La Colegiata de Santa Mar\u00eda<\/strong>: Un templo renacentista que combina arquitectura religiosa y cultural.<\/li><\/ul>\t\t\t\t\t\t\t\t<\/div>\n\t\t\t\t<\/div>\n\t\t\t\t<\/div>\n\t\t\t\t\t<\/details>\n\t\t\t\t\t\t<details id=\"e-n-accordion-item-1201\" class=\"e-n-accordion-item\" >\n\t\t\t\t<summary class=\"e-n-accordion-item-title\" data-accordion-index=\"2\" tabindex=\"-1\" aria-expanded=\"false\" aria-controls=\"e-n-accordion-item-1201\" >\n\t\t\t\t\t<span class='e-n-accordion-item-title-header'><h3 class=\"e-n-accordion-item-title-text\"> \u00bfQu\u00e9 tradiciones culturales puedo experimentar en Vallada? <\/h3><\/span>\n\t\t\t\t\t\t\t<span class='e-n-accordion-item-title-icon'>\n\t\t\t<span class='e-opened' ><i aria-hidden=\"true\" class=\"fas fa-minus\"><\/i><\/span>\n\t\t\t<span class='e-closed'><i aria-hidden=\"true\" class=\"fas fa-plus\"><\/i><\/span>\n\t\t<\/span>\n\n\t\t\t\t\t\t<\/summary>\n\t\t\t\t<div role=\"region\" aria-labelledby=\"e-n-accordion-item-1201\" class=\"elementor-element elementor-element-741e360 e-con-full e-flex e-con e-child\" data-id=\"741e360\" data-element_type=\"container\" data-e-type=\"container\">\n\t\t\t\t<div class=\"elementor-element elementor-element-c0af473 elementor-widget elementor-widget-text-editor\" data-id=\"c0af473\" data-element_type=\"widget\" data-e-type=\"widget\" data-widget_type=\"text-editor.default\">\n\t\t\t\t<div class=\"elementor-widget-container\">\n\t\t\t\t\t\t\t\t\t<p data-start=\"771\" data-end=\"850\">Vallada tiene una rica tradici\u00f3n cultural, y algunos eventos imperdibles son:<\/p><ul data-start=\"851\" data-end=\"1258\"><li data-start=\"851\" data-end=\"981\"><strong data-start=\"853\" data-end=\"870\">La Muixeranga<\/strong>: Una tradici\u00f3n valenciana donde se realizan torres humanas, representando la unidad y el esfuerzo colectivo.<\/li><li data-start=\"982\" data-end=\"1113\"><strong data-start=\"984\" data-end=\"1015\">El Festival de la Primavera<\/strong>: Celebraci\u00f3n que incluye m\u00fasica, danzas tradicionales y desfiles que muestran la cultura local.<\/li><li data-start=\"1114\" data-end=\"1258\"><strong data-start=\"1116\" data-end=\"1146\">La Semana Santa de Vallada<\/strong>: Con procesiones religiosas llenas de historia, es una oportunidad para vivir la espiritualidad de la regi\u00f3n.<\/li><\/ul>\t\t\t\t\t\t\t\t<\/div>\n\t\t\t\t<\/div>\n\t\t\t\t<\/div>\n\t\t\t\t\t<\/details>\n\t\t\t\t\t\t<details id=\"e-n-accordion-item-1202\" class=\"e-n-accordion-item\" >\n\t\t\t\t<summary class=\"e-n-accordion-item-title\" data-accordion-index=\"3\" tabindex=\"-1\" aria-expanded=\"false\" aria-controls=\"e-n-accordion-item-1202\" >\n\t\t\t\t\t<span class='e-n-accordion-item-title-header'><h3 class=\"e-n-accordion-item-title-text\"> \u00bfCu\u00e1les son los museos m\u00e1s importantes de Vallada? <\/h3><\/span>\n\t\t\t\t\t\t\t<span class='e-n-accordion-item-title-icon'>\n\t\t\t<span class='e-opened' ><i aria-hidden=\"true\" class=\"fas fa-minus\"><\/i><\/span>\n\t\t\t<span class='e-closed'><i aria-hidden=\"true\" class=\"fas fa-plus\"><\/i><\/span>\n\t\t<\/span>\n\n\t\t\t\t\t\t<\/summary>\n\t\t\t\t<div role=\"region\" aria-labelledby=\"e-n-accordion-item-1202\" class=\"elementor-element elementor-element-90cd3bc e-con-full e-flex e-con e-child\" data-id=\"90cd3bc\" data-element_type=\"container\" data-e-type=\"container\">\n\t\t\t\t<div class=\"elementor-element elementor-element-3fb2579 elementor-widget elementor-widget-text-editor\" data-id=\"3fb2579\" data-element_type=\"widget\" data-e-type=\"widget\" data-widget_type=\"text-editor.default\">\n\t\t\t\t<div class=\"elementor-widget-container\">\n\t\t\t\t\t\t\t\t\t<p data-start=\"1325\" data-end=\"1407\">Vallada cuenta con museos que te permitir\u00e1n conocer mejor su historia y cultura:<\/p><ul data-start=\"1408\" data-end=\"1774\"><li data-start=\"1408\" data-end=\"1598\"><strong data-start=\"1410\" data-end=\"1440\">Museo de la Historia Local<\/strong>: Este museo alberga colecciones arqueol\u00f3gicas y documentos hist\u00f3ricos que detallan el pasado de Vallada, desde tiempos prehist\u00f3ricos hasta la Edad Moderna.<\/li><li data-start=\"1599\" data-end=\"1774\"><strong data-start=\"1601\" data-end=\"1625\">Museo de la Cer\u00e1mica<\/strong>: Un espacio que muestra la tradici\u00f3n alfarera de la regi\u00f3n, con exposiciones sobre el arte de la cer\u00e1mica y su evoluci\u00f3n a lo largo de los siglos.<\/li><\/ul>\t\t\t\t\t\t\t\t<\/div>\n\t\t\t\t<\/div>\n\t\t\t\t<\/div>\n\t\t\t\t\t<\/details>\n\t\t\t\t\t\t<details id=\"e-n-accordion-item-1203\" class=\"e-n-accordion-item\" >\n\t\t\t\t<summary class=\"e-n-accordion-item-title\" data-accordion-index=\"4\" tabindex=\"-1\" aria-expanded=\"false\" aria-controls=\"e-n-accordion-item-1203\" >\n\t\t\t\t\t<span class='e-n-accordion-item-title-header'><h3 class=\"e-n-accordion-item-title-text\"> \u00bfD\u00f3nde puedo disfrutar de la gastronom\u00eda local de Vallada? <\/h3><\/span>\n\t\t\t\t\t\t\t<span class='e-n-accordion-item-title-icon'>\n\t\t\t<span class='e-opened' ><i aria-hidden=\"true\" class=\"fas fa-minus\"><\/i><\/span>\n\t\t\t<span class='e-closed'><i aria-hidden=\"true\" class=\"fas fa-plus\"><\/i><\/span>\n\t\t<\/span>\n\n\t\t\t\t\t\t<\/summary>\n\t\t\t\t<div role=\"region\" aria-labelledby=\"e-n-accordion-item-1203\" class=\"elementor-element elementor-element-944bf65 e-con-full e-flex e-con e-child\" data-id=\"944bf65\" data-element_type=\"container\" data-e-type=\"container\">\n\t\t\t\t<div class=\"elementor-element elementor-element-e75dba6 elementor-widget elementor-widget-text-editor\" data-id=\"e75dba6\" data-element_type=\"widget\" data-e-type=\"widget\" data-widget_type=\"text-editor.default\">\n\t\t\t\t<div class=\"elementor-widget-container\">\n\t\t\t\t\t\t\t\t\t<p data-start=\"1224\" data-end=\"1278\">La gastronom\u00eda de Vallada es una parte fundamental de su identidad cultural. Puedes disfrutar de platos t\u00edpicos como el <strong data-start=\"1969\" data-end=\"1987\">arroz al horno<\/strong> o <strong data-start=\"1990\" data-end=\"1999\">tapas<\/strong> en restaurantes como el <a href=\"https:\/\/alberguevallada.com\/restaurante\/\"><strong data-start=\"2024\" data-end=\"2052\">Restaurante Serra Grossa<\/strong><\/a>, donde se destacan los productos locales y las recetas tradicionales. Tambi\u00e9n puedes probar los embutidos artesanales y la <strong data-start=\"2176\" data-end=\"2186\">paella<\/strong> valenciana en restaurantes del centro.<\/p>\t\t\t\t\t\t\t\t<\/div>\n\t\t\t\t<\/div>\n\t\t\t\t<\/div>\n\t\t\t\t\t<\/details>\n\t\t\t\t\t\t<details id=\"e-n-accordion-item-1204\" class=\"e-n-accordion-item\" >\n\t\t\t\t<summary class=\"e-n-accordion-item-title\" data-accordion-index=\"5\" tabindex=\"-1\" aria-expanded=\"false\" aria-controls=\"e-n-accordion-item-1204\" >\n\t\t\t\t\t<span class='e-n-accordion-item-title-header'><h3 class=\"e-n-accordion-item-title-text\"> \u00bfQu\u00e9 actividades culturales se realizan en Vallada durante el a\u00f1o? <\/h3><\/span>\n\t\t\t\t\t\t\t<span class='e-n-accordion-item-title-icon'>\n\t\t\t<span class='e-opened' ><i aria-hidden=\"true\" class=\"fas fa-minus\"><\/i><\/span>\n\t\t\t<span class='e-closed'><i aria-hidden=\"true\" class=\"fas fa-plus\"><\/i><\/span>\n\t\t<\/span>\n\n\t\t\t\t\t\t<\/summary>\n\t\t\t\t<div role=\"region\" aria-labelledby=\"e-n-accordion-item-1204\" class=\"elementor-element elementor-element-1fc22bd e-con-full e-flex e-con e-child\" data-id=\"1fc22bd\" data-element_type=\"container\" data-e-type=\"container\">\n\t\t\t\t<div class=\"elementor-element elementor-element-04a314c elementor-widget elementor-widget-text-editor\" data-id=\"04a314c\" data-element_type=\"widget\" data-e-type=\"widget\" data-widget_type=\"text-editor.default\">\n\t\t\t\t<div class=\"elementor-widget-container\">\n\t\t\t\t\t\t\t\t\t<p data-start=\"2310\" data-end=\"2406\">En Vallada, puedes disfrutar de varias actividades culturales durante todo el a\u00f1o, tales como:<\/p><ul data-start=\"2407\" data-end=\"2747\"><li data-start=\"2407\" data-end=\"2514\"><strong data-start=\"2409\" data-end=\"2433\">Exposiciones de arte<\/strong> en galer\u00edas locales que muestran tanto a artistas consagrados como emergentes.<\/li><li data-start=\"2515\" data-end=\"2592\"><strong data-start=\"2517\" data-end=\"2553\">Conciertos de m\u00fasica tradicional<\/strong> en plazas y auditorios de la ciudad.<\/li><li data-start=\"2593\" data-end=\"2747\"><strong data-start=\"2595\" data-end=\"2623\">Rutas guiadas hist\u00f3ricas<\/strong>, donde se recorren los monumentos m\u00e1s importantes de la ciudad con explicaciones sobre su historia y relevancia cultural.<\/li><\/ul>\t\t\t\t\t\t\t\t<\/div>\n\t\t\t\t<\/div>\n\t\t\t\t<\/div>\n\t\t\t\t\t<\/details>\n\t\t\t\t\t\t<details id=\"e-n-accordion-item-1205\" class=\"e-n-accordion-item\" >\n\t\t\t\t<summary class=\"e-n-accordion-item-title\" data-accordion-index=\"6\" tabindex=\"-1\" aria-expanded=\"false\" aria-controls=\"e-n-accordion-item-1205\" >\n\t\t\t\t\t<span class='e-n-accordion-item-title-header'><h3 class=\"e-n-accordion-item-title-text\"> \u00bfEs posible hacer un recorrido cultural guiado por Vallada? <\/h3><\/span>\n\t\t\t\t\t\t\t<span class='e-n-accordion-item-title-icon'>\n\t\t\t<span class='e-opened' ><i aria-hidden=\"true\" class=\"fas fa-minus\"><\/i><\/span>\n\t\t\t<span class='e-closed'><i aria-hidden=\"true\" class=\"fas fa-plus\"><\/i><\/span>\n\t\t<\/span>\n\n\t\t\t\t\t\t<\/summary>\n\t\t\t\t<div role=\"region\" aria-labelledby=\"e-n-accordion-item-1205\" class=\"elementor-element elementor-element-c7dbe59 e-con-full e-flex e-con e-child\" data-id=\"c7dbe59\" data-element_type=\"container\" data-e-type=\"container\">\n\t\t\t\t<div class=\"elementor-element elementor-element-8155396 elementor-widget elementor-widget-text-editor\" data-id=\"8155396\" data-element_type=\"widget\" data-e-type=\"widget\" data-widget_type=\"text-editor.default\">\n\t\t\t\t<div class=\"elementor-widget-container\">\n\t\t\t\t\t\t\t\t\t<p data-start=\"1917\" data-end=\"2174\">S\u00ed, Vallada ofrece <strong data-start=\"2842\" data-end=\"2859\">rutas guiadas<\/strong> para quienes deseen conocer en profundidad su historia, arquitectura y tradiciones. Estos recorridos incluyen visitas al <strong data-start=\"2981\" data-end=\"3004\">Castillo de Vallada<\/strong>, el <strong data-start=\"3009\" data-end=\"3047\">Palacio de los Condes de Cervell\u00f3n<\/strong> y otros puntos emblem\u00e1ticos, donde los gu\u00edas proporcionan informaci\u00f3n detallada sobre el patrimonio cultural de la regi\u00f3n.<\/p>\t\t\t\t\t\t\t\t<\/div>\n\t\t\t\t<\/div>\n\t\t\t\t<\/div>\n\t\t\t\t\t<\/details>\n\t\t\t\t\t<\/div>\n\t\t\t\t\t\t<\/div>\n\t\t\t\t<\/div>\n\t\t\t\t\t<\/div>\n\t\t\t\t<\/div>\n\t\t<div class=\"elementor-element elementor-element-deaf957 e-con-full e-flex e-con e-parent\" data-id=\"deaf957\" data-element_type=\"container\" data-e-type=\"container\" data-settings=\"{&quot;background_background&quot;:&quot;classic&quot;}\">\n\t\t<div class=\"elementor-element elementor-element-feee163 e-con-full e-flex e-con e-child\" data-id=\"feee163\" data-element_type=\"container\" data-e-type=\"container\">\n\t\t\t\t<div class=\"elementor-element elementor-element-bb07aaf elementor-widget elementor-widget-html\" data-id=\"bb07aaf\" data-element_type=\"widget\" data-e-type=\"widget\" data-widget_type=\"html.default\">\n\t\t\t\t<div class=\"elementor-widget-container\">\n\t\t\t\t\t<iframe src=\"https:\/\/www.google.com\/maps\/embed?pb=!1m18!1m12!1m3!1d6210.392565536596!2d-0.6967103533105053!3d38.89662653695602!2m3!1f0!2f0!3f0!3m2!1i1024!2i768!4f13.1!3m3!1m2!1s0xd61715c00a5efdf%3A0x90162a9947cc5ed0!2s46691%20Vallada%2C%20Valencia!5e0!3m2!1ses!2ses!4v1741783431252!5m2!1ses!2ses\" width=\"600\" height=\"450\" style=\"border:0;\" allowfullscreen=\"\" loading=\"lazy\" referrerpolicy=\"no-referrer-when-downgrade\"><\/iframe>\t\t\t\t<\/div>\n\t\t\t\t<\/div>\n\t\t\t\t<\/div>\n\t\t\t\t<\/div>\n\t\t\t\t<\/div>\n\t\t","protected":false},"excerpt":{"rendered":"<p>Actividades culturales en Vallada Vallada no solo es un para\u00edso para los amantes del turismo activo, sino que tambi\u00e9n ofrece una rica oferta cultural para quienes desean explorar su historia, patrimonio y tradiciones. Desde monumentos hist\u00f3ricos hasta festivales que celebran las costumbres locales, este municipio es ideal para aquellos que buscan una inmersi\u00f3n cultural \u00fanica. [&hellip;]<\/p>\n","protected":false},"author":2,"featured_media":0,"parent":0,"menu_order":0,"comment_status":"closed","ping_status":"closed","template":"","meta":{"footnotes":""},"class_list":["post-1493","page","type-page","status-publish","hentry"],"yoast_head":"<!-- This site is optimized with the Yoast SEO plugin v25.1 - https:\/\/yoast.com\/wordpress\/plugins\/seo\/ -->\n<title>Actividades culturales en Vallada | Albergue Las Ermitas<\/title>\n<meta name=\"description\" content=\"Disfruta de actividades culturales en Vallada y al\u00f3jate en Las Ermitas de Vallada. Explora su historia, patrimonio y tradiciones.\" \/>\n<meta name=\"robots\" content=\"index, follow, max-snippet:-1, max-image-preview:large, max-video-preview:-1\" \/>\n<link rel=\"canonical\" href=\"https:\/\/alberguevallada.com\/val\/activitats-culturals\/\" \/>\n<meta property=\"og:locale\" content=\"ca_ES\" \/>\n<meta property=\"og:type\" content=\"article\" \/>\n<meta property=\"og:title\" content=\"Actividades culturales en Vallada | Albergue Las Ermitas\" \/>\n<meta property=\"og:description\" content=\"Disfruta de actividades culturales en Vallada y al\u00f3jate en Las Ermitas de Vallada. Explora su historia, patrimonio y tradiciones.\" \/>\n<meta property=\"og:url\" content=\"https:\/\/alberguevallada.com\/val\/activitats-culturals\/\" \/>\n<meta property=\"og:site_name\" content=\"Albergue Las Ermitas de Vallada\" \/>\n<meta property=\"article:modified_time\" content=\"2025-06-05T09:03:16+00:00\" \/>\n<meta property=\"og:image\" content=\"https:\/\/alberguevallada.com\/wp-content\/uploads\/2025\/06\/palacio-de-los-condes-de-cervellon.jpg\" \/>\n\t<meta property=\"og:image:width\" content=\"450\" \/>\n\t<meta property=\"og:image:height\" content=\"450\" \/>\n\t<meta property=\"og:image:type\" content=\"image\/jpeg\" \/>\n<meta name=\"twitter:card\" content=\"summary_large_image\" \/>\n<meta name=\"twitter:label1\" content=\"Temps estimat de lectura\" \/>\n\t<meta name=\"twitter:data1\" content=\"8 minuts\" \/>\n<script type=\"application\/ld+json\" class=\"yoast-schema-graph\">{\"@context\":\"https:\/\/schema.org\",\"@graph\":[{\"@type\":\"WebPage\",\"@id\":\"https:\/\/alberguevallada.com\/actividades-culturales\/\",\"url\":\"https:\/\/alberguevallada.com\/actividades-culturales\/\",\"name\":\"Actividades culturales en Vallada | Albergue Las Ermitas\",\"isPartOf\":{\"@id\":\"https:\/\/alberguevallada.com\/#website\"},\"primaryImageOfPage\":{\"@id\":\"https:\/\/alberguevallada.com\/actividades-culturales\/#primaryimage\"},\"image\":{\"@id\":\"https:\/\/alberguevallada.com\/actividades-culturales\/#primaryimage\"},\"thumbnailUrl\":\"https:\/\/alberguevallada.com\/wp-content\/uploads\/2025\/06\/palacio-de-los-condes-de-cervellon.jpg\",\"datePublished\":\"2025-03-12T13:25:32+00:00\",\"dateModified\":\"2025-06-05T09:03:16+00:00\",\"description\":\"Disfruta de actividades culturales en Vallada y al\u00f3jate en Las Ermitas de Vallada. Explora su historia, patrimonio y tradiciones.\",\"breadcrumb\":{\"@id\":\"https:\/\/alberguevallada.com\/actividades-culturales\/#breadcrumb\"},\"inLanguage\":\"ca\",\"potentialAction\":[{\"@type\":\"ReadAction\",\"target\":[\"https:\/\/alberguevallada.com\/actividades-culturales\/\"]}]},{\"@type\":\"ImageObject\",\"inLanguage\":\"ca\",\"@id\":\"https:\/\/alberguevallada.com\/actividades-culturales\/#primaryimage\",\"url\":\"https:\/\/alberguevallada.com\/wp-content\/uploads\/2025\/06\/palacio-de-los-condes-de-cervellon.jpg\",\"contentUrl\":\"https:\/\/alberguevallada.com\/wp-content\/uploads\/2025\/06\/palacio-de-los-condes-de-cervellon.jpg\"},{\"@type\":\"BreadcrumbList\",\"@id\":\"https:\/\/alberguevallada.com\/actividades-culturales\/#breadcrumb\",\"itemListElement\":[{\"@type\":\"ListItem\",\"position\":1,\"name\":\"Portada\",\"item\":\"https:\/\/alberguevallada.com\/\"},{\"@type\":\"ListItem\",\"position\":2,\"name\":\"Actividades culturales\"}]},{\"@type\":\"WebSite\",\"@id\":\"https:\/\/alberguevallada.com\/#website\",\"url\":\"https:\/\/alberguevallada.com\/\",\"name\":\"Albergue Las Ermitas de Vallada\",\"description\":\"Naturaleza, deporte y buena comida\",\"publisher\":{\"@id\":\"https:\/\/alberguevallada.com\/#organization\"},\"potentialAction\":[{\"@type\":\"SearchAction\",\"target\":{\"@type\":\"EntryPoint\",\"urlTemplate\":\"https:\/\/alberguevallada.com\/?s={search_term_string}\"},\"query-input\":{\"@type\":\"PropertyValueSpecification\",\"valueRequired\":true,\"valueName\":\"search_term_string\"}}],\"inLanguage\":\"ca\"},{\"@type\":\"Organization\",\"@id\":\"https:\/\/alberguevallada.com\/#organization\",\"name\":\"Albergue Las Ermitas de Vallada\",\"url\":\"https:\/\/alberguevallada.com\/\",\"logo\":{\"@type\":\"ImageObject\",\"inLanguage\":\"ca\",\"@id\":\"https:\/\/alberguevallada.com\/#\/schema\/logo\/image\/\",\"url\":\"https:\/\/alberguevallada.com\/wp-content\/uploads\/2023\/02\/fav.png\",\"contentUrl\":\"https:\/\/alberguevallada.com\/wp-content\/uploads\/2023\/02\/fav.png\",\"width\":512,\"height\":512,\"caption\":\"Albergue Las Ermitas de Vallada\"},\"image\":{\"@id\":\"https:\/\/alberguevallada.com\/#\/schema\/logo\/image\/\"}}]}<\/script>\n<!-- \/ Yoast SEO plugin. -->","yoast_head_json":{"title":"Activitats culturals a Vallada | Alberg Las Ermitas","description":"Gaudeix d&#039;activitats culturals a Vallada i allotja&#039;t a Las Ermitas de Vallada. Explora la seva hist\u00f2ria, el seu patrimoni i les seves tradicions.","robots":{"index":"index","follow":"follow","max-snippet":"max-snippet:-1","max-image-preview":"max-image-preview:large","max-video-preview":"max-video-preview:-1"},"canonical":"https:\/\/alberguevallada.com\/val\/activitats-culturals\/","og_locale":"ca_ES","og_type":"article","og_title":"Actividades culturales en Vallada | Albergue Las Ermitas","og_description":"Disfruta de actividades culturales en Vallada y al\u00f3jate en Las Ermitas de Vallada. Explora su historia, patrimonio y tradiciones.","og_url":"https:\/\/alberguevallada.com\/val\/activitats-culturals\/","og_site_name":"Albergue Las Ermitas de Vallada","article_modified_time":"2025-06-05T09:03:16+00:00","og_image":[{"width":450,"height":450,"url":"https:\/\/alberguevallada.com\/wp-content\/uploads\/2025\/06\/palacio-de-los-condes-de-cervellon.jpg","type":"image\/jpeg"}],"twitter_card":"summary_large_image","twitter_misc":{"Temps estimat de lectura":"8 minuts"},"schema":{"@context":"https:\/\/schema.org","@graph":[{"@type":"WebPage","@id":"https:\/\/alberguevallada.com\/actividades-culturales\/","url":"https:\/\/alberguevallada.com\/actividades-culturales\/","name":"Activitats culturals a Vallada | Alberg Las Ermitas","isPartOf":{"@id":"https:\/\/alberguevallada.com\/#website"},"primaryImageOfPage":{"@id":"https:\/\/alberguevallada.com\/actividades-culturales\/#primaryimage"},"image":{"@id":"https:\/\/alberguevallada.com\/actividades-culturales\/#primaryimage"},"thumbnailUrl":"https:\/\/alberguevallada.com\/wp-content\/uploads\/2025\/06\/palacio-de-los-condes-de-cervellon.jpg","datePublished":"2025-03-12T13:25:32+00:00","dateModified":"2025-06-05T09:03:16+00:00","description":"Gaudeix d&#039;activitats culturals a Vallada i allotja&#039;t a Las Ermitas de Vallada. Explora la seva hist\u00f2ria, el seu patrimoni i les seves tradicions.","breadcrumb":{"@id":"https:\/\/alberguevallada.com\/actividades-culturales\/#breadcrumb"},"inLanguage":"ca","potentialAction":[{"@type":"ReadAction","target":["https:\/\/alberguevallada.com\/actividades-culturales\/"]}]},{"@type":"ImageObject","inLanguage":"ca","@id":"https:\/\/alberguevallada.com\/actividades-culturales\/#primaryimage","url":"https:\/\/alberguevallada.com\/wp-content\/uploads\/2025\/06\/palacio-de-los-condes-de-cervellon.jpg","contentUrl":"https:\/\/alberguevallada.com\/wp-content\/uploads\/2025\/06\/palacio-de-los-condes-de-cervellon.jpg"},{"@type":"BreadcrumbList","@id":"https:\/\/alberguevallada.com\/actividades-culturales\/#breadcrumb","itemListElement":[{"@type":"ListItem","position":1,"name":"Portada","item":"https:\/\/alberguevallada.com\/"},{"@type":"ListItem","position":2,"name":"Actividades culturales"}]},{"@type":"WebSite","@id":"https:\/\/alberguevallada.com\/#website","url":"https:\/\/alberguevallada.com\/","name":"Alberg Les Ermites de Vallada","description":"Natura, esport i bon menjar","publisher":{"@id":"https:\/\/alberguevallada.com\/#organization"},"potentialAction":[{"@type":"SearchAction","target":{"@type":"EntryPoint","urlTemplate":"https:\/\/alberguevallada.com\/?s={search_term_string}"},"query-input":{"@type":"PropertyValueSpecification","valueRequired":true,"valueName":"search_term_string"}}],"inLanguage":"ca"},{"@type":"Organization","@id":"https:\/\/alberguevallada.com\/#organization","name":"Alberg Les Ermites de Vallada","url":"https:\/\/alberguevallada.com\/","logo":{"@type":"ImageObject","inLanguage":"ca","@id":"https:\/\/alberguevallada.com\/#\/schema\/logo\/image\/","url":"https:\/\/alberguevallada.com\/wp-content\/uploads\/2023\/02\/fav.png","contentUrl":"https:\/\/alberguevallada.com\/wp-content\/uploads\/2023\/02\/fav.png","width":512,"height":512,"caption":"Albergue Las Ermitas de Vallada"},"image":{"@id":"https:\/\/alberguevallada.com\/#\/schema\/logo\/image\/"}}]}},"_links":{"self":[{"href":"https:\/\/alberguevallada.com\/val\/wp-json\/wp\/v2\/pages\/1493","targetHints":{"allow":["GET"]}}],"collection":[{"href":"https:\/\/alberguevallada.com\/val\/wp-json\/wp\/v2\/pages"}],"about":[{"href":"https:\/\/alberguevallada.com\/val\/wp-json\/wp\/v2\/types\/page"}],"author":[{"embeddable":true,"href":"https:\/\/alberguevallada.com\/val\/wp-json\/wp\/v2\/users\/2"}],"replies":[{"embeddable":true,"href":"https:\/\/alberguevallada.com\/val\/wp-json\/wp\/v2\/comments?post=1493"}],"version-history":[{"count":10,"href":"https:\/\/alberguevallada.com\/val\/wp-json\/wp\/v2\/pages\/1493\/revisions"}],"predecessor-version":[{"id":1807,"href":"https:\/\/alberguevallada.com\/val\/wp-json\/wp\/v2\/pages\/1493\/revisions\/1807"}],"wp:attachment":[{"href":"https:\/\/alberguevallada.com\/val\/wp-json\/wp\/v2\/media?parent=1493"}],"curies":[{"name":"wp","href":"https:\/\/api.w.org\/{rel}","templated":true}]}}