{"id":1483,"date":"2025-03-12T13:11:17","date_gmt":"2025-03-12T13:11:17","guid":{"rendered":"https:\/\/alberguevallada.com\/?page_id=1483"},"modified":"2025-06-05T08:59:10","modified_gmt":"2025-06-05T08:59:10","slug":"turisme-actiu","status":"publish","type":"page","link":"https:\/\/alberguevallada.com\/val\/turisme-actiu\/","title":{"rendered":"Turisme actiu"},"content":{"rendered":"\t\t<div data-elementor-type=\"wp-page\" data-elementor-id=\"1483\" class=\"elementor elementor-1483\" data-elementor-post-type=\"page\">\n\t\t\t\t\t\t<section class=\"elementor-section elementor-top-section elementor-element elementor-element-04546dc elementor-section-full_width elementor-section-height-min-height elementor-section-height-default elementor-section-items-middle\" data-id=\"04546dc\" data-element_type=\"section\" data-e-type=\"section\" data-settings=\"{&quot;background_background&quot;:&quot;classic&quot;}\">\n\t\t\t\t\t\t<div class=\"elementor-container elementor-column-gap-default\">\n\t\t\t\t\t<div class=\"elementor-column elementor-col-100 elementor-top-column elementor-element elementor-element-4cb0c64\" data-id=\"4cb0c64\" data-element_type=\"column\" data-e-type=\"column\">\n\t\t\t<div class=\"elementor-widget-wrap elementor-element-populated\">\n\t\t\t\t\t\t<div class=\"elementor-element elementor-element-5e2ec24 elementor-widget elementor-widget-heading\" data-id=\"5e2ec24\" data-element_type=\"widget\" data-e-type=\"widget\" data-widget_type=\"heading.default\">\n\t\t\t\t<div class=\"elementor-widget-container\">\n\t\t\t\t\t<h1 class=\"elementor-heading-title elementor-size-default\">Turismo activo en Vallada<\/h1>\t\t\t\t<\/div>\n\t\t\t\t<\/div>\n\t\t\t\t\t<\/div>\n\t\t<\/div>\n\t\t\t\t\t<\/div>\n\t\t<\/section>\n\t\t<div class=\"elementor-element elementor-element-3c786a6 e-flex e-con-boxed e-con e-parent\" data-id=\"3c786a6\" data-element_type=\"container\" data-e-type=\"container\">\n\t\t\t\t\t<div class=\"e-con-inner\">\n\t\t<div class=\"elementor-element elementor-element-6aa5b2d e-con-full e-flex e-con e-child\" data-id=\"6aa5b2d\" data-element_type=\"container\" data-e-type=\"container\">\n\t\t\t\t<div class=\"elementor-element elementor-element-cad15a8 elementor-widget elementor-widget-text-editor\" data-id=\"cad15a8\" data-element_type=\"widget\" data-e-type=\"widget\" data-widget_type=\"text-editor.default\">\n\t\t\t\t<div class=\"elementor-widget-container\">\n\t\t\t\t\t\t\t\t\t<p data-start=\"79\" data-end=\"559\">Vallada es un para\u00edso para los amantes del <strong data-start=\"122\" data-end=\"140\">turismo activo<\/strong>, con un entorno natural que ofrece m\u00faltiples posibilidades para la aventura y el deporte al aire libre. Desde senderos en plena monta\u00f1a hasta emocionantes rutas en bicicleta y actividades multiaventura, esta zona es ideal para quienes buscan experiencias din\u00e1micas en la naturaleza. Tanto si prefieres un recorrido relajado como si te apasionan los desaf\u00edos deportivos, Vallada tiene opciones para todos los niveles.<\/p><h2 data-start=\"561\" data-end=\"623\"><strong data-start=\"565\" data-end=\"621\">Las mejores actividades de turismo activo en Vallada<\/strong><\/h2><p data-start=\"625\" data-end=\"804\">\ud83d\udeb5\u200d\u2642\ufe0f <strong data-start=\"631\" data-end=\"672\">Ruta en bicicleta por la Serra Grossa<\/strong>: Un recorrido espectacular para los amantes del MTB, con caminos que atraviesan montes y valles ofreciendo vistas impresionantes.<\/p><p data-start=\"806\" data-end=\"990\">\ud83e\udd7e <strong data-start=\"809\" data-end=\"847\">Senderismo por la Cova dels Coloms<\/strong>: Un sendero que lleva a una incre\u00edble cueva natural, con un paisaje \u00fanico y paradas perfectas para disfrutar de la tranquilidad del entorno.<\/p><p data-start=\"992\" data-end=\"1159\">\ud83e\uddd7 <strong data-start=\"995\" data-end=\"1028\">Escalada en el Alt de la Creu<\/strong>: Para los m\u00e1s aventureros, esta zona cuenta con paredes naturales ideales para la escalada, con distintos niveles de dificultad.<\/p><p data-start=\"1161\" data-end=\"1329\">\ud83c\udf0a <strong data-start=\"1164\" data-end=\"1210\">Barranquismo en el Barranco del Nacimiento<\/strong>: Un desaf\u00edo emocionante en el que los participantes pueden disfrutar de saltos, descensos y paisajes espectaculares.<\/p><p data-start=\"1331\" data-end=\"1514\">\ud83c\udfd5\ufe0f <strong data-start=\"1335\" data-end=\"1375\">Rutas de orientaci\u00f3n y supervivencia<\/strong>: Actividades guiadas en las que aprender\u00e1s t\u00e9cnicas b\u00e1sicas para moverte en la monta\u00f1a y disfrutar de la naturaleza con mayor seguridad.<\/p>\t\t\t\t\t\t\t\t<\/div>\n\t\t\t\t<\/div>\n\t\t\t\t<div class=\"elementor-element elementor-element-1a201d7 elementor-align-center elementor-widget elementor-widget-button\" data-id=\"1a201d7\" data-element_type=\"widget\" data-e-type=\"widget\" data-widget_type=\"button.default\">\n\t\t\t\t<div class=\"elementor-widget-container\">\n\t\t\t\t\t\t\t\t\t<div class=\"elementor-button-wrapper\">\n\t\t\t\t\t<a class=\"elementor-button elementor-button-link elementor-size-sm\" href=\"https:\/\/alberguevallada.com\/experiencias\/\">\n\t\t\t\t\t\t<span class=\"elementor-button-content-wrapper\">\n\t\t\t\t\t\t\t\t\t<span class=\"elementor-button-text\">Descubre nuestras experiencias de turismo activo en Vallada<\/span>\n\t\t\t\t\t<\/span>\n\t\t\t\t\t<\/a>\n\t\t\t\t<\/div>\n\t\t\t\t\t\t\t\t<\/div>\n\t\t\t\t<\/div>\n\t\t\t\t<\/div>\n\t\t<div class=\"elementor-element elementor-element-a6005fe e-con-full e-flex e-con e-child\" data-id=\"a6005fe\" data-element_type=\"container\" data-e-type=\"container\">\n\t\t\t\t<div class=\"elementor-element elementor-element-306be7b elementor-widget elementor-widget-image\" data-id=\"306be7b\" data-element_type=\"widget\" data-e-type=\"widget\" data-widget_type=\"image.default\">\n\t\t\t\t<div class=\"elementor-widget-container\">\n\t\t\t\t\t\t\t\t\t\t\t\t\t\t\t<img fetchpriority=\"high\" decoding=\"async\" width=\"450\" height=\"450\" src=\"https:\/\/alberguevallada.com\/wp-content\/uploads\/2025\/06\/turismo-activo-en-vallada.jpg\" class=\"attachment-large size-large wp-image-1796\" alt=\"turismo activo en vallada\" srcset=\"https:\/\/alberguevallada.com\/wp-content\/uploads\/2025\/06\/turismo-activo-en-vallada.jpg 450w, https:\/\/alberguevallada.com\/wp-content\/uploads\/2025\/06\/turismo-activo-en-vallada-300x300.jpg 300w, https:\/\/alberguevallada.com\/wp-content\/uploads\/2025\/06\/turismo-activo-en-vallada-150x150.jpg 150w, https:\/\/alberguevallada.com\/wp-content\/uploads\/2025\/06\/turismo-activo-en-vallada-12x12.jpg 12w\" sizes=\"(max-width: 450px) 100vw, 450px\" \/>\t\t\t\t\t\t\t\t\t\t\t\t\t\t\t<\/div>\n\t\t\t\t<\/div>\n\t\t\t\t<\/div>\n\t\t\t\t\t<\/div>\n\t\t\t\t<\/div>\n\t\t<div class=\"elementor-element elementor-element-eb611b5 e-flex e-con-boxed e-con e-parent\" data-id=\"eb611b5\" data-element_type=\"container\" data-e-type=\"container\" data-settings=\"{&quot;background_background&quot;:&quot;classic&quot;}\">\n\t\t\t\t\t<div class=\"e-con-inner\">\n\t\t\t\t<div class=\"elementor-element elementor-element-f6f97ad elementor-widget elementor-widget-heading\" data-id=\"f6f97ad\" data-element_type=\"widget\" data-e-type=\"widget\" data-widget_type=\"heading.default\">\n\t\t\t\t<div class=\"elementor-widget-container\">\n\t\t\t\t\t<h2 class=\"elementor-heading-title elementor-size-default\">D\u00f3nde comer despu\u00e9s de una jornada de turismo activo en Vallada<\/h2>\t\t\t\t<\/div>\n\t\t\t\t<\/div>\n\t\t\t\t\t<\/div>\n\t\t\t\t<\/div>\n\t\t<div class=\"elementor-element elementor-element-8152c0d e-flex e-con-boxed e-con e-parent\" data-id=\"8152c0d\" data-element_type=\"container\" data-e-type=\"container\" data-settings=\"{&quot;background_background&quot;:&quot;classic&quot;}\">\n\t\t\t\t\t<div class=\"e-con-inner\">\n\t\t<div class=\"elementor-element elementor-element-6b8da26 e-con-full e-flex e-con e-child\" data-id=\"6b8da26\" data-element_type=\"container\" data-e-type=\"container\">\n\t\t\t\t<div class=\"elementor-element elementor-element-0e44143 elementor-widget elementor-widget-image\" data-id=\"0e44143\" data-element_type=\"widget\" data-e-type=\"widget\" data-widget_type=\"image.default\">\n\t\t\t\t<div class=\"elementor-widget-container\">\n\t\t\t\t\t\t\t\t\t\t\t\t\t\t\t<img decoding=\"async\" width=\"800\" height=\"534\" src=\"https:\/\/alberguevallada.com\/wp-content\/uploads\/2025\/01\/DSC7017-1024x683.jpg\" class=\"attachment-large size-large wp-image-1177\" alt=\"Noche\" srcset=\"https:\/\/alberguevallada.com\/wp-content\/uploads\/2025\/01\/DSC7017-1024x683.jpg 1024w, https:\/\/alberguevallada.com\/wp-content\/uploads\/2025\/01\/DSC7017-300x200.jpg 300w, https:\/\/alberguevallada.com\/wp-content\/uploads\/2025\/01\/DSC7017-768x513.jpg 768w, https:\/\/alberguevallada.com\/wp-content\/uploads\/2025\/01\/DSC7017-1536x1025.jpg 1536w, https:\/\/alberguevallada.com\/wp-content\/uploads\/2025\/01\/DSC7017-2048x1367.jpg 2048w\" sizes=\"(max-width: 800px) 100vw, 800px\" \/>\t\t\t\t\t\t\t\t\t\t\t\t\t\t\t<\/div>\n\t\t\t\t<\/div>\n\t\t\t\t<\/div>\n\t\t<div class=\"elementor-element elementor-element-53d179f e-con-full e-flex e-con e-child\" data-id=\"53d179f\" data-element_type=\"container\" data-e-type=\"container\">\n\t\t\t\t<div class=\"elementor-element elementor-element-202d8be elementor-widget elementor-widget-text-editor\" data-id=\"202d8be\" data-element_type=\"widget\" data-e-type=\"widget\" data-widget_type=\"text-editor.default\">\n\t\t\t\t<div class=\"elementor-widget-container\">\n\t\t\t\t\t\t\t\t\t<p data-start=\"0\" data-end=\"353\">Despu\u00e9s de vivir una experiencia llena de aventura y naturaleza en Vallada, recuperar energ\u00edas con una buena comida es la mejor manera de completar el d\u00eda. Si buscas un lugar donde disfrutar de una comida tras una jornada de <strong data-start=\"225\" data-end=\"243\">turismo activo<\/strong>, el <strong data-start=\"248\" data-end=\"276\">Restaurante Serra Grossa<\/strong>, ubicado en el <strong data-start=\"292\" data-end=\"327\">Albergue Las Ermitas de Vallada<\/strong>, es la opci\u00f3n perfecta.<\/p><p data-start=\"355\" data-end=\"655\">Situado en un entorno natural, este restaurante ofrece un espacio tranquilo donde relajarte despu\u00e9s de actividades como <strong data-start=\"475\" data-end=\"522\">rutas en bicicleta, escalada o barranquismo<\/strong>. Su cocina, basada en productos locales y recetas tradicionales, te permitir\u00e1 disfrutar de una experiencia gastron\u00f3mica aut\u00e9ntica.<\/p><p data-start=\"657\" data-end=\"917\">Ya sea que necesites un almuerzo reconfortante tras una intensa jornada de aventura o un lugar donde reponer fuerzas antes de tu siguiente actividad, en el <strong data-start=\"813\" data-end=\"841\">Restaurante Serra Grossa<\/strong> encontrar\u00e1s el equilibrio perfecto entre sabor, comodidad y hospitalidad.<\/p>\t\t\t\t\t\t\t\t<\/div>\n\t\t\t\t<\/div>\n\t\t\t\t<div class=\"elementor-element elementor-element-7b84de1 elementor-align-center elementor-widget elementor-widget-button\" data-id=\"7b84de1\" data-element_type=\"widget\" data-e-type=\"widget\" data-widget_type=\"button.default\">\n\t\t\t\t<div class=\"elementor-widget-container\">\n\t\t\t\t\t\t\t\t\t<div class=\"elementor-button-wrapper\">\n\t\t\t\t\t<a class=\"elementor-button elementor-button-link elementor-size-sm\" href=\"https:\/\/alberguevallada.com\/restaurante\/\">\n\t\t\t\t\t\t<span class=\"elementor-button-content-wrapper\">\n\t\t\t\t\t\t\t\t\t<span class=\"elementor-button-text\">Reserva en el restaurante Serra Grossa<\/span>\n\t\t\t\t\t<\/span>\n\t\t\t\t\t<\/a>\n\t\t\t\t<\/div>\n\t\t\t\t\t\t\t\t<\/div>\n\t\t\t\t<\/div>\n\t\t\t\t<\/div>\n\t\t\t\t\t<\/div>\n\t\t\t\t<\/div>\n\t\t<div class=\"elementor-element elementor-element-8b72cc5 e-flex e-con-boxed e-con e-parent\" data-id=\"8b72cc5\" data-element_type=\"container\" data-e-type=\"container\" data-settings=\"{&quot;background_background&quot;:&quot;classic&quot;}\">\n\t\t\t\t\t<div class=\"e-con-inner\">\n\t\t\t\t<div class=\"elementor-element elementor-element-2c87d18 elementor-widget elementor-widget-heading\" data-id=\"2c87d18\" data-element_type=\"widget\" data-e-type=\"widget\" data-widget_type=\"heading.default\">\n\t\t\t\t<div class=\"elementor-widget-container\">\n\t\t\t\t\t<h2 class=\"elementor-heading-title elementor-size-default\">D\u00f3nde alojarse cerca de Vallada<\/h2>\t\t\t\t<\/div>\n\t\t\t\t<\/div>\n\t\t<div class=\"elementor-element elementor-element-dbd7a5c e-con-full e-flex e-con e-child\" data-id=\"dbd7a5c\" data-element_type=\"container\" data-e-type=\"container\" data-settings=\"{&quot;background_background&quot;:&quot;classic&quot;}\">\n\t\t<div class=\"elementor-element elementor-element-3b1af49 e-con-full e-flex e-con e-child\" data-id=\"3b1af49\" data-element_type=\"container\" data-e-type=\"container\">\n\t\t\t\t<div class=\"elementor-element elementor-element-0235d1c elementor-position-top elementor-widget elementor-widget-image-box\" data-id=\"0235d1c\" data-element_type=\"widget\" data-e-type=\"widget\" data-widget_type=\"image-box.default\">\n\t\t\t\t<div class=\"elementor-widget-container\">\n\t\t\t\t\t<div class=\"elementor-image-box-wrapper\"><figure class=\"elementor-image-box-img\"><a href=\"https:\/\/alberguevallada.com\/habitacion-familiar\/\" tabindex=\"-1\"><img decoding=\"async\" width=\"800\" height=\"534\" src=\"https:\/\/alberguevallada.com\/wp-content\/uploads\/2023\/10\/DSC6870-copia.jpg\" class=\"attachment-full size-full wp-image-761\" alt=\"Habitacion familiar\" srcset=\"https:\/\/alberguevallada.com\/wp-content\/uploads\/2023\/10\/DSC6870-copia.jpg 800w, https:\/\/alberguevallada.com\/wp-content\/uploads\/2023\/10\/DSC6870-copia-300x200.jpg 300w, https:\/\/alberguevallada.com\/wp-content\/uploads\/2023\/10\/DSC6870-copia-768x513.jpg 768w\" sizes=\"(max-width: 800px) 100vw, 800px\" \/><\/a><\/figure><div class=\"elementor-image-box-content\"><h3 class=\"elementor-image-box-title\"><a href=\"https:\/\/alberguevallada.com\/habitacion-familiar\/\">Habitaci\u00f3n familiar<\/a><\/h3><\/div><\/div>\t\t\t\t<\/div>\n\t\t\t\t<\/div>\n\t\t\t\t<\/div>\n\t\t<div class=\"elementor-element elementor-element-396d1e0 e-con-full e-flex e-con e-child\" data-id=\"396d1e0\" data-element_type=\"container\" data-e-type=\"container\">\n\t\t\t\t<div class=\"elementor-element elementor-element-9df97f4 elementor-position-top elementor-widget elementor-widget-image-box\" data-id=\"9df97f4\" data-element_type=\"widget\" data-e-type=\"widget\" data-widget_type=\"image-box.default\">\n\t\t\t\t<div class=\"elementor-widget-container\">\n\t\t\t\t\t<div class=\"elementor-image-box-wrapper\"><figure class=\"elementor-image-box-img\"><a href=\"https:\/\/alberguevallada.com\/habitacion-matrimonio\/\" tabindex=\"-1\"><img loading=\"lazy\" decoding=\"async\" width=\"1766\" height=\"1179\" src=\"https:\/\/alberguevallada.com\/wp-content\/uploads\/2023\/10\/DSC6897-copia.jpg\" class=\"attachment-full size-full wp-image-790\" alt=\"\" srcset=\"https:\/\/alberguevallada.com\/wp-content\/uploads\/2023\/10\/DSC6897-copia.jpg 1766w, https:\/\/alberguevallada.com\/wp-content\/uploads\/2023\/10\/DSC6897-copia-300x200.jpg 300w, https:\/\/alberguevallada.com\/wp-content\/uploads\/2023\/10\/DSC6897-copia-1024x684.jpg 1024w, https:\/\/alberguevallada.com\/wp-content\/uploads\/2023\/10\/DSC6897-copia-768x513.jpg 768w, https:\/\/alberguevallada.com\/wp-content\/uploads\/2023\/10\/DSC6897-copia-1536x1025.jpg 1536w\" sizes=\"(max-width: 1766px) 100vw, 1766px\" \/><\/a><\/figure><div class=\"elementor-image-box-content\"><h3 class=\"elementor-image-box-title\"><a href=\"https:\/\/alberguevallada.com\/habitacion-matrimonio\/\">Habitaci\u00f3n de matrimonio<\/a><\/h3><\/div><\/div>\t\t\t\t<\/div>\n\t\t\t\t<\/div>\n\t\t\t\t<\/div>\n\t\t<div class=\"elementor-element elementor-element-a20a9e0 e-con-full e-flex e-con e-child\" data-id=\"a20a9e0\" data-element_type=\"container\" data-e-type=\"container\">\n\t\t\t\t<div class=\"elementor-element elementor-element-b410891 elementor-position-top elementor-widget elementor-widget-image-box\" data-id=\"b410891\" data-element_type=\"widget\" data-e-type=\"widget\" data-widget_type=\"image-box.default\">\n\t\t\t\t<div class=\"elementor-widget-container\">\n\t\t\t\t\t<div class=\"elementor-image-box-wrapper\"><figure class=\"elementor-image-box-img\"><a href=\"https:\/\/alberguevallada.com\/habitacion-doble-adaptada\/\" tabindex=\"-1\"><img loading=\"lazy\" decoding=\"async\" width=\"800\" height=\"534\" src=\"https:\/\/alberguevallada.com\/wp-content\/uploads\/2025\/06\/habitacion-doble-adaptada.jpg\" class=\"attachment-full size-full wp-image-1784\" alt=\"habitaci\u00f3n doble adaptada\" srcset=\"https:\/\/alberguevallada.com\/wp-content\/uploads\/2025\/06\/habitacion-doble-adaptada.jpg 800w, https:\/\/alberguevallada.com\/wp-content\/uploads\/2025\/06\/habitacion-doble-adaptada-300x200.jpg 300w, https:\/\/alberguevallada.com\/wp-content\/uploads\/2025\/06\/habitacion-doble-adaptada-768x513.jpg 768w, https:\/\/alberguevallada.com\/wp-content\/uploads\/2025\/06\/habitacion-doble-adaptada-18x12.jpg 18w\" sizes=\"(max-width: 800px) 100vw, 800px\" \/><\/a><\/figure><div class=\"elementor-image-box-content\"><h3 class=\"elementor-image-box-title\"><a href=\"https:\/\/alberguevallada.com\/habitacion-doble-adaptada\/\">Habitaci\u00f3n doble adaptada<\/a><\/h3><\/div><\/div>\t\t\t\t<\/div>\n\t\t\t\t<\/div>\n\t\t\t\t<\/div>\n\t\t\t\t<\/div>\n\t\t\t\t\t<\/div>\n\t\t\t\t<\/div>\n\t\t<div class=\"elementor-element elementor-element-d82bd5a e-flex e-con-boxed e-con e-parent\" data-id=\"d82bd5a\" data-element_type=\"container\" data-e-type=\"container\" data-settings=\"{&quot;background_background&quot;:&quot;classic&quot;}\">\n\t\t\t\t\t<div class=\"e-con-inner\">\n\t\t\t\t<div class=\"elementor-element elementor-element-06f280f elementor-widget elementor-widget-heading\" data-id=\"06f280f\" data-element_type=\"widget\" data-e-type=\"widget\" data-widget_type=\"heading.default\">\n\t\t\t\t<div class=\"elementor-widget-container\">\n\t\t\t\t\t<h2 class=\"elementor-heading-title elementor-size-default\">Otras actividades cerca de Vallada<\/h2>\t\t\t\t<\/div>\n\t\t\t\t<\/div>\n\t\t\t\t\t<\/div>\n\t\t\t\t<\/div>\n\t\t<div class=\"elementor-element elementor-element-57bf29a e-flex e-con-boxed e-con e-parent\" data-id=\"57bf29a\" data-element_type=\"container\" data-e-type=\"container\" data-settings=\"{&quot;background_background&quot;:&quot;classic&quot;}\">\n\t\t\t\t\t<div class=\"e-con-inner\">\n\t\t<div class=\"elementor-element elementor-element-0408d30 e-con-full e-flex e-con e-child\" data-id=\"0408d30\" data-element_type=\"container\" data-e-type=\"container\">\n\t\t\t\t<div class=\"elementor-element elementor-element-ca76de0 elementor-position-top elementor-widget elementor-widget-image-box\" data-id=\"ca76de0\" data-element_type=\"widget\" data-e-type=\"widget\" data-widget_type=\"image-box.default\">\n\t\t\t\t<div class=\"elementor-widget-container\">\n\t\t\t\t\t<div class=\"elementor-image-box-wrapper\"><figure class=\"elementor-image-box-img\"><a href=\"https:\/\/alberguevallada.com\/rutas-senderismo\/\" tabindex=\"-1\"><img loading=\"lazy\" decoding=\"async\" width=\"450\" height=\"300\" src=\"https:\/\/alberguevallada.com\/wp-content\/uploads\/2025\/03\/rutas-de-senderismo-cerca-de-Vallada-1.jpg\" class=\"attachment-full size-full wp-image-1485\" alt=\"rutas de senderismo cerca de Vallada\" srcset=\"https:\/\/alberguevallada.com\/wp-content\/uploads\/2025\/03\/rutas-de-senderismo-cerca-de-Vallada-1.jpg 450w, https:\/\/alberguevallada.com\/wp-content\/uploads\/2025\/03\/rutas-de-senderismo-cerca-de-Vallada-1-300x200.jpg 300w, https:\/\/alberguevallada.com\/wp-content\/uploads\/2025\/03\/rutas-de-senderismo-cerca-de-Vallada-1-18x12.jpg 18w\" sizes=\"(max-width: 450px) 100vw, 450px\" \/><\/a><\/figure><div class=\"elementor-image-box-content\"><h3 class=\"elementor-image-box-title\"><a href=\"https:\/\/alberguevallada.com\/rutas-senderismo\/\">Rutas De Senderismo<\/a><\/h3><\/div><\/div>\t\t\t\t<\/div>\n\t\t\t\t<\/div>\n\t\t\t\t<\/div>\n\t\t<div class=\"elementor-element elementor-element-aaa9964 e-con-full e-flex e-con e-child\" data-id=\"aaa9964\" data-element_type=\"container\" data-e-type=\"container\">\n\t\t\t\t<div class=\"elementor-element elementor-element-c40f90c elementor-position-top elementor-widget elementor-widget-image-box\" data-id=\"c40f90c\" data-element_type=\"widget\" data-e-type=\"widget\" data-widget_type=\"image-box.default\">\n\t\t\t\t<div class=\"elementor-widget-container\">\n\t\t\t\t\t<div class=\"elementor-image-box-wrapper\"><figure class=\"elementor-image-box-img\"><a href=\"https:\/\/alberguevallada.com\/actividades-culturales\/\" tabindex=\"-1\"><img loading=\"lazy\" decoding=\"async\" width=\"450\" height=\"300\" src=\"https:\/\/alberguevallada.com\/wp-content\/uploads\/2025\/03\/actividades-culturales.jpg\" class=\"attachment-full size-full wp-image-1470\" alt=\"actividades culturales\" srcset=\"https:\/\/alberguevallada.com\/wp-content\/uploads\/2025\/03\/actividades-culturales.jpg 450w, https:\/\/alberguevallada.com\/wp-content\/uploads\/2025\/03\/actividades-culturales-300x200.jpg 300w, https:\/\/alberguevallada.com\/wp-content\/uploads\/2025\/03\/actividades-culturales-18x12.jpg 18w\" sizes=\"(max-width: 450px) 100vw, 450px\" \/><\/a><\/figure><div class=\"elementor-image-box-content\"><h3 class=\"elementor-image-box-title\"><a href=\"https:\/\/alberguevallada.com\/actividades-culturales\/\">Actividades Culturales<\/a><\/h3><\/div><\/div>\t\t\t\t<\/div>\n\t\t\t\t<\/div>\n\t\t\t\t<\/div>\n\t\t<div class=\"elementor-element elementor-element-d8338c8 e-con-full e-flex e-con e-child\" data-id=\"d8338c8\" data-element_type=\"container\" data-e-type=\"container\">\n\t\t\t\t<div class=\"elementor-element elementor-element-3f58717 elementor-position-top elementor-widget elementor-widget-image-box\" data-id=\"3f58717\" data-element_type=\"widget\" data-e-type=\"widget\" data-widget_type=\"image-box.default\">\n\t\t\t\t<div class=\"elementor-widget-container\">\n\t\t\t\t\t<div class=\"elementor-image-box-wrapper\"><figure class=\"elementor-image-box-img\"><a href=\"https:\/\/alberguevallada.com\/enoturismo-y-oleoturismo\/\" tabindex=\"-1\"><img loading=\"lazy\" decoding=\"async\" width=\"450\" height=\"300\" src=\"https:\/\/alberguevallada.com\/wp-content\/uploads\/2025\/03\/enoturismo.jpg\" class=\"attachment-full size-full wp-image-1472\" alt=\"\" srcset=\"https:\/\/alberguevallada.com\/wp-content\/uploads\/2025\/03\/enoturismo.jpg 450w, https:\/\/alberguevallada.com\/wp-content\/uploads\/2025\/03\/enoturismo-300x200.jpg 300w, https:\/\/alberguevallada.com\/wp-content\/uploads\/2025\/03\/enoturismo-18x12.jpg 18w\" sizes=\"(max-width: 450px) 100vw, 450px\" \/><\/a><\/figure><div class=\"elementor-image-box-content\"><h3 class=\"elementor-image-box-title\"><a href=\"https:\/\/alberguevallada.com\/enoturismo-y-oleoturismo\/\">Enoturismo Y Oleoturismo<\/a><\/h3><\/div><\/div>\t\t\t\t<\/div>\n\t\t\t\t<\/div>\n\t\t\t\t<\/div>\n\t\t\t\t\t<\/div>\n\t\t\t\t<\/div>\n\t\t\t\t<section class=\"elementor-section elementor-top-section elementor-element elementor-element-34931d7 elementor-section-boxed elementor-section-height-default elementor-section-height-default\" data-id=\"34931d7\" data-element_type=\"section\" data-e-type=\"section\">\n\t\t\t\t\t\t<div class=\"elementor-container elementor-column-gap-default\">\n\t\t\t\t\t<div class=\"elementor-column elementor-col-50 elementor-top-column elementor-element elementor-element-ef36792\" data-id=\"ef36792\" data-element_type=\"column\" data-e-type=\"column\">\n\t\t\t<div class=\"elementor-widget-wrap elementor-element-populated\">\n\t\t\t\t\t\t<div class=\"elementor-element elementor-element-aa3fd40 elementor-widget elementor-widget-heading\" data-id=\"aa3fd40\" data-element_type=\"widget\" data-e-type=\"widget\" data-widget_type=\"heading.default\">\n\t\t\t\t<div class=\"elementor-widget-container\">\n\t\t\t\t\t<h2 class=\"elementor-heading-title elementor-size-default\">Contacta con nosotros para reservar tu alojamiento<\/h2>\t\t\t\t<\/div>\n\t\t\t\t<\/div>\n\t\t\t\t<div class=\"elementor-element elementor-element-1deead3 elementor-widget-divider--view-line elementor-widget elementor-widget-divider\" data-id=\"1deead3\" data-element_type=\"widget\" data-e-type=\"widget\" data-widget_type=\"divider.default\">\n\t\t\t\t<div class=\"elementor-widget-container\">\n\t\t\t\t\t\t\t<div class=\"elementor-divider\">\n\t\t\t<span class=\"elementor-divider-separator\">\n\t\t\t\t\t\t<\/span>\n\t\t<\/div>\n\t\t\t\t\t\t<\/div>\n\t\t\t\t<\/div>\n\t\t\t\t<div class=\"elementor-element elementor-element-d1a5375 elementor-icon-list--layout-traditional elementor-list-item-link-full_width elementor-widget elementor-widget-icon-list\" data-id=\"d1a5375\" data-element_type=\"widget\" data-e-type=\"widget\" data-widget_type=\"icon-list.default\">\n\t\t\t\t<div class=\"elementor-widget-container\">\n\t\t\t\t\t\t\t<ul class=\"elementor-icon-list-items\">\n\t\t\t\t\t\t\t<li class=\"elementor-icon-list-item\">\n\t\t\t\t\t\t\t\t\t\t\t<a href=\"tel:+34601612912\">\n\n\t\t\t\t\t\t\t\t\t\t\t\t<span class=\"elementor-icon-list-icon\">\n\t\t\t\t\t\t\t<i aria-hidden=\"true\" class=\"fas fa-phone-alt\"><\/i>\t\t\t\t\t\t<\/span>\n\t\t\t\t\t\t\t\t\t\t<span class=\"elementor-icon-list-text\">+34 601 612 912<\/span>\n\t\t\t\t\t\t\t\t\t\t\t<\/a>\n\t\t\t\t\t\t\t\t\t<\/li>\n\t\t\t\t\t\t\t\t<li class=\"elementor-icon-list-item\">\n\t\t\t\t\t\t\t\t\t\t\t<a href=\"mailto:info@alberguevallada.com\">\n\n\t\t\t\t\t\t\t\t\t\t\t\t<span class=\"elementor-icon-list-icon\">\n\t\t\t\t\t\t\t<i aria-hidden=\"true\" class=\"fas fa-envelope\"><\/i>\t\t\t\t\t\t<\/span>\n\t\t\t\t\t\t\t\t\t\t<span class=\"elementor-icon-list-text\">info@alberguevallada.com<\/span>\n\t\t\t\t\t\t\t\t\t\t\t<\/a>\n\t\t\t\t\t\t\t\t\t<\/li>\n\t\t\t\t\t\t\t\t<li class=\"elementor-icon-list-item\">\n\t\t\t\t\t\t\t\t\t\t\t<a href=\"https:\/\/www.google.com\/maps?cid=7627273298858668232\">\n\n\t\t\t\t\t\t\t\t\t\t\t\t<span class=\"elementor-icon-list-icon\">\n\t\t\t\t\t\t\t<i aria-hidden=\"true\" class=\"fas fa-map-marker-alt\"><\/i>\t\t\t\t\t\t<\/span>\n\t\t\t\t\t\t\t\t\t\t<span class=\"elementor-icon-list-text\">Pol\u00edgono 11, parcela 77 46691 Vallada Valencia<\/span>\n\t\t\t\t\t\t\t\t\t\t\t<\/a>\n\t\t\t\t\t\t\t\t\t<\/li>\n\t\t\t\t\t\t<\/ul>\n\t\t\t\t\t\t<\/div>\n\t\t\t\t<\/div>\n\t\t\t\t<div class=\"elementor-element elementor-element-e6aa639 elementor-widget-divider--view-line elementor-widget elementor-widget-divider\" data-id=\"e6aa639\" data-element_type=\"widget\" data-e-type=\"widget\" data-widget_type=\"divider.default\">\n\t\t\t\t<div class=\"elementor-widget-container\">\n\t\t\t\t\t\t\t<div class=\"elementor-divider\">\n\t\t\t<span class=\"elementor-divider-separator\">\n\t\t\t\t\t\t<\/span>\n\t\t<\/div>\n\t\t\t\t\t\t<\/div>\n\t\t\t\t<\/div>\n\t\t\t\t\t<\/div>\n\t\t<\/div>\n\t\t\t\t<div class=\"elementor-column elementor-col-50 elementor-top-column elementor-element elementor-element-de343b6\" data-id=\"de343b6\" data-element_type=\"column\" data-e-type=\"column\" id=\"contacto\">\n\t\t\t<div class=\"elementor-widget-wrap elementor-element-populated\">\n\t\t\t\t\t\t<div class=\"elementor-element elementor-element-ceeb57c elementor-widget elementor-widget-shortcode\" data-id=\"ceeb57c\" data-element_type=\"widget\" data-e-type=\"widget\" data-widget_type=\"shortcode.default\">\n\t\t\t\t<div class=\"elementor-widget-container\">\n\t\t\t\t\t\t\t<div class=\"elementor-shortcode\">\n<div class=\"wpcf7 no-js\" id=\"wpcf7-f1214-o1\" lang=\"es-ES\" dir=\"ltr\" data-wpcf7-id=\"1214\">\n<div class=\"screen-reader-response\"><p role=\"status\" aria-live=\"polite\" aria-atomic=\"true\"><\/p> <ul><\/ul><\/div>\n<form action=\"\/val\/wp-json\/wp\/v2\/pages\/1483#wpcf7-f1214-o1\" method=\"post\" class=\"wpcf7-form init\" aria-label=\"Formulario de contacto\" novalidate=\"novalidate\" data-status=\"init\">\n<fieldset class=\"hidden-fields-container\"><input type=\"hidden\" name=\"_wpcf7\" value=\"1214\" \/><input type=\"hidden\" name=\"_wpcf7_version\" value=\"6.1.5\" \/><input type=\"hidden\" name=\"_wpcf7_locale\" value=\"es_ES\" \/><input type=\"hidden\" name=\"_wpcf7_unit_tag\" value=\"wpcf7-f1214-o1\" \/><input type=\"hidden\" name=\"_wpcf7_container_post\" value=\"0\" \/><input type=\"hidden\" name=\"_wpcf7_posted_data_hash\" value=\"\" \/><input type=\"hidden\" name=\"_wpcf7_recaptcha_response\" value=\"\" \/>\n<\/fieldset>\n<style>\n.custom-form-container {\n max-width: 600px;\n margin: auto;\n padding: 20px;\n background: #f8f8f8;\n border-radius: 10px;\n box-shadow: 0px 4px 10px rgba(0, 0, 0, 0.1);\n}\n\n.custom-form-container label {\n display: block;\n font-weight: bold;\n margin-bottom: 5px;\n color: #333;\n}\n\n.custom-input, .custom-textarea {\n width: 100%;\n padding: 10px;\n margin-bottom: 15px;\n border: 1px solid #ccc;\n border-radius: 5px;\n font-size: 16px;\n transition: 0.3s;\n}\n\n.custom-input:focus, .custom-textarea:focus {\n border-color: #0073e6;\n box-shadow: 0px 0px 5px rgba(0, 115, 230, 0.5);\n}\n\n.custom-textarea {\n height: 120px;\n resize: none;\n}\n\n.custom-submit-container {\n text-align: center;\n}\n\ninput[type=\"submit\"] {\n background: #0073e6;\n color: white;\n border: none;\n padding: 12px 20px;\n font-size: 16px;\n border-radius: 5px;\n cursor: pointer;\n transition: 0.3s;\n}\n\ninput[type=\"submit\"]:hover {\n background: #005bb5;\n}\n<\/style>\n<div class=\"custom-form-container\">\n\t<p><label for=\"your-name\">Tu nombre<\/label><br \/>\n<span class=\"wpcf7-form-control-wrap\" data-name=\"your-name\"><input size=\"40\" maxlength=\"400\" class=\"wpcf7-form-control wpcf7-text wpcf7-validates-as-required custom-input\" autocomplete=\"name\" aria-required=\"true\" aria-invalid=\"false\" placeholder=\"Introduce tu nombre\" value=\"\" type=\"text\" name=\"your-name\" \/><\/span>\n\t<\/p>\n\t<p><label for=\"your-email\">Tu correo electr\u00f3nico<\/label><br \/>\n<span class=\"wpcf7-form-control-wrap\" data-name=\"your-email\"><input size=\"40\" maxlength=\"400\" class=\"wpcf7-form-control wpcf7-email wpcf7-validates-as-required wpcf7-text wpcf7-validates-as-email custom-input\" autocomplete=\"email\" aria-required=\"true\" aria-invalid=\"false\" placeholder=\"Introduce tu correo electr\u00f3nico\" value=\"\" type=\"email\" name=\"your-email\" \/><\/span>\n\t<\/p>\n\t<p><label for=\"your-subject\">Asunto<\/label><br \/>\n<span class=\"wpcf7-form-control-wrap\" data-name=\"your-subject\"><input size=\"40\" maxlength=\"400\" class=\"wpcf7-form-control wpcf7-text wpcf7-validates-as-required custom-input\" aria-required=\"true\" aria-invalid=\"false\" placeholder=\"Escribe el asunto\" value=\"\" type=\"text\" name=\"your-subject\" \/><\/span>\n\t<\/p>\n\t<p><label for=\"your-message\">Tu mensaje (opcional)<\/label><br \/>\n<span class=\"wpcf7-form-control-wrap\" data-name=\"your-message\"><textarea cols=\"40\" rows=\"10\" maxlength=\"2000\" class=\"wpcf7-form-control wpcf7-textarea custom-textarea\" aria-invalid=\"false\" placeholder=\"Escribe tu mensaje aqu\u00ed\" name=\"your-message\"><\/textarea><\/span>\n\t<\/p>\n\t<div class=\"custom-submit-container\">\n\t\t<p><input class=\"wpcf7-form-control wpcf7-submit has-spinner\" type=\"submit\" value=\"Enviar\" \/>\n\t\t<\/p>\n\t<\/div>\n<\/div><div class=\"wpcf7-response-output\" aria-hidden=\"true\"><\/div>\n<\/form>\n<\/div>\n<\/div>\n\t\t\t\t\t\t<\/div>\n\t\t\t\t<\/div>\n\t\t\t\t\t<\/div>\n\t\t<\/div>\n\t\t\t\t\t<\/div>\n\t\t<\/section>\n\t\t<div class=\"elementor-element elementor-element-3e45114 e-flex e-con-boxed e-con e-parent\" data-id=\"3e45114\" data-element_type=\"container\" data-e-type=\"container\">\n\t\t\t\t\t<div class=\"e-con-inner\">\n\t\t\t\t<div class=\"elementor-element elementor-element-8e5f61a elementor-widget elementor-widget-heading\" data-id=\"8e5f61a\" data-element_type=\"widget\" data-e-type=\"widget\" data-widget_type=\"heading.default\">\n\t\t\t\t<div class=\"elementor-widget-container\">\n\t\t\t\t\t<h2 class=\"elementor-heading-title elementor-size-default\">Preguntas frecuentes sobre turismo activo en Vallada<\/h2>\t\t\t\t<\/div>\n\t\t\t\t<\/div>\n\t\t\t\t<div class=\"elementor-element elementor-element-72f7243 elementor-widget elementor-widget-n-accordion\" data-id=\"72f7243\" data-element_type=\"widget\" data-e-type=\"widget\" data-settings=\"{&quot;default_state&quot;:&quot;expanded&quot;,&quot;max_items_expended&quot;:&quot;one&quot;,&quot;n_accordion_animation_duration&quot;:{&quot;unit&quot;:&quot;ms&quot;,&quot;size&quot;:400,&quot;sizes&quot;:[]}}\" data-widget_type=\"nested-accordion.default\">\n\t\t\t\t<div class=\"elementor-widget-container\">\n\t\t\t\t\t\t\t<div class=\"e-n-accordion\" aria-label=\"Accordion. Open links with Enter or Space, close with Escape, and navigate with Arrow Keys\">\n\t\t\t\t\t\t<details id=\"e-n-accordion-item-1200\" class=\"e-n-accordion-item\" open>\n\t\t\t\t<summary class=\"e-n-accordion-item-title\" data-accordion-index=\"1\" tabindex=\"0\" aria-expanded=\"true\" aria-controls=\"e-n-accordion-item-1200\" >\n\t\t\t\t\t<span class='e-n-accordion-item-title-header'><h3 class=\"e-n-accordion-item-title-text\"> \u00bfPor qu\u00e9 Vallada es un destino ideal para el turismo activo? <\/h3><\/span>\n\t\t\t\t\t\t\t<span class='e-n-accordion-item-title-icon'>\n\t\t\t<span class='e-opened' ><i aria-hidden=\"true\" class=\"fas fa-minus\"><\/i><\/span>\n\t\t\t<span class='e-closed'><i aria-hidden=\"true\" class=\"fas fa-plus\"><\/i><\/span>\n\t\t<\/span>\n\n\t\t\t\t\t\t<\/summary>\n\t\t\t\t<div role=\"region\" aria-labelledby=\"e-n-accordion-item-1200\" class=\"elementor-element elementor-element-0296648 e-con-full e-flex e-con e-child\" data-id=\"0296648\" data-element_type=\"container\" data-e-type=\"container\">\n\t\t\t\t<div class=\"elementor-element elementor-element-be8d04a elementor-widget elementor-widget-text-editor\" data-id=\"be8d04a\" data-element_type=\"widget\" data-e-type=\"widget\" data-widget_type=\"text-editor.default\">\n\t\t\t\t<div class=\"elementor-widget-container\">\n\t\t\t\t\t\t\t\t\t<p data-start=\"151\" data-end=\"283\">Vallada ofrece un entorno natural privilegiado con monta\u00f1as, barrancos y senderos bien se\u00f1alizados, lo que la convierte en un lugar perfecto para actividades al aire libre. Su diversidad de paisajes permite disfrutar de experiencias como senderismo, ciclismo, escalada y mucho m\u00e1s, con opciones para todos los niveles.<\/p>\t\t\t\t\t\t\t\t<\/div>\n\t\t\t\t<\/div>\n\t\t\t\t<\/div>\n\t\t\t\t\t<\/details>\n\t\t\t\t\t\t<details id=\"e-n-accordion-item-1201\" class=\"e-n-accordion-item\" >\n\t\t\t\t<summary class=\"e-n-accordion-item-title\" data-accordion-index=\"2\" tabindex=\"-1\" aria-expanded=\"false\" aria-controls=\"e-n-accordion-item-1201\" >\n\t\t\t\t\t<span class='e-n-accordion-item-title-header'><h3 class=\"e-n-accordion-item-title-text\"> \u00bfQu\u00e9 nivel de dificultad tienen las actividades de turismo activo en Vallada? <\/h3><\/span>\n\t\t\t\t\t\t\t<span class='e-n-accordion-item-title-icon'>\n\t\t\t<span class='e-opened' ><i aria-hidden=\"true\" class=\"fas fa-minus\"><\/i><\/span>\n\t\t\t<span class='e-closed'><i aria-hidden=\"true\" class=\"fas fa-plus\"><\/i><\/span>\n\t\t<\/span>\n\n\t\t\t\t\t\t<\/summary>\n\t\t\t\t<div role=\"region\" aria-labelledby=\"e-n-accordion-item-1201\" class=\"elementor-element elementor-element-741e360 e-con-full e-flex e-con e-child\" data-id=\"741e360\" data-element_type=\"container\" data-e-type=\"container\">\n\t\t\t\t<div class=\"elementor-element elementor-element-c0af473 elementor-widget elementor-widget-text-editor\" data-id=\"c0af473\" data-element_type=\"widget\" data-e-type=\"widget\" data-widget_type=\"text-editor.default\">\n\t\t\t\t<div class=\"elementor-widget-container\">\n\t\t\t\t\t\t\t\t\t<p data-pm-slice=\"1 1 []\">Hay actividades para todos los niveles. Existen rutas de senderismo y paseos en bicicleta adecuados para principiantes, as\u00ed como desaf\u00edos m\u00e1s exigentes como la escalada o el barranquismo, ideales para quienes buscan una experiencia m\u00e1s intensa.<\/p>\t\t\t\t\t\t\t\t<\/div>\n\t\t\t\t<\/div>\n\t\t\t\t<\/div>\n\t\t\t\t\t<\/details>\n\t\t\t\t\t\t<details id=\"e-n-accordion-item-1202\" class=\"e-n-accordion-item\" >\n\t\t\t\t<summary class=\"e-n-accordion-item-title\" data-accordion-index=\"3\" tabindex=\"-1\" aria-expanded=\"false\" aria-controls=\"e-n-accordion-item-1202\" >\n\t\t\t\t\t<span class='e-n-accordion-item-title-header'><h3 class=\"e-n-accordion-item-title-text\"> Existen actividades guiadas de turismo activo en Vallada? <\/h3><\/span>\n\t\t\t\t\t\t\t<span class='e-n-accordion-item-title-icon'>\n\t\t\t<span class='e-opened' ><i aria-hidden=\"true\" class=\"fas fa-minus\"><\/i><\/span>\n\t\t\t<span class='e-closed'><i aria-hidden=\"true\" class=\"fas fa-plus\"><\/i><\/span>\n\t\t<\/span>\n\n\t\t\t\t\t\t<\/summary>\n\t\t\t\t<div role=\"region\" aria-labelledby=\"e-n-accordion-item-1202\" class=\"elementor-element elementor-element-90cd3bc e-con-full e-flex e-con e-child\" data-id=\"90cd3bc\" data-element_type=\"container\" data-e-type=\"container\">\n\t\t\t\t<div class=\"elementor-element elementor-element-3fb2579 elementor-widget elementor-widget-text-editor\" data-id=\"3fb2579\" data-element_type=\"widget\" data-e-type=\"widget\" data-widget_type=\"text-editor.default\">\n\t\t\t\t<div class=\"elementor-widget-container\">\n\t\t\t\t\t\t\t\t\t<p data-pm-slice=\"1 1 []\">S\u00ed, en Vallada se organizan rutas guiadas de senderismo, excursiones en bicicleta y actividades de escalada con monitores especializados. Estas experiencias son perfectas para quienes desean aprender m\u00e1s sobre el entorno y disfrutar de la aventura con mayor seguridad.<\/p>\t\t\t\t\t\t\t\t<\/div>\n\t\t\t\t<\/div>\n\t\t\t\t<\/div>\n\t\t\t\t\t<\/details>\n\t\t\t\t\t\t<details id=\"e-n-accordion-item-1203\" class=\"e-n-accordion-item\" >\n\t\t\t\t<summary class=\"e-n-accordion-item-title\" data-accordion-index=\"4\" tabindex=\"-1\" aria-expanded=\"false\" aria-controls=\"e-n-accordion-item-1203\" >\n\t\t\t\t\t<span class='e-n-accordion-item-title-header'><h3 class=\"e-n-accordion-item-title-text\"> \u00bfEs seguro practicar turismo activo en Vallada? <\/h3><\/span>\n\t\t\t\t\t\t\t<span class='e-n-accordion-item-title-icon'>\n\t\t\t<span class='e-opened' ><i aria-hidden=\"true\" class=\"fas fa-minus\"><\/i><\/span>\n\t\t\t<span class='e-closed'><i aria-hidden=\"true\" class=\"fas fa-plus\"><\/i><\/span>\n\t\t<\/span>\n\n\t\t\t\t\t\t<\/summary>\n\t\t\t\t<div role=\"region\" aria-labelledby=\"e-n-accordion-item-1203\" class=\"elementor-element elementor-element-944bf65 e-con-full e-flex e-con e-child\" data-id=\"944bf65\" data-element_type=\"container\" data-e-type=\"container\">\n\t\t\t\t<div class=\"elementor-element elementor-element-e75dba6 elementor-widget elementor-widget-text-editor\" data-id=\"e75dba6\" data-element_type=\"widget\" data-e-type=\"widget\" data-widget_type=\"text-editor.default\">\n\t\t\t\t<div class=\"elementor-widget-container\">\n\t\t\t\t\t\t\t\t\t<p data-start=\"1224\" data-end=\"1278\">S\u00ed, siempre que se tomen las precauciones adecuadas. Es recomendable ir bien equipado, seguir las se\u00f1ales de las rutas y, en caso de realizar actividades de mayor riesgo como escalada o barranquismo, contar con la supervisi\u00f3n de profesionales o monitores especializados.<\/p>\t\t\t\t\t\t\t\t<\/div>\n\t\t\t\t<\/div>\n\t\t\t\t<\/div>\n\t\t\t\t\t<\/details>\n\t\t\t\t\t\t<details id=\"e-n-accordion-item-1204\" class=\"e-n-accordion-item\" >\n\t\t\t\t<summary class=\"e-n-accordion-item-title\" data-accordion-index=\"5\" tabindex=\"-1\" aria-expanded=\"false\" aria-controls=\"e-n-accordion-item-1204\" >\n\t\t\t\t\t<span class='e-n-accordion-item-title-header'><h3 class=\"e-n-accordion-item-title-text\"> \u00bfPuedo hacer turismo activo en Vallada con ni\u00f1os? <\/h3><\/span>\n\t\t\t\t\t\t\t<span class='e-n-accordion-item-title-icon'>\n\t\t\t<span class='e-opened' ><i aria-hidden=\"true\" class=\"fas fa-minus\"><\/i><\/span>\n\t\t\t<span class='e-closed'><i aria-hidden=\"true\" class=\"fas fa-plus\"><\/i><\/span>\n\t\t<\/span>\n\n\t\t\t\t\t\t<\/summary>\n\t\t\t\t<div role=\"region\" aria-labelledby=\"e-n-accordion-item-1204\" class=\"elementor-element elementor-element-1fc22bd e-con-full e-flex e-con e-child\" data-id=\"1fc22bd\" data-element_type=\"container\" data-e-type=\"container\">\n\t\t\t\t<div class=\"elementor-element elementor-element-04a314c elementor-widget elementor-widget-text-editor\" data-id=\"04a314c\" data-element_type=\"widget\" data-e-type=\"widget\" data-widget_type=\"text-editor.default\">\n\t\t\t\t<div class=\"elementor-widget-container\">\n\t\t\t\t\t\t\t\t\t<p data-pm-slice=\"1 1 []\">S\u00ed, hay muchas actividades adaptadas para familias con ni\u00f1os, como rutas de senderismo de baja dificultad, paseos en bicicleta y \u00e1reas naturales donde pueden explorar de forma segura. Tambi\u00e9n se organizan experiencias did\u00e1cticas para acercar a los m\u00e1s peque\u00f1os a la naturaleza.<\/p>\t\t\t\t\t\t\t\t<\/div>\n\t\t\t\t<\/div>\n\t\t\t\t<\/div>\n\t\t\t\t\t<\/details>\n\t\t\t\t\t\t<details id=\"e-n-accordion-item-1205\" class=\"e-n-accordion-item\" >\n\t\t\t\t<summary class=\"e-n-accordion-item-title\" data-accordion-index=\"6\" tabindex=\"-1\" aria-expanded=\"false\" aria-controls=\"e-n-accordion-item-1205\" >\n\t\t\t\t\t<span class='e-n-accordion-item-title-header'><h3 class=\"e-n-accordion-item-title-text\"> \u00bfD\u00f3nde puedo descansar despu\u00e9s de una jornada de turismo activo en Vallada? <\/h3><\/span>\n\t\t\t\t\t\t\t<span class='e-n-accordion-item-title-icon'>\n\t\t\t<span class='e-opened' ><i aria-hidden=\"true\" class=\"fas fa-minus\"><\/i><\/span>\n\t\t\t<span class='e-closed'><i aria-hidden=\"true\" class=\"fas fa-plus\"><\/i><\/span>\n\t\t<\/span>\n\n\t\t\t\t\t\t<\/summary>\n\t\t\t\t<div role=\"region\" aria-labelledby=\"e-n-accordion-item-1205\" class=\"elementor-element elementor-element-c7dbe59 e-con-full e-flex e-con e-child\" data-id=\"c7dbe59\" data-element_type=\"container\" data-e-type=\"container\">\n\t\t\t\t<div class=\"elementor-element elementor-element-8155396 elementor-widget elementor-widget-text-editor\" data-id=\"8155396\" data-element_type=\"widget\" data-e-type=\"widget\" data-widget_type=\"text-editor.default\">\n\t\t\t\t<div class=\"elementor-widget-container\">\n\t\t\t\t\t\t\t\t\t<p data-start=\"1917\" data-end=\"2174\">El <a href=\"https:\/\/alberguevallada.com\/\"><strong data-start=\"1920\" data-end=\"1955\">Albergue Las Ermitas de Vallada<\/strong><\/a> es una excelente opci\u00f3n para quienes buscan un alojamiento c\u00f3modo en plena naturaleza. Ofrece un ambiente acogedor y est\u00e1 ubicado en un punto estrat\u00e9gico para acceder a las principales rutas y actividades de la zona.<\/p><p data-start=\"2176\" data-end=\"2339\" data-is-last-node=\"\" data-is-only-node=\"\">Si te apasiona la aventura y el contacto con la naturaleza, Vallada es el destino perfecto para disfrutar del <strong data-start=\"2286\" data-end=\"2304\">turismo activo<\/strong> en un entorno inigualable. \ud83c\udf3f\ud83c\udfd5\ufe0f\ud83d\ude80<\/p>\t\t\t\t\t\t\t\t<\/div>\n\t\t\t\t<\/div>\n\t\t\t\t<\/div>\n\t\t\t\t\t<\/details>\n\t\t\t\t\t<\/div>\n\t\t\t\t\t\t<\/div>\n\t\t\t\t<\/div>\n\t\t\t\t\t<\/div>\n\t\t\t\t<\/div>\n\t\t<div class=\"elementor-element elementor-element-deaf957 e-con-full e-flex e-con e-parent\" data-id=\"deaf957\" data-element_type=\"container\" data-e-type=\"container\" data-settings=\"{&quot;background_background&quot;:&quot;classic&quot;}\">\n\t\t<div class=\"elementor-element elementor-element-feee163 e-con-full e-flex e-con e-child\" data-id=\"feee163\" data-element_type=\"container\" data-e-type=\"container\">\n\t\t\t\t<div class=\"elementor-element elementor-element-bb07aaf elementor-widget elementor-widget-html\" data-id=\"bb07aaf\" data-element_type=\"widget\" data-e-type=\"widget\" data-widget_type=\"html.default\">\n\t\t\t\t<div class=\"elementor-widget-container\">\n\t\t\t\t\t<iframe src=\"https:\/\/www.google.com\/maps\/embed?pb=!1m18!1m12!1m3!1d6210.392565536596!2d-0.6967103533105053!3d38.89662653695602!2m3!1f0!2f0!3f0!3m2!1i1024!2i768!4f13.1!3m3!1m2!1s0xd61715c00a5efdf%3A0x90162a9947cc5ed0!2s46691%20Vallada%2C%20Valencia!5e0!3m2!1ses!2ses!4v1741783431252!5m2!1ses!2ses\" width=\"600\" height=\"450\" style=\"border:0;\" allowfullscreen=\"\" loading=\"lazy\" referrerpolicy=\"no-referrer-when-downgrade\"><\/iframe>\t\t\t\t<\/div>\n\t\t\t\t<\/div>\n\t\t\t\t<\/div>\n\t\t\t\t<\/div>\n\t\t\t\t<\/div>\n\t\t","protected":false},"excerpt":{"rendered":"<p>Turismo activo en Vallada Vallada es un para\u00edso para los amantes del turismo activo, con un entorno natural que ofrece m\u00faltiples posibilidades para la aventura y el deporte al aire libre. Desde senderos en plena monta\u00f1a hasta emocionantes rutas en bicicleta y actividades multiaventura, esta zona es ideal para quienes buscan experiencias din\u00e1micas en la [&hellip;]<\/p>\n","protected":false},"author":2,"featured_media":0,"parent":0,"menu_order":0,"comment_status":"closed","ping_status":"closed","template":"","meta":{"footnotes":""},"class_list":["post-1483","page","type-page","status-publish","hentry"],"yoast_head":"<!-- This site is optimized with the Yoast SEO plugin v25.1 - https:\/\/yoast.com\/wordpress\/plugins\/seo\/ -->\n<title>Turismo activo en Vallada - Albergue Las Ermitas de Vallada<\/title>\n<meta name=\"description\" content=\"Disfruta del turismo activo en Vallada con rutas de senderismo, ciclismo y aventura en plena naturaleza. Explora paisajes \u00fanicos y vive la experiencia.\" \/>\n<meta name=\"robots\" content=\"index, follow, max-snippet:-1, max-image-preview:large, max-video-preview:-1\" \/>\n<link rel=\"canonical\" href=\"https:\/\/alberguevallada.com\/val\/turisme-actiu\/\" \/>\n<meta property=\"og:locale\" content=\"ca_ES\" \/>\n<meta property=\"og:type\" content=\"article\" \/>\n<meta property=\"og:title\" content=\"Turismo activo en Vallada - Albergue Las Ermitas de Vallada\" \/>\n<meta property=\"og:description\" content=\"Disfruta del turismo activo en Vallada con rutas de senderismo, ciclismo y aventura en plena naturaleza. Explora paisajes \u00fanicos y vive la experiencia.\" \/>\n<meta property=\"og:url\" content=\"https:\/\/alberguevallada.com\/val\/turisme-actiu\/\" \/>\n<meta property=\"og:site_name\" content=\"Albergue Las Ermitas de Vallada\" \/>\n<meta property=\"article:modified_time\" content=\"2025-06-05T08:59:10+00:00\" \/>\n<meta property=\"og:image\" content=\"https:\/\/alberguevallada.com\/wp-content\/uploads\/2025\/06\/turismo-activo-en-vallada.jpg\" \/>\n\t<meta property=\"og:image:width\" content=\"450\" \/>\n\t<meta property=\"og:image:height\" content=\"450\" \/>\n\t<meta property=\"og:image:type\" content=\"image\/jpeg\" \/>\n<meta name=\"twitter:card\" content=\"summary_large_image\" \/>\n<meta name=\"twitter:label1\" content=\"Temps estimat de lectura\" \/>\n\t<meta name=\"twitter:data1\" content=\"7 minuts\" \/>\n<script type=\"application\/ld+json\" class=\"yoast-schema-graph\">{\"@context\":\"https:\/\/schema.org\",\"@graph\":[{\"@type\":\"WebPage\",\"@id\":\"https:\/\/alberguevallada.com\/turismo-activo\/\",\"url\":\"https:\/\/alberguevallada.com\/turismo-activo\/\",\"name\":\"Turismo activo en Vallada - Albergue Las Ermitas de Vallada\",\"isPartOf\":{\"@id\":\"https:\/\/alberguevallada.com\/#website\"},\"primaryImageOfPage\":{\"@id\":\"https:\/\/alberguevallada.com\/turismo-activo\/#primaryimage\"},\"image\":{\"@id\":\"https:\/\/alberguevallada.com\/turismo-activo\/#primaryimage\"},\"thumbnailUrl\":\"https:\/\/alberguevallada.com\/wp-content\/uploads\/2025\/06\/turismo-activo-en-vallada.jpg\",\"datePublished\":\"2025-03-12T13:11:17+00:00\",\"dateModified\":\"2025-06-05T08:59:10+00:00\",\"description\":\"Disfruta del turismo activo en Vallada con rutas de senderismo, ciclismo y aventura en plena naturaleza. Explora paisajes \u00fanicos y vive la experiencia.\",\"breadcrumb\":{\"@id\":\"https:\/\/alberguevallada.com\/turismo-activo\/#breadcrumb\"},\"inLanguage\":\"ca\",\"potentialAction\":[{\"@type\":\"ReadAction\",\"target\":[\"https:\/\/alberguevallada.com\/turismo-activo\/\"]}]},{\"@type\":\"ImageObject\",\"inLanguage\":\"ca\",\"@id\":\"https:\/\/alberguevallada.com\/turismo-activo\/#primaryimage\",\"url\":\"https:\/\/alberguevallada.com\/wp-content\/uploads\/2025\/06\/turismo-activo-en-vallada.jpg\",\"contentUrl\":\"https:\/\/alberguevallada.com\/wp-content\/uploads\/2025\/06\/turismo-activo-en-vallada.jpg\"},{\"@type\":\"BreadcrumbList\",\"@id\":\"https:\/\/alberguevallada.com\/turismo-activo\/#breadcrumb\",\"itemListElement\":[{\"@type\":\"ListItem\",\"position\":1,\"name\":\"Portada\",\"item\":\"https:\/\/alberguevallada.com\/\"},{\"@type\":\"ListItem\",\"position\":2,\"name\":\"Turismo activo\"}]},{\"@type\":\"WebSite\",\"@id\":\"https:\/\/alberguevallada.com\/#website\",\"url\":\"https:\/\/alberguevallada.com\/\",\"name\":\"Albergue Las Ermitas de Vallada\",\"description\":\"Naturaleza, deporte y buena comida\",\"publisher\":{\"@id\":\"https:\/\/alberguevallada.com\/#organization\"},\"potentialAction\":[{\"@type\":\"SearchAction\",\"target\":{\"@type\":\"EntryPoint\",\"urlTemplate\":\"https:\/\/alberguevallada.com\/?s={search_term_string}\"},\"query-input\":{\"@type\":\"PropertyValueSpecification\",\"valueRequired\":true,\"valueName\":\"search_term_string\"}}],\"inLanguage\":\"ca\"},{\"@type\":\"Organization\",\"@id\":\"https:\/\/alberguevallada.com\/#organization\",\"name\":\"Albergue Las Ermitas de Vallada\",\"url\":\"https:\/\/alberguevallada.com\/\",\"logo\":{\"@type\":\"ImageObject\",\"inLanguage\":\"ca\",\"@id\":\"https:\/\/alberguevallada.com\/#\/schema\/logo\/image\/\",\"url\":\"https:\/\/alberguevallada.com\/wp-content\/uploads\/2023\/02\/fav.png\",\"contentUrl\":\"https:\/\/alberguevallada.com\/wp-content\/uploads\/2023\/02\/fav.png\",\"width\":512,\"height\":512,\"caption\":\"Albergue Las Ermitas de Vallada\"},\"image\":{\"@id\":\"https:\/\/alberguevallada.com\/#\/schema\/logo\/image\/\"}}]}<\/script>\n<!-- \/ Yoast SEO plugin. -->","yoast_head_json":{"title":"Turisme actiu a Vallada - Alberg Les Ermites de Vallada","description":"Gaudeix del turisme actiu a Vallada amb rutes de senderisme, ciclisme i aventura en plena natura. Explora paisatges \u00fanics i viu lexperi\u00e8ncia.","robots":{"index":"index","follow":"follow","max-snippet":"max-snippet:-1","max-image-preview":"max-image-preview:large","max-video-preview":"max-video-preview:-1"},"canonical":"https:\/\/alberguevallada.com\/val\/turisme-actiu\/","og_locale":"ca_ES","og_type":"article","og_title":"Turismo activo en Vallada - Albergue Las Ermitas de Vallada","og_description":"Disfruta del turismo activo en Vallada con rutas de senderismo, ciclismo y aventura en plena naturaleza. Explora paisajes \u00fanicos y vive la experiencia.","og_url":"https:\/\/alberguevallada.com\/val\/turisme-actiu\/","og_site_name":"Albergue Las Ermitas de Vallada","article_modified_time":"2025-06-05T08:59:10+00:00","og_image":[{"width":450,"height":450,"url":"https:\/\/alberguevallada.com\/wp-content\/uploads\/2025\/06\/turismo-activo-en-vallada.jpg","type":"image\/jpeg"}],"twitter_card":"summary_large_image","twitter_misc":{"Temps estimat de lectura":"7 minuts"},"schema":{"@context":"https:\/\/schema.org","@graph":[{"@type":"WebPage","@id":"https:\/\/alberguevallada.com\/turismo-activo\/","url":"https:\/\/alberguevallada.com\/turismo-activo\/","name":"Turisme actiu a Vallada - Alberg Les Ermites de Vallada","isPartOf":{"@id":"https:\/\/alberguevallada.com\/#website"},"primaryImageOfPage":{"@id":"https:\/\/alberguevallada.com\/turismo-activo\/#primaryimage"},"image":{"@id":"https:\/\/alberguevallada.com\/turismo-activo\/#primaryimage"},"thumbnailUrl":"https:\/\/alberguevallada.com\/wp-content\/uploads\/2025\/06\/turismo-activo-en-vallada.jpg","datePublished":"2025-03-12T13:11:17+00:00","dateModified":"2025-06-05T08:59:10+00:00","description":"Gaudeix del turisme actiu a Vallada amb rutes de senderisme, ciclisme i aventura en plena natura. Explora paisatges \u00fanics i viu lexperi\u00e8ncia.","breadcrumb":{"@id":"https:\/\/alberguevallada.com\/turismo-activo\/#breadcrumb"},"inLanguage":"ca","potentialAction":[{"@type":"ReadAction","target":["https:\/\/alberguevallada.com\/turismo-activo\/"]}]},{"@type":"ImageObject","inLanguage":"ca","@id":"https:\/\/alberguevallada.com\/turismo-activo\/#primaryimage","url":"https:\/\/alberguevallada.com\/wp-content\/uploads\/2025\/06\/turismo-activo-en-vallada.jpg","contentUrl":"https:\/\/alberguevallada.com\/wp-content\/uploads\/2025\/06\/turismo-activo-en-vallada.jpg"},{"@type":"BreadcrumbList","@id":"https:\/\/alberguevallada.com\/turismo-activo\/#breadcrumb","itemListElement":[{"@type":"ListItem","position":1,"name":"Portada","item":"https:\/\/alberguevallada.com\/"},{"@type":"ListItem","position":2,"name":"Turismo activo"}]},{"@type":"WebSite","@id":"https:\/\/alberguevallada.com\/#website","url":"https:\/\/alberguevallada.com\/","name":"Alberg Les Ermites de Vallada","description":"Natura, esport i bon menjar","publisher":{"@id":"https:\/\/alberguevallada.com\/#organization"},"potentialAction":[{"@type":"SearchAction","target":{"@type":"EntryPoint","urlTemplate":"https:\/\/alberguevallada.com\/?s={search_term_string}"},"query-input":{"@type":"PropertyValueSpecification","valueRequired":true,"valueName":"search_term_string"}}],"inLanguage":"ca"},{"@type":"Organization","@id":"https:\/\/alberguevallada.com\/#organization","name":"Alberg Les Ermites de Vallada","url":"https:\/\/alberguevallada.com\/","logo":{"@type":"ImageObject","inLanguage":"ca","@id":"https:\/\/alberguevallada.com\/#\/schema\/logo\/image\/","url":"https:\/\/alberguevallada.com\/wp-content\/uploads\/2023\/02\/fav.png","contentUrl":"https:\/\/alberguevallada.com\/wp-content\/uploads\/2023\/02\/fav.png","width":512,"height":512,"caption":"Albergue Las Ermitas de Vallada"},"image":{"@id":"https:\/\/alberguevallada.com\/#\/schema\/logo\/image\/"}}]}},"_links":{"self":[{"href":"https:\/\/alberguevallada.com\/val\/wp-json\/wp\/v2\/pages\/1483","targetHints":{"allow":["GET"]}}],"collection":[{"href":"https:\/\/alberguevallada.com\/val\/wp-json\/wp\/v2\/pages"}],"about":[{"href":"https:\/\/alberguevallada.com\/val\/wp-json\/wp\/v2\/types\/page"}],"author":[{"embeddable":true,"href":"https:\/\/alberguevallada.com\/val\/wp-json\/wp\/v2\/users\/2"}],"replies":[{"embeddable":true,"href":"https:\/\/alberguevallada.com\/val\/wp-json\/wp\/v2\/comments?post=1483"}],"version-history":[{"count":13,"href":"https:\/\/alberguevallada.com\/val\/wp-json\/wp\/v2\/pages\/1483\/revisions"}],"predecessor-version":[{"id":1801,"href":"https:\/\/alberguevallada.com\/val\/wp-json\/wp\/v2\/pages\/1483\/revisions\/1801"}],"wp:attachment":[{"href":"https:\/\/alberguevallada.com\/val\/wp-json\/wp\/v2\/media?parent=1483"}],"curies":[{"name":"wp","href":"https:\/\/api.w.org\/{rel}","templated":true}]}}