{"id":1543,"date":"2025-04-04T06:35:35","date_gmt":"2025-04-04T06:35:35","guid":{"rendered":"https:\/\/alberguevallada.com\/?page_id=1543"},"modified":"2025-06-05T09:34:44","modified_gmt":"2025-06-05T09:34:44","slug":"conventions","status":"publish","type":"page","link":"https:\/\/alberguevallada.com\/fr\/conventions\/","title":{"rendered":"Conventions"},"content":{"rendered":"\t\t<div data-elementor-type=\"wp-page\" data-elementor-id=\"1543\" class=\"elementor elementor-1543\" data-elementor-post-type=\"page\">\n\t\t\t\t\t\t<section class=\"elementor-section elementor-top-section elementor-element elementor-element-04546dc elementor-section-full_width elementor-section-height-min-height elementor-section-height-default elementor-section-items-middle\" data-id=\"04546dc\" data-element_type=\"section\" data-e-type=\"section\" data-settings=\"{&quot;background_background&quot;:&quot;classic&quot;}\">\n\t\t\t\t\t\t<div class=\"elementor-container elementor-column-gap-default\">\n\t\t\t\t\t<div class=\"elementor-column elementor-col-100 elementor-top-column elementor-element elementor-element-4cb0c64\" data-id=\"4cb0c64\" data-element_type=\"column\" data-e-type=\"column\">\n\t\t\t<div class=\"elementor-widget-wrap elementor-element-populated\">\n\t\t\t\t\t\t<div class=\"elementor-element elementor-element-5e2ec24 elementor-widget elementor-widget-heading\" data-id=\"5e2ec24\" data-element_type=\"widget\" data-e-type=\"widget\" data-widget_type=\"heading.default\">\n\t\t\t\t<div class=\"elementor-widget-container\">\n\t\t\t\t\t<h1 class=\"elementor-heading-title elementor-size-default\">Alojamiento para convenciones en Vallada<\/h1>\t\t\t\t<\/div>\n\t\t\t\t<\/div>\n\t\t\t\t\t<\/div>\n\t\t<\/div>\n\t\t\t\t\t<\/div>\n\t\t<\/section>\n\t\t<div class=\"elementor-element elementor-element-3c786a6 e-flex e-con-boxed e-con e-parent\" data-id=\"3c786a6\" data-element_type=\"container\" data-e-type=\"container\">\n\t\t\t\t\t<div class=\"e-con-inner\">\n\t\t<div class=\"elementor-element elementor-element-6aa5b2d e-con-full e-flex e-con e-child\" data-id=\"6aa5b2d\" data-element_type=\"container\" data-e-type=\"container\">\n\t\t\t\t<div class=\"elementor-element elementor-element-cad15a8 elementor-widget elementor-widget-text-editor\" data-id=\"cad15a8\" data-element_type=\"widget\" data-e-type=\"widget\" data-widget_type=\"text-editor.default\">\n\t\t\t\t<div class=\"elementor-widget-container\">\n\t\t\t\t\t\t\t\t\t<p class=\"\" data-start=\"247\" data-end=\"717\">Organizar una convenci\u00f3n es mucho m\u00e1s que reunir personas en un mismo lugar; se trata de generar conexi\u00f3n, inspiraci\u00f3n y experiencias compartidas. Vallada es un enclave ideal para este tipo de eventos, gracias a su entorno natural, su ambiente tranquilo y su accesibilidad. Lejos del ruido urbano, pero con todo lo necesario para una estancia c\u00f3moda, es el destino perfecto para empresas, instituciones o colectivos que buscan celebrar convenciones con un valor a\u00f1adido.<\/p><h2 data-start=\"719\" data-end=\"776\"><strong>Propuestas para complementar tu convenci\u00f3n en Vallada<\/strong><\/h2><p class=\"\" data-start=\"778\" data-end=\"1040\"><strong data-start=\"778\" data-end=\"815\">Din\u00e1micas de grupo al aire libre:<\/strong><br data-start=\"815\" data-end=\"818\" \/>El entorno natural que rodea Las Ermitas permite realizar actividades de team building, talleres creativos o din\u00e1micas de cohesi\u00f3n en plena naturaleza. Perfecto para reforzar la colaboraci\u00f3n y la comunicaci\u00f3n en el equipo.<\/p><p class=\"\" data-start=\"1042\" data-end=\"1321\"><strong data-start=\"1042\" data-end=\"1084\">Ruta cultural por el patrimonio local:<\/strong><br data-start=\"1084\" data-end=\"1087\" \/>Vallada cuenta con un interesante legado hist\u00f3rico y cultural. Los participantes pueden disfrutar de visitas guiadas por el casco antiguo, la ermita del Santo Cristo o el entorno de la Cova de la Petxina, combinando trabajo y cultura.<\/p><p class=\"\" data-start=\"1323\" data-end=\"1593\"><strong data-start=\"1323\" data-end=\"1365\">Gastronom\u00eda local y catas organizadas:<\/strong><br data-start=\"1365\" data-end=\"1368\" \/>Nada como cerrar una jornada intensa con una degustaci\u00f3n de productos de la zona. Desde catas de aceite hasta men\u00fas tradicionales elaborados por productores locales, la experiencia gastron\u00f3mica tambi\u00e9n forma parte del evento.<\/p><p class=\"\" data-start=\"1595\" data-end=\"1896\">Tras un d\u00eda de actividades y reuniones, el <a href=\"https:\/\/alberguevallada.com\/\"><strong data-start=\"1638\" data-end=\"1676\">alojamiento Las Ermitas de Vallada<\/strong><\/a> ofrece todo lo necesario para el descanso: salas multiusos, habitaciones confortables, zonas comunes amplias y un entorno sereno que invita al relax. El lugar perfecto para seguir conectando tras la jornada profesional.<\/p>\t\t\t\t\t\t\t\t<\/div>\n\t\t\t\t<\/div>\n\t\t\t\t<div class=\"elementor-element elementor-element-1a201d7 elementor-align-center elementor-widget elementor-widget-button\" data-id=\"1a201d7\" data-element_type=\"widget\" data-e-type=\"widget\" data-widget_type=\"button.default\">\n\t\t\t\t<div class=\"elementor-widget-container\">\n\t\t\t\t\t\t\t\t\t<div class=\"elementor-button-wrapper\">\n\t\t\t\t\t<a class=\"elementor-button elementor-button-link elementor-size-sm\" href=\"https:\/\/alberguevallada.com\/experiencias\/\">\n\t\t\t\t\t\t<span class=\"elementor-button-content-wrapper\">\n\t\t\t\t\t\t\t\t\t<span class=\"elementor-button-text\">Consulta nuestras actividades para desconectar de las convenciones<\/span>\n\t\t\t\t\t<\/span>\n\t\t\t\t\t<\/a>\n\t\t\t\t<\/div>\n\t\t\t\t\t\t\t\t<\/div>\n\t\t\t\t<\/div>\n\t\t\t\t<\/div>\n\t\t<div class=\"elementor-element elementor-element-a6005fe e-con-full e-flex e-con e-child\" data-id=\"a6005fe\" data-element_type=\"container\" data-e-type=\"container\">\n\t\t\t\t<div class=\"elementor-element elementor-element-306be7b elementor-widget elementor-widget-image\" data-id=\"306be7b\" data-element_type=\"widget\" data-e-type=\"widget\" data-widget_type=\"image.default\">\n\t\t\t\t<div class=\"elementor-widget-container\">\n\t\t\t\t\t\t\t\t\t\t\t\t\t\t\t<img fetchpriority=\"high\" decoding=\"async\" width=\"450\" height=\"450\" src=\"https:\/\/alberguevallada.com\/wp-content\/uploads\/2025\/06\/albergue-vallada.jpg\" class=\"attachment-large size-large wp-image-1838\" alt=\"albergue vallada\" srcset=\"https:\/\/alberguevallada.com\/wp-content\/uploads\/2025\/06\/albergue-vallada.jpg 450w, https:\/\/alberguevallada.com\/wp-content\/uploads\/2025\/06\/albergue-vallada-300x300.jpg 300w, https:\/\/alberguevallada.com\/wp-content\/uploads\/2025\/06\/albergue-vallada-150x150.jpg 150w, https:\/\/alberguevallada.com\/wp-content\/uploads\/2025\/06\/albergue-vallada-12x12.jpg 12w\" sizes=\"(max-width: 450px) 100vw, 450px\" \/>\t\t\t\t\t\t\t\t\t\t\t\t\t\t\t<\/div>\n\t\t\t\t<\/div>\n\t\t\t\t<\/div>\n\t\t\t\t\t<\/div>\n\t\t\t\t<\/div>\n\t\t<div class=\"elementor-element elementor-element-eb611b5 e-flex e-con-boxed e-con e-parent\" data-id=\"eb611b5\" data-element_type=\"container\" data-e-type=\"container\" data-settings=\"{&quot;background_background&quot;:&quot;classic&quot;}\">\n\t\t\t\t\t<div class=\"e-con-inner\">\n\t\t\t\t<div class=\"elementor-element elementor-element-f6f97ad elementor-widget elementor-widget-heading\" data-id=\"f6f97ad\" data-element_type=\"widget\" data-e-type=\"widget\" data-widget_type=\"heading.default\">\n\t\t\t\t<div class=\"elementor-widget-container\">\n\t\t\t\t\t<h2 class=\"elementor-heading-title elementor-size-default\">Restaurante ideal para eventos y convenciones<\/h2>\t\t\t\t<\/div>\n\t\t\t\t<\/div>\n\t\t\t\t\t<\/div>\n\t\t\t\t<\/div>\n\t\t<div class=\"elementor-element elementor-element-8152c0d e-flex e-con-boxed e-con e-parent\" data-id=\"8152c0d\" data-element_type=\"container\" data-e-type=\"container\" data-settings=\"{&quot;background_background&quot;:&quot;classic&quot;}\">\n\t\t\t\t\t<div class=\"e-con-inner\">\n\t\t<div class=\"elementor-element elementor-element-6b8da26 e-con-full e-flex e-con e-child\" data-id=\"6b8da26\" data-element_type=\"container\" data-e-type=\"container\">\n\t\t\t\t<div class=\"elementor-element elementor-element-0e44143 elementor-widget elementor-widget-image\" data-id=\"0e44143\" data-element_type=\"widget\" data-e-type=\"widget\" data-widget_type=\"image.default\">\n\t\t\t\t<div class=\"elementor-widget-container\">\n\t\t\t\t\t\t\t\t\t\t\t\t\t\t\t<img decoding=\"async\" width=\"800\" height=\"534\" src=\"https:\/\/alberguevallada.com\/wp-content\/uploads\/2025\/01\/DSC7017-1024x683.jpg\" class=\"attachment-large size-large wp-image-1177\" alt=\"Noche\" srcset=\"https:\/\/alberguevallada.com\/wp-content\/uploads\/2025\/01\/DSC7017-1024x683.jpg 1024w, https:\/\/alberguevallada.com\/wp-content\/uploads\/2025\/01\/DSC7017-300x200.jpg 300w, https:\/\/alberguevallada.com\/wp-content\/uploads\/2025\/01\/DSC7017-768x513.jpg 768w, https:\/\/alberguevallada.com\/wp-content\/uploads\/2025\/01\/DSC7017-1536x1025.jpg 1536w, https:\/\/alberguevallada.com\/wp-content\/uploads\/2025\/01\/DSC7017-2048x1367.jpg 2048w\" sizes=\"(max-width: 800px) 100vw, 800px\" \/>\t\t\t\t\t\t\t\t\t\t\t\t\t\t\t<\/div>\n\t\t\t\t<\/div>\n\t\t\t\t<\/div>\n\t\t<div class=\"elementor-element elementor-element-53d179f e-con-full e-flex e-con e-child\" data-id=\"53d179f\" data-element_type=\"container\" data-e-type=\"container\">\n\t\t\t\t<div class=\"elementor-element elementor-element-202d8be elementor-widget elementor-widget-text-editor\" data-id=\"202d8be\" data-element_type=\"widget\" data-e-type=\"widget\" data-widget_type=\"text-editor.default\">\n\t\t\t\t<div class=\"elementor-widget-container\">\n\t\t\t\t\t\t\t\t\t<p class=\"\" data-start=\"220\" data-end=\"536\">El <strong data-start=\"223\" data-end=\"251\">Restaurante Serra Grossa<\/strong>, ubicado en el Albergue Las Ermitas de Vallada, es el complemento perfecto para cualquier convenci\u00f3n. Su ambiente amplio, tranquilo y rodeado de naturaleza crea el entorno ideal para relajarse y compartir una buena comida tras una jornada de trabajo, formaci\u00f3n o actividades de grupo.<\/p><p class=\"\" data-start=\"538\" data-end=\"892\">La propuesta gastron\u00f3mica se basa en productos frescos y de cercan\u00eda, con men\u00fas dise\u00f1ados para satisfacer a grupos profesionales y organizadores de eventos. Desde pausas para el caf\u00e9 hasta almuerzos formales o cenas distendidas, el restaurante ofrece opciones personalizadas que se adaptan a cada necesidad, siempre con un servicio profesional y cercano.<\/p><p class=\"\" data-start=\"894\" data-end=\"1213\">Si est\u00e1s organizando una convenci\u00f3n empresarial, una jornada t\u00e9cnica o un encuentro institucional, el <strong data-start=\"996\" data-end=\"1024\">Restaurante Serra Grossa<\/strong> te ofrece una experiencia culinaria pensada para grupos. Platos sabrosos, atenci\u00f3n cuidada y el entorno natural de Vallada convierten cada comida en una oportunidad para seguir conectando.<\/p>\t\t\t\t\t\t\t\t<\/div>\n\t\t\t\t<\/div>\n\t\t\t\t<div class=\"elementor-element elementor-element-7b84de1 elementor-align-center elementor-widget elementor-widget-button\" data-id=\"7b84de1\" data-element_type=\"widget\" data-e-type=\"widget\" data-widget_type=\"button.default\">\n\t\t\t\t<div class=\"elementor-widget-container\">\n\t\t\t\t\t\t\t\t\t<div class=\"elementor-button-wrapper\">\n\t\t\t\t\t<a class=\"elementor-button elementor-button-link elementor-size-sm\" href=\"https:\/\/alberguevallada.com\/restaurante\/\">\n\t\t\t\t\t\t<span class=\"elementor-button-content-wrapper\">\n\t\t\t\t\t\t\t\t\t<span class=\"elementor-button-text\">Reserva en el restaurante Serra Grossa<\/span>\n\t\t\t\t\t<\/span>\n\t\t\t\t\t<\/a>\n\t\t\t\t<\/div>\n\t\t\t\t\t\t\t\t<\/div>\n\t\t\t\t<\/div>\n\t\t\t\t<\/div>\n\t\t\t\t\t<\/div>\n\t\t\t\t<\/div>\n\t\t<div class=\"elementor-element elementor-element-8b72cc5 e-flex e-con-boxed e-con e-parent\" data-id=\"8b72cc5\" data-element_type=\"container\" data-e-type=\"container\" data-settings=\"{&quot;background_background&quot;:&quot;classic&quot;}\">\n\t\t\t\t\t<div class=\"e-con-inner\">\n\t\t\t\t<div class=\"elementor-element elementor-element-2c87d18 elementor-widget elementor-widget-heading\" data-id=\"2c87d18\" data-element_type=\"widget\" data-e-type=\"widget\" data-widget_type=\"heading.default\">\n\t\t\t\t<div class=\"elementor-widget-container\">\n\t\t\t\t\t<h2 class=\"elementor-heading-title elementor-size-default\">D\u00f3nde alojarse en grupo en Vallada<\/h2>\t\t\t\t<\/div>\n\t\t\t\t<\/div>\n\t\t<div class=\"elementor-element elementor-element-81023c9 e-con-full e-flex e-con e-child\" data-id=\"81023c9\" data-element_type=\"container\" data-e-type=\"container\" data-settings=\"{&quot;background_background&quot;:&quot;classic&quot;}\">\n\t\t<div class=\"elementor-element elementor-element-ec64f9b e-con-full e-flex e-con e-child\" data-id=\"ec64f9b\" data-element_type=\"container\" data-e-type=\"container\">\n\t\t\t\t<div class=\"elementor-element elementor-element-146732f elementor-position-top elementor-widget elementor-widget-image-box\" data-id=\"146732f\" data-element_type=\"widget\" data-e-type=\"widget\" data-widget_type=\"image-box.default\">\n\t\t\t\t<div class=\"elementor-widget-container\">\n\t\t\t\t\t<div class=\"elementor-image-box-wrapper\"><figure class=\"elementor-image-box-img\"><a href=\"https:\/\/alberguevallada.com\/habitacion-familiar\/\" tabindex=\"-1\"><img decoding=\"async\" width=\"800\" height=\"534\" src=\"https:\/\/alberguevallada.com\/wp-content\/uploads\/2023\/10\/DSC6870-copia.jpg\" class=\"attachment-full size-full wp-image-761\" alt=\"Habitacion familiar\" srcset=\"https:\/\/alberguevallada.com\/wp-content\/uploads\/2023\/10\/DSC6870-copia.jpg 800w, https:\/\/alberguevallada.com\/wp-content\/uploads\/2023\/10\/DSC6870-copia-300x200.jpg 300w, https:\/\/alberguevallada.com\/wp-content\/uploads\/2023\/10\/DSC6870-copia-768x513.jpg 768w\" sizes=\"(max-width: 800px) 100vw, 800px\" \/><\/a><\/figure><div class=\"elementor-image-box-content\"><h3 class=\"elementor-image-box-title\"><a href=\"https:\/\/alberguevallada.com\/habitacion-familiar\/\">Habitaci\u00f3n familiar<\/a><\/h3><\/div><\/div>\t\t\t\t<\/div>\n\t\t\t\t<\/div>\n\t\t\t\t<\/div>\n\t\t<div class=\"elementor-element elementor-element-55dff95 e-con-full e-flex e-con e-child\" data-id=\"55dff95\" data-element_type=\"container\" data-e-type=\"container\">\n\t\t\t\t<div class=\"elementor-element elementor-element-c64a9a1 elementor-position-top elementor-widget elementor-widget-image-box\" data-id=\"c64a9a1\" data-element_type=\"widget\" data-e-type=\"widget\" data-widget_type=\"image-box.default\">\n\t\t\t\t<div class=\"elementor-widget-container\">\n\t\t\t\t\t<div class=\"elementor-image-box-wrapper\"><figure class=\"elementor-image-box-img\"><a href=\"https:\/\/alberguevallada.com\/habitacion-matrimonio\/\" tabindex=\"-1\"><img loading=\"lazy\" decoding=\"async\" width=\"1766\" height=\"1179\" src=\"https:\/\/alberguevallada.com\/wp-content\/uploads\/2023\/10\/DSC6897-copia.jpg\" class=\"attachment-full size-full wp-image-790\" alt=\"\" srcset=\"https:\/\/alberguevallada.com\/wp-content\/uploads\/2023\/10\/DSC6897-copia.jpg 1766w, https:\/\/alberguevallada.com\/wp-content\/uploads\/2023\/10\/DSC6897-copia-300x200.jpg 300w, https:\/\/alberguevallada.com\/wp-content\/uploads\/2023\/10\/DSC6897-copia-1024x684.jpg 1024w, https:\/\/alberguevallada.com\/wp-content\/uploads\/2023\/10\/DSC6897-copia-768x513.jpg 768w, https:\/\/alberguevallada.com\/wp-content\/uploads\/2023\/10\/DSC6897-copia-1536x1025.jpg 1536w\" sizes=\"(max-width: 1766px) 100vw, 1766px\" \/><\/a><\/figure><div class=\"elementor-image-box-content\"><h3 class=\"elementor-image-box-title\"><a href=\"https:\/\/alberguevallada.com\/habitacion-matrimonio\/\">Habitaci\u00f3n de matrimonio<\/a><\/h3><\/div><\/div>\t\t\t\t<\/div>\n\t\t\t\t<\/div>\n\t\t\t\t<\/div>\n\t\t<div class=\"elementor-element elementor-element-bfaf858 e-con-full e-flex e-con e-child\" data-id=\"bfaf858\" data-element_type=\"container\" data-e-type=\"container\">\n\t\t\t\t<div class=\"elementor-element elementor-element-3826d28 elementor-position-top elementor-widget elementor-widget-image-box\" data-id=\"3826d28\" data-element_type=\"widget\" data-e-type=\"widget\" data-widget_type=\"image-box.default\">\n\t\t\t\t<div class=\"elementor-widget-container\">\n\t\t\t\t\t<div class=\"elementor-image-box-wrapper\"><figure class=\"elementor-image-box-img\"><a href=\"https:\/\/alberguevallada.com\/habitacion-doble-adaptada\/\" tabindex=\"-1\"><img loading=\"lazy\" decoding=\"async\" width=\"800\" height=\"534\" src=\"https:\/\/alberguevallada.com\/wp-content\/uploads\/2025\/06\/habitacion-doble-adaptada.jpg\" class=\"attachment-full size-full wp-image-1784\" alt=\"habitaci\u00f3n doble adaptada\" srcset=\"https:\/\/alberguevallada.com\/wp-content\/uploads\/2025\/06\/habitacion-doble-adaptada.jpg 800w, https:\/\/alberguevallada.com\/wp-content\/uploads\/2025\/06\/habitacion-doble-adaptada-300x200.jpg 300w, https:\/\/alberguevallada.com\/wp-content\/uploads\/2025\/06\/habitacion-doble-adaptada-768x513.jpg 768w, https:\/\/alberguevallada.com\/wp-content\/uploads\/2025\/06\/habitacion-doble-adaptada-18x12.jpg 18w\" sizes=\"(max-width: 800px) 100vw, 800px\" \/><\/a><\/figure><div class=\"elementor-image-box-content\"><h3 class=\"elementor-image-box-title\"><a href=\"https:\/\/alberguevallada.com\/habitacion-doble-adaptada\/\">Habitaci\u00f3n doble adaptada<\/a><\/h3><\/div><\/div>\t\t\t\t<\/div>\n\t\t\t\t<\/div>\n\t\t\t\t<\/div>\n\t\t\t\t<\/div>\n\t\t\t\t\t<\/div>\n\t\t\t\t<\/div>\n\t\t\t\t<section class=\"elementor-section elementor-top-section elementor-element elementor-element-34931d7 elementor-section-boxed elementor-section-height-default elementor-section-height-default\" data-id=\"34931d7\" data-element_type=\"section\" data-e-type=\"section\">\n\t\t\t\t\t\t<div class=\"elementor-container elementor-column-gap-default\">\n\t\t\t\t\t<div class=\"elementor-column elementor-col-50 elementor-top-column elementor-element elementor-element-ef36792\" data-id=\"ef36792\" data-element_type=\"column\" data-e-type=\"column\">\n\t\t\t<div class=\"elementor-widget-wrap elementor-element-populated\">\n\t\t\t\t\t\t<div class=\"elementor-element elementor-element-aa3fd40 elementor-widget elementor-widget-heading\" data-id=\"aa3fd40\" data-element_type=\"widget\" data-e-type=\"widget\" data-widget_type=\"heading.default\">\n\t\t\t\t<div class=\"elementor-widget-container\">\n\t\t\t\t\t<h2 class=\"elementor-heading-title elementor-size-default\">Contacta con nosotros para reservar el alojamiento para tus convenciones<\/h2>\t\t\t\t<\/div>\n\t\t\t\t<\/div>\n\t\t\t\t<div class=\"elementor-element elementor-element-1deead3 elementor-widget-divider--view-line elementor-widget elementor-widget-divider\" data-id=\"1deead3\" data-element_type=\"widget\" data-e-type=\"widget\" data-widget_type=\"divider.default\">\n\t\t\t\t<div class=\"elementor-widget-container\">\n\t\t\t\t\t\t\t<div class=\"elementor-divider\">\n\t\t\t<span class=\"elementor-divider-separator\">\n\t\t\t\t\t\t<\/span>\n\t\t<\/div>\n\t\t\t\t\t\t<\/div>\n\t\t\t\t<\/div>\n\t\t\t\t<div class=\"elementor-element elementor-element-d1a5375 elementor-icon-list--layout-traditional elementor-list-item-link-full_width elementor-widget elementor-widget-icon-list\" data-id=\"d1a5375\" data-element_type=\"widget\" data-e-type=\"widget\" data-widget_type=\"icon-list.default\">\n\t\t\t\t<div class=\"elementor-widget-container\">\n\t\t\t\t\t\t\t<ul class=\"elementor-icon-list-items\">\n\t\t\t\t\t\t\t<li class=\"elementor-icon-list-item\">\n\t\t\t\t\t\t\t\t\t\t\t<a href=\"tel:+34601612912\">\n\n\t\t\t\t\t\t\t\t\t\t\t\t<span class=\"elementor-icon-list-icon\">\n\t\t\t\t\t\t\t<i aria-hidden=\"true\" class=\"fas fa-phone-alt\"><\/i>\t\t\t\t\t\t<\/span>\n\t\t\t\t\t\t\t\t\t\t<span class=\"elementor-icon-list-text\">+34 601 612 912<\/span>\n\t\t\t\t\t\t\t\t\t\t\t<\/a>\n\t\t\t\t\t\t\t\t\t<\/li>\n\t\t\t\t\t\t\t\t<li class=\"elementor-icon-list-item\">\n\t\t\t\t\t\t\t\t\t\t\t<a href=\"mailto:info@alberguevallada.com\">\n\n\t\t\t\t\t\t\t\t\t\t\t\t<span class=\"elementor-icon-list-icon\">\n\t\t\t\t\t\t\t<i aria-hidden=\"true\" class=\"fas fa-envelope\"><\/i>\t\t\t\t\t\t<\/span>\n\t\t\t\t\t\t\t\t\t\t<span class=\"elementor-icon-list-text\">info@alberguevallada.com<\/span>\n\t\t\t\t\t\t\t\t\t\t\t<\/a>\n\t\t\t\t\t\t\t\t\t<\/li>\n\t\t\t\t\t\t\t\t<li class=\"elementor-icon-list-item\">\n\t\t\t\t\t\t\t\t\t\t\t<a href=\"https:\/\/www.google.com\/maps?cid=7627273298858668232\">\n\n\t\t\t\t\t\t\t\t\t\t\t\t<span class=\"elementor-icon-list-icon\">\n\t\t\t\t\t\t\t<i aria-hidden=\"true\" class=\"fas fa-map-marker-alt\"><\/i>\t\t\t\t\t\t<\/span>\n\t\t\t\t\t\t\t\t\t\t<span class=\"elementor-icon-list-text\">Pol\u00edgono 11, parcela 77 46691 Vallada Valencia<\/span>\n\t\t\t\t\t\t\t\t\t\t\t<\/a>\n\t\t\t\t\t\t\t\t\t<\/li>\n\t\t\t\t\t\t<\/ul>\n\t\t\t\t\t\t<\/div>\n\t\t\t\t<\/div>\n\t\t\t\t<div class=\"elementor-element elementor-element-e6aa639 elementor-widget-divider--view-line elementor-widget elementor-widget-divider\" data-id=\"e6aa639\" data-element_type=\"widget\" data-e-type=\"widget\" data-widget_type=\"divider.default\">\n\t\t\t\t<div class=\"elementor-widget-container\">\n\t\t\t\t\t\t\t<div class=\"elementor-divider\">\n\t\t\t<span class=\"elementor-divider-separator\">\n\t\t\t\t\t\t<\/span>\n\t\t<\/div>\n\t\t\t\t\t\t<\/div>\n\t\t\t\t<\/div>\n\t\t\t\t\t<\/div>\n\t\t<\/div>\n\t\t\t\t<div class=\"elementor-column elementor-col-50 elementor-top-column elementor-element elementor-element-de343b6\" data-id=\"de343b6\" data-element_type=\"column\" data-e-type=\"column\" id=\"contacto\">\n\t\t\t<div class=\"elementor-widget-wrap elementor-element-populated\">\n\t\t\t\t\t\t<div class=\"elementor-element elementor-element-ceeb57c elementor-widget elementor-widget-shortcode\" data-id=\"ceeb57c\" data-element_type=\"widget\" data-e-type=\"widget\" data-widget_type=\"shortcode.default\">\n\t\t\t\t<div class=\"elementor-widget-container\">\n\t\t\t\t\t\t\t<div class=\"elementor-shortcode\">\n<div class=\"wpcf7 no-js\" id=\"wpcf7-f1214-o1\" lang=\"es-ES\" dir=\"ltr\" data-wpcf7-id=\"1214\">\n<div class=\"screen-reader-response\"><p role=\"status\" aria-live=\"polite\" aria-atomic=\"true\"><\/p> <ul><\/ul><\/div>\n<form action=\"\/fr\/wp-json\/wp\/v2\/pages\/1543#wpcf7-f1214-o1\" method=\"post\" class=\"wpcf7-form init\" aria-label=\"Formulario de contacto\" novalidate=\"novalidate\" data-status=\"init\">\n<fieldset class=\"hidden-fields-container\"><input type=\"hidden\" name=\"_wpcf7\" value=\"1214\" \/><input type=\"hidden\" name=\"_wpcf7_version\" value=\"6.1.5\" \/><input type=\"hidden\" name=\"_wpcf7_locale\" value=\"es_ES\" \/><input type=\"hidden\" name=\"_wpcf7_unit_tag\" value=\"wpcf7-f1214-o1\" \/><input type=\"hidden\" name=\"_wpcf7_container_post\" value=\"0\" \/><input type=\"hidden\" name=\"_wpcf7_posted_data_hash\" value=\"\" \/><input type=\"hidden\" name=\"_wpcf7_recaptcha_response\" value=\"\" \/>\n<\/fieldset>\n<style>\n.custom-form-container {\n max-width: 600px;\n margin: auto;\n padding: 20px;\n background: #f8f8f8;\n border-radius: 10px;\n box-shadow: 0px 4px 10px rgba(0, 0, 0, 0.1);\n}\n\n.custom-form-container label {\n display: block;\n font-weight: bold;\n margin-bottom: 5px;\n color: #333;\n}\n\n.custom-input, .custom-textarea {\n width: 100%;\n padding: 10px;\n margin-bottom: 15px;\n border: 1px solid #ccc;\n border-radius: 5px;\n font-size: 16px;\n transition: 0.3s;\n}\n\n.custom-input:focus, .custom-textarea:focus {\n border-color: #0073e6;\n box-shadow: 0px 0px 5px rgba(0, 115, 230, 0.5);\n}\n\n.custom-textarea {\n height: 120px;\n resize: none;\n}\n\n.custom-submit-container {\n text-align: center;\n}\n\ninput[type=\"submit\"] {\n background: #0073e6;\n color: white;\n border: none;\n padding: 12px 20px;\n font-size: 16px;\n border-radius: 5px;\n cursor: pointer;\n transition: 0.3s;\n}\n\ninput[type=\"submit\"]:hover {\n background: #005bb5;\n}\n<\/style>\n<div class=\"custom-form-container\">\n\t<p><label for=\"your-name\">Tu nombre<\/label><br \/>\n<span class=\"wpcf7-form-control-wrap\" data-name=\"your-name\"><input size=\"40\" maxlength=\"400\" class=\"wpcf7-form-control wpcf7-text wpcf7-validates-as-required custom-input\" autocomplete=\"name\" aria-required=\"true\" aria-invalid=\"false\" placeholder=\"Introduce tu nombre\" value=\"\" type=\"text\" name=\"your-name\" \/><\/span>\n\t<\/p>\n\t<p><label for=\"your-email\">Tu correo electr\u00f3nico<\/label><br \/>\n<span class=\"wpcf7-form-control-wrap\" data-name=\"your-email\"><input size=\"40\" maxlength=\"400\" class=\"wpcf7-form-control wpcf7-email wpcf7-validates-as-required wpcf7-text wpcf7-validates-as-email custom-input\" autocomplete=\"email\" aria-required=\"true\" aria-invalid=\"false\" placeholder=\"Introduce tu correo electr\u00f3nico\" value=\"\" type=\"email\" name=\"your-email\" \/><\/span>\n\t<\/p>\n\t<p><label for=\"your-subject\">Asunto<\/label><br \/>\n<span class=\"wpcf7-form-control-wrap\" data-name=\"your-subject\"><input size=\"40\" maxlength=\"400\" class=\"wpcf7-form-control wpcf7-text wpcf7-validates-as-required custom-input\" aria-required=\"true\" aria-invalid=\"false\" placeholder=\"Escribe el asunto\" value=\"\" type=\"text\" name=\"your-subject\" \/><\/span>\n\t<\/p>\n\t<p><label for=\"your-message\">Tu mensaje (opcional)<\/label><br \/>\n<span class=\"wpcf7-form-control-wrap\" data-name=\"your-message\"><textarea cols=\"40\" rows=\"10\" maxlength=\"2000\" class=\"wpcf7-form-control wpcf7-textarea custom-textarea\" aria-invalid=\"false\" placeholder=\"Escribe tu mensaje aqu\u00ed\" name=\"your-message\"><\/textarea><\/span>\n\t<\/p>\n\t<div class=\"custom-submit-container\">\n\t\t<p><input class=\"wpcf7-form-control wpcf7-submit has-spinner\" type=\"submit\" value=\"Enviar\" \/>\n\t\t<\/p>\n\t<\/div>\n<\/div><div class=\"wpcf7-response-output\" aria-hidden=\"true\"><\/div>\n<\/form>\n<\/div>\n<\/div>\n\t\t\t\t\t\t<\/div>\n\t\t\t\t<\/div>\n\t\t\t\t\t<\/div>\n\t\t<\/div>\n\t\t\t\t\t<\/div>\n\t\t<\/section>\n\t\t<div class=\"elementor-element elementor-element-3e45114 e-flex e-con-boxed e-con e-parent\" data-id=\"3e45114\" data-element_type=\"container\" data-e-type=\"container\">\n\t\t\t\t\t<div class=\"e-con-inner\">\n\t\t\t\t<div class=\"elementor-element elementor-element-8e5f61a elementor-widget elementor-widget-heading\" data-id=\"8e5f61a\" data-element_type=\"widget\" data-e-type=\"widget\" data-widget_type=\"heading.default\">\n\t\t\t\t<div class=\"elementor-widget-container\">\n\t\t\t\t\t<h2 class=\"elementor-heading-title elementor-size-default\">Preguntas frecuentes sobre alojarte para convenciones en Vallada<\/h2>\t\t\t\t<\/div>\n\t\t\t\t<\/div>\n\t\t\t\t<div class=\"elementor-element elementor-element-72f7243 elementor-widget elementor-widget-n-accordion\" data-id=\"72f7243\" data-element_type=\"widget\" data-e-type=\"widget\" data-settings=\"{&quot;default_state&quot;:&quot;expanded&quot;,&quot;max_items_expended&quot;:&quot;one&quot;,&quot;n_accordion_animation_duration&quot;:{&quot;unit&quot;:&quot;ms&quot;,&quot;size&quot;:400,&quot;sizes&quot;:[]}}\" data-widget_type=\"nested-accordion.default\">\n\t\t\t\t<div class=\"elementor-widget-container\">\n\t\t\t\t\t\t\t<div class=\"e-n-accordion\" aria-label=\"Accordion. Open links with Enter or Space, close with Escape, and navigate with Arrow Keys\">\n\t\t\t\t\t\t<details id=\"e-n-accordion-item-1200\" class=\"e-n-accordion-item\" open>\n\t\t\t\t<summary class=\"e-n-accordion-item-title\" data-accordion-index=\"1\" tabindex=\"0\" aria-expanded=\"true\" aria-controls=\"e-n-accordion-item-1200\" >\n\t\t\t\t\t<span class='e-n-accordion-item-title-header'><h3 class=\"e-n-accordion-item-title-text\"> \u00bfQu\u00e9 tipo de convenciones se pueden organizar en Las Ermitas de Vallada? <\/h3><\/span>\n\t\t\t\t\t\t\t<span class='e-n-accordion-item-title-icon'>\n\t\t\t<span class='e-opened' ><i aria-hidden=\"true\" class=\"fas fa-minus\"><\/i><\/span>\n\t\t\t<span class='e-closed'><i aria-hidden=\"true\" class=\"fas fa-plus\"><\/i><\/span>\n\t\t<\/span>\n\n\t\t\t\t\t\t<\/summary>\n\t\t\t\t<div role=\"region\" aria-labelledby=\"e-n-accordion-item-1200\" class=\"elementor-element elementor-element-0296648 e-con-full e-flex e-con e-child\" data-id=\"0296648\" data-element_type=\"container\" data-e-type=\"container\">\n\t\t\t\t<div class=\"elementor-element elementor-element-be8d04a elementor-widget elementor-widget-text-editor\" data-id=\"be8d04a\" data-element_type=\"widget\" data-e-type=\"widget\" data-widget_type=\"text-editor.default\">\n\t\t\t\t<div class=\"elementor-widget-container\">\n\t\t\t\t\t\t\t\t\t<p data-start=\"151\" data-end=\"283\">En Las Ermitas se pueden organizar convenciones empresariales, encuentros profesionales, jornadas de formaci\u00f3n, reuniones institucionales o convivencias de asociaciones. Contamos con espacios vers\u00e1tiles y equipamiento para adaptarnos a las necesidades de cada grupo.<\/p>\t\t\t\t\t\t\t\t<\/div>\n\t\t\t\t<\/div>\n\t\t\t\t<\/div>\n\t\t\t\t\t<\/details>\n\t\t\t\t\t\t<details id=\"e-n-accordion-item-1201\" class=\"e-n-accordion-item\" >\n\t\t\t\t<summary class=\"e-n-accordion-item-title\" data-accordion-index=\"2\" tabindex=\"-1\" aria-expanded=\"false\" aria-controls=\"e-n-accordion-item-1201\" >\n\t\t\t\t\t<span class='e-n-accordion-item-title-header'><h3 class=\"e-n-accordion-item-title-text\"> \u00bfEl albergue dispone de salas para reuniones o actividades? <\/h3><\/span>\n\t\t\t\t\t\t\t<span class='e-n-accordion-item-title-icon'>\n\t\t\t<span class='e-opened' ><i aria-hidden=\"true\" class=\"fas fa-minus\"><\/i><\/span>\n\t\t\t<span class='e-closed'><i aria-hidden=\"true\" class=\"fas fa-plus\"><\/i><\/span>\n\t\t<\/span>\n\n\t\t\t\t\t\t<\/summary>\n\t\t\t\t<div role=\"region\" aria-labelledby=\"e-n-accordion-item-1201\" class=\"elementor-element elementor-element-741e360 e-con-full e-flex e-con e-child\" data-id=\"741e360\" data-element_type=\"container\" data-e-type=\"container\">\n\t\t\t\t<div class=\"elementor-element elementor-element-c0af473 elementor-widget elementor-widget-text-editor\" data-id=\"c0af473\" data-element_type=\"widget\" data-e-type=\"widget\" data-widget_type=\"text-editor.default\">\n\t\t\t\t<div class=\"elementor-widget-container\">\n\t\t\t\t\t\t\t\t\t<p data-pm-slice=\"1 1 []\">S\u00ed, el albergue cuenta con salas multiusos equipadas para reuniones, talleres, charlas y presentaciones. Adem\u00e1s, el entorno natural permite realizar actividades al aire libre ideales para el trabajo en equipo o din\u00e1micas de grupo.<\/p>\t\t\t\t\t\t\t\t<\/div>\n\t\t\t\t<\/div>\n\t\t\t\t<\/div>\n\t\t\t\t\t<\/details>\n\t\t\t\t\t\t<details id=\"e-n-accordion-item-1202\" class=\"e-n-accordion-item\" >\n\t\t\t\t<summary class=\"e-n-accordion-item-title\" data-accordion-index=\"3\" tabindex=\"-1\" aria-expanded=\"false\" aria-controls=\"e-n-accordion-item-1202\" >\n\t\t\t\t\t<span class='e-n-accordion-item-title-header'><h3 class=\"e-n-accordion-item-title-text\"> \u00bfCu\u00e1ntas personas pueden alojarse en el albergue? <\/h3><\/span>\n\t\t\t\t\t\t\t<span class='e-n-accordion-item-title-icon'>\n\t\t\t<span class='e-opened' ><i aria-hidden=\"true\" class=\"fas fa-minus\"><\/i><\/span>\n\t\t\t<span class='e-closed'><i aria-hidden=\"true\" class=\"fas fa-plus\"><\/i><\/span>\n\t\t<\/span>\n\n\t\t\t\t\t\t<\/summary>\n\t\t\t\t<div role=\"region\" aria-labelledby=\"e-n-accordion-item-1202\" class=\"elementor-element elementor-element-90cd3bc e-con-full e-flex e-con e-child\" data-id=\"90cd3bc\" data-element_type=\"container\" data-e-type=\"container\">\n\t\t\t\t<div class=\"elementor-element elementor-element-3fb2579 elementor-widget elementor-widget-text-editor\" data-id=\"3fb2579\" data-element_type=\"widget\" data-e-type=\"widget\" data-widget_type=\"text-editor.default\">\n\t\t\t\t<div class=\"elementor-widget-container\">\n\t\t\t\t\t\t\t\t\t<p data-pm-slice=\"1 1 []\">Las instalaciones del albergue pueden alojar c\u00f3modamente a grupos numerosos. Disponemos de diferentes tipos de habitaciones y literas, perfectas para convenciones que requieren estancia conjunta y convivencia.<\/p>\t\t\t\t\t\t\t\t<\/div>\n\t\t\t\t<\/div>\n\t\t\t\t<\/div>\n\t\t\t\t\t<\/details>\n\t\t\t\t\t\t<details id=\"e-n-accordion-item-1203\" class=\"e-n-accordion-item\" >\n\t\t\t\t<summary class=\"e-n-accordion-item-title\" data-accordion-index=\"4\" tabindex=\"-1\" aria-expanded=\"false\" aria-controls=\"e-n-accordion-item-1203\" >\n\t\t\t\t\t<span class='e-n-accordion-item-title-header'><h3 class=\"e-n-accordion-item-title-text\"> \u00bfEs posible organizar actividades complementarias durante la convenci\u00f3n? <\/h3><\/span>\n\t\t\t\t\t\t\t<span class='e-n-accordion-item-title-icon'>\n\t\t\t<span class='e-opened' ><i aria-hidden=\"true\" class=\"fas fa-minus\"><\/i><\/span>\n\t\t\t<span class='e-closed'><i aria-hidden=\"true\" class=\"fas fa-plus\"><\/i><\/span>\n\t\t<\/span>\n\n\t\t\t\t\t\t<\/summary>\n\t\t\t\t<div role=\"region\" aria-labelledby=\"e-n-accordion-item-1203\" class=\"elementor-element elementor-element-944bf65 e-con-full e-flex e-con e-child\" data-id=\"944bf65\" data-element_type=\"container\" data-e-type=\"container\">\n\t\t\t\t<div class=\"elementor-element elementor-element-e75dba6 elementor-widget elementor-widget-text-editor\" data-id=\"e75dba6\" data-element_type=\"widget\" data-e-type=\"widget\" data-widget_type=\"text-editor.default\">\n\t\t\t\t<div class=\"elementor-widget-container\">\n\t\t\t\t\t\t\t\t\t<p data-start=\"1224\" data-end=\"1278\">Por supuesto. Podemos ayudarte a planificar rutas culturales, visitas a productores locales, actividades de naturaleza y propuestas de ocio que completen la experiencia de tu convenci\u00f3n en Vallada.<\/p>\t\t\t\t\t\t\t\t<\/div>\n\t\t\t\t<\/div>\n\t\t\t\t<\/div>\n\t\t\t\t\t<\/details>\n\t\t\t\t\t\t<details id=\"e-n-accordion-item-1204\" class=\"e-n-accordion-item\" >\n\t\t\t\t<summary class=\"e-n-accordion-item-title\" data-accordion-index=\"5\" tabindex=\"-1\" aria-expanded=\"false\" aria-controls=\"e-n-accordion-item-1204\" >\n\t\t\t\t\t<span class='e-n-accordion-item-title-header'><h3 class=\"e-n-accordion-item-title-text\"> \u00bfCu\u00e1l es la mejor forma de reservar para un grupo o evento? <\/h3><\/span>\n\t\t\t\t\t\t\t<span class='e-n-accordion-item-title-icon'>\n\t\t\t<span class='e-opened' ><i aria-hidden=\"true\" class=\"fas fa-minus\"><\/i><\/span>\n\t\t\t<span class='e-closed'><i aria-hidden=\"true\" class=\"fas fa-plus\"><\/i><\/span>\n\t\t<\/span>\n\n\t\t\t\t\t\t<\/summary>\n\t\t\t\t<div role=\"region\" aria-labelledby=\"e-n-accordion-item-1204\" class=\"elementor-element elementor-element-1fc22bd e-con-full e-flex e-con e-child\" data-id=\"1fc22bd\" data-element_type=\"container\" data-e-type=\"container\">\n\t\t\t\t<div class=\"elementor-element elementor-element-04a314c elementor-widget elementor-widget-text-editor\" data-id=\"04a314c\" data-element_type=\"widget\" data-e-type=\"widget\" data-widget_type=\"text-editor.default\">\n\t\t\t\t<div class=\"elementor-widget-container\">\n\t\t\t\t\t\t\t\t\t<p data-pm-slice=\"1 1 []\">Te recomendamos contactar con antelaci\u00f3n a trav\u00e9s de nuestro formulario web, correo electr\u00f3nico o por tel\u00e9fono. As\u00ed podremos ofrecerte un presupuesto personalizado y reservar los espacios y servicios necesarios para tu evento.<\/p>\t\t\t\t\t\t\t\t<\/div>\n\t\t\t\t<\/div>\n\t\t\t\t<\/div>\n\t\t\t\t\t<\/details>\n\t\t\t\t\t\t<details id=\"e-n-accordion-item-1205\" class=\"e-n-accordion-item\" >\n\t\t\t\t<summary class=\"e-n-accordion-item-title\" data-accordion-index=\"6\" tabindex=\"-1\" aria-expanded=\"false\" aria-controls=\"e-n-accordion-item-1205\" >\n\t\t\t\t\t<span class='e-n-accordion-item-title-header'><h3 class=\"e-n-accordion-item-title-text\"> \u00bfEl albergue cuenta con equipamiento audiovisual para presentaciones? <\/h3><\/span>\n\t\t\t\t\t\t\t<span class='e-n-accordion-item-title-icon'>\n\t\t\t<span class='e-opened' ><i aria-hidden=\"true\" class=\"fas fa-minus\"><\/i><\/span>\n\t\t\t<span class='e-closed'><i aria-hidden=\"true\" class=\"fas fa-plus\"><\/i><\/span>\n\t\t<\/span>\n\n\t\t\t\t\t\t<\/summary>\n\t\t\t\t<div role=\"region\" aria-labelledby=\"e-n-accordion-item-1205\" class=\"elementor-element elementor-element-c7dbe59 e-con-full e-flex e-con e-child\" data-id=\"c7dbe59\" data-element_type=\"container\" data-e-type=\"container\">\n\t\t\t\t<div class=\"elementor-element elementor-element-8155396 elementor-widget elementor-widget-text-editor\" data-id=\"8155396\" data-element_type=\"widget\" data-e-type=\"widget\" data-widget_type=\"text-editor.default\">\n\t\t\t\t<div class=\"elementor-widget-container\">\n\t\t\t\t\t\t\t\t\t<p data-pm-slice=\"1 1 []\">S\u00ed, disponemos de proyector, pantalla, equipo de sonido y conexi\u00f3n Wi-Fi para facilitar presentaciones, ponencias o sesiones formativas. Si necesitas alg\u00fan recurso adicional, podemos ayudarte a gestionarlo con antelaci\u00f3n.<\/p>\t\t\t\t\t\t\t\t<\/div>\n\t\t\t\t<\/div>\n\t\t\t\t<\/div>\n\t\t\t\t\t<\/details>\n\t\t\t\t\t<\/div>\n\t\t\t\t\t\t<\/div>\n\t\t\t\t<\/div>\n\t\t\t\t\t<\/div>\n\t\t\t\t<\/div>\n\t\t<div class=\"elementor-element elementor-element-deaf957 e-con-full e-flex e-con e-parent\" data-id=\"deaf957\" data-element_type=\"container\" data-e-type=\"container\" data-settings=\"{&quot;background_background&quot;:&quot;classic&quot;}\">\n\t\t<div class=\"elementor-element elementor-element-feee163 e-con-full e-flex e-con e-child\" data-id=\"feee163\" data-element_type=\"container\" data-e-type=\"container\">\n\t\t\t\t<div class=\"elementor-element elementor-element-bb07aaf elementor-widget elementor-widget-html\" data-id=\"bb07aaf\" data-element_type=\"widget\" data-e-type=\"widget\" data-widget_type=\"html.default\">\n\t\t\t\t<div class=\"elementor-widget-container\">\n\t\t\t\t\t<iframe src=\"https:\/\/www.google.com\/maps\/embed?pb=!1m18!1m12!1m3!1d3105.4511410838745!2d-0.6874879236551222!3d38.8907975470929!2m3!1f0!2f0!3f0!3m2!1i1024!2i768!4f13.1!3m3!1m2!1s0xd6171e56c08cbd9%3A0x69d984a77f4af0c8!2sAlbergue%20Las%20Ermitas%20de%20Vallada!5e0!3m2!1ses!2ses!4v1743683647313!5m2!1ses!2ses\" width=\"600\" height=\"450\" style=\"border:0;\" allowfullscreen=\"\" loading=\"lazy\" referrerpolicy=\"no-referrer-when-downgrade\"><\/iframe>\t\t\t\t<\/div>\n\t\t\t\t<\/div>\n\t\t\t\t<\/div>\n\t\t\t\t<\/div>\n\t\t\t\t<\/div>\n\t\t","protected":false},"excerpt":{"rendered":"<p>Alojamiento para convenciones en Vallada Organizar una convenci\u00f3n es mucho m\u00e1s que reunir personas en un mismo lugar; se trata de generar conexi\u00f3n, inspiraci\u00f3n y experiencias compartidas. Vallada es un enclave ideal para este tipo de eventos, gracias a su entorno natural, su ambiente tranquilo y su accesibilidad. Lejos del ruido urbano, pero con todo [&hellip;]<\/p>\n","protected":false},"author":2,"featured_media":0,"parent":0,"menu_order":0,"comment_status":"closed","ping_status":"closed","template":"","meta":{"footnotes":""},"class_list":["post-1543","page","type-page","status-publish","hentry"],"yoast_head":"<!-- This site is optimized with the Yoast SEO plugin v25.1 - https:\/\/yoast.com\/wordpress\/plugins\/seo\/ -->\n<title>Alojamiento para convenciones - Las Ermitas de Vallada<\/title>\n<meta name=\"description\" content=\"Alojamiento para convenciones en Vallada. Descansa, celebra y conecta en Las Ermitas, un espacio \u00fanico rodeado de naturaleza y tranquilidad.\" \/>\n<meta name=\"robots\" content=\"index, follow, max-snippet:-1, max-image-preview:large, max-video-preview:-1\" \/>\n<link rel=\"canonical\" href=\"https:\/\/alberguevallada.com\/fr\/conventions\/\" \/>\n<meta property=\"og:locale\" content=\"fr_FR\" \/>\n<meta property=\"og:type\" content=\"article\" \/>\n<meta property=\"og:title\" content=\"Alojamiento para convenciones - Las Ermitas de Vallada\" \/>\n<meta property=\"og:description\" content=\"Alojamiento para convenciones en Vallada. Descansa, celebra y conecta en Las Ermitas, un espacio \u00fanico rodeado de naturaleza y tranquilidad.\" \/>\n<meta property=\"og:url\" content=\"https:\/\/alberguevallada.com\/fr\/conventions\/\" \/>\n<meta property=\"og:site_name\" content=\"Albergue Las Ermitas de Vallada\" \/>\n<meta property=\"article:modified_time\" content=\"2025-06-05T09:34:44+00:00\" \/>\n<meta property=\"og:image\" content=\"https:\/\/alberguevallada.com\/wp-content\/uploads\/2025\/06\/albergue-vallada.jpg\" \/>\n\t<meta property=\"og:image:width\" content=\"450\" \/>\n\t<meta property=\"og:image:height\" content=\"450\" \/>\n\t<meta property=\"og:image:type\" content=\"image\/jpeg\" \/>\n<meta name=\"twitter:card\" content=\"summary_large_image\" \/>\n<meta name=\"twitter:label1\" content=\"Dur\u00e9e de lecture estim\u00e9e\" \/>\n\t<meta name=\"twitter:data1\" content=\"5 minutes\" \/>\n<script type=\"application\/ld+json\" class=\"yoast-schema-graph\">{\"@context\":\"https:\/\/schema.org\",\"@graph\":[{\"@type\":\"WebPage\",\"@id\":\"https:\/\/alberguevallada.com\/convenciones\/\",\"url\":\"https:\/\/alberguevallada.com\/convenciones\/\",\"name\":\"Alojamiento para convenciones - Las Ermitas de Vallada\",\"isPartOf\":{\"@id\":\"https:\/\/alberguevallada.com\/#website\"},\"primaryImageOfPage\":{\"@id\":\"https:\/\/alberguevallada.com\/convenciones\/#primaryimage\"},\"image\":{\"@id\":\"https:\/\/alberguevallada.com\/convenciones\/#primaryimage\"},\"thumbnailUrl\":\"https:\/\/alberguevallada.com\/wp-content\/uploads\/2025\/06\/albergue-vallada.jpg\",\"datePublished\":\"2025-04-04T06:35:35+00:00\",\"dateModified\":\"2025-06-05T09:34:44+00:00\",\"description\":\"Alojamiento para convenciones en Vallada. Descansa, celebra y conecta en Las Ermitas, un espacio \u00fanico rodeado de naturaleza y tranquilidad.\",\"breadcrumb\":{\"@id\":\"https:\/\/alberguevallada.com\/convenciones\/#breadcrumb\"},\"inLanguage\":\"fr-FR\",\"potentialAction\":[{\"@type\":\"ReadAction\",\"target\":[\"https:\/\/alberguevallada.com\/convenciones\/\"]}]},{\"@type\":\"ImageObject\",\"inLanguage\":\"fr-FR\",\"@id\":\"https:\/\/alberguevallada.com\/convenciones\/#primaryimage\",\"url\":\"https:\/\/alberguevallada.com\/wp-content\/uploads\/2025\/06\/albergue-vallada.jpg\",\"contentUrl\":\"https:\/\/alberguevallada.com\/wp-content\/uploads\/2025\/06\/albergue-vallada.jpg\"},{\"@type\":\"BreadcrumbList\",\"@id\":\"https:\/\/alberguevallada.com\/convenciones\/#breadcrumb\",\"itemListElement\":[{\"@type\":\"ListItem\",\"position\":1,\"name\":\"Portada\",\"item\":\"https:\/\/alberguevallada.com\/\"},{\"@type\":\"ListItem\",\"position\":2,\"name\":\"Convenciones\"}]},{\"@type\":\"WebSite\",\"@id\":\"https:\/\/alberguevallada.com\/#website\",\"url\":\"https:\/\/alberguevallada.com\/\",\"name\":\"Albergue Las Ermitas de Vallada\",\"description\":\"Naturaleza, deporte y buena comida\",\"publisher\":{\"@id\":\"https:\/\/alberguevallada.com\/#organization\"},\"potentialAction\":[{\"@type\":\"SearchAction\",\"target\":{\"@type\":\"EntryPoint\",\"urlTemplate\":\"https:\/\/alberguevallada.com\/?s={search_term_string}\"},\"query-input\":{\"@type\":\"PropertyValueSpecification\",\"valueRequired\":true,\"valueName\":\"search_term_string\"}}],\"inLanguage\":\"fr-FR\"},{\"@type\":\"Organization\",\"@id\":\"https:\/\/alberguevallada.com\/#organization\",\"name\":\"Albergue Las Ermitas de Vallada\",\"url\":\"https:\/\/alberguevallada.com\/\",\"logo\":{\"@type\":\"ImageObject\",\"inLanguage\":\"fr-FR\",\"@id\":\"https:\/\/alberguevallada.com\/#\/schema\/logo\/image\/\",\"url\":\"https:\/\/alberguevallada.com\/wp-content\/uploads\/2023\/02\/fav.png\",\"contentUrl\":\"https:\/\/alberguevallada.com\/wp-content\/uploads\/2023\/02\/fav.png\",\"width\":512,\"height\":512,\"caption\":\"Albergue Las Ermitas de Vallada\"},\"image\":{\"@id\":\"https:\/\/alberguevallada.com\/#\/schema\/logo\/image\/\"}}]}<\/script>\n<!-- \/ Yoast SEO plugin. -->","yoast_head_json":{"title":"H\u00e9bergement pour congr\u00e8s - Las Ermitas de Vallada","description":"H\u00e9bergement de congr\u00e8s \u00e0 Vallada. D\u00e9tendez-vous, c\u00e9l\u00e9brez et connectez-vous \u00e0 Las Ermitas, un espace unique entour\u00e9 de nature et de tranquillit\u00e9.","robots":{"index":"index","follow":"follow","max-snippet":"max-snippet:-1","max-image-preview":"max-image-preview:large","max-video-preview":"max-video-preview:-1"},"canonical":"https:\/\/alberguevallada.com\/fr\/conventions\/","og_locale":"fr_FR","og_type":"article","og_title":"Alojamiento para convenciones - Las Ermitas de Vallada","og_description":"Alojamiento para convenciones en Vallada. Descansa, celebra y conecta en Las Ermitas, un espacio \u00fanico rodeado de naturaleza y tranquilidad.","og_url":"https:\/\/alberguevallada.com\/fr\/conventions\/","og_site_name":"Albergue Las Ermitas de Vallada","article_modified_time":"2025-06-05T09:34:44+00:00","og_image":[{"width":450,"height":450,"url":"https:\/\/alberguevallada.com\/wp-content\/uploads\/2025\/06\/albergue-vallada.jpg","type":"image\/jpeg"}],"twitter_card":"summary_large_image","twitter_misc":{"Dur\u00e9e de lecture estim\u00e9e":"5 minutes"},"schema":{"@context":"https:\/\/schema.org","@graph":[{"@type":"WebPage","@id":"https:\/\/alberguevallada.com\/convenciones\/","url":"https:\/\/alberguevallada.com\/convenciones\/","name":"H\u00e9bergement pour congr\u00e8s - Las Ermitas de Vallada","isPartOf":{"@id":"https:\/\/alberguevallada.com\/#website"},"primaryImageOfPage":{"@id":"https:\/\/alberguevallada.com\/convenciones\/#primaryimage"},"image":{"@id":"https:\/\/alberguevallada.com\/convenciones\/#primaryimage"},"thumbnailUrl":"https:\/\/alberguevallada.com\/wp-content\/uploads\/2025\/06\/albergue-vallada.jpg","datePublished":"2025-04-04T06:35:35+00:00","dateModified":"2025-06-05T09:34:44+00:00","description":"H\u00e9bergement de congr\u00e8s \u00e0 Vallada. D\u00e9tendez-vous, c\u00e9l\u00e9brez et connectez-vous \u00e0 Las Ermitas, un espace unique entour\u00e9 de nature et de tranquillit\u00e9.","breadcrumb":{"@id":"https:\/\/alberguevallada.com\/convenciones\/#breadcrumb"},"inLanguage":"fr-FR","potentialAction":[{"@type":"ReadAction","target":["https:\/\/alberguevallada.com\/convenciones\/"]}]},{"@type":"ImageObject","inLanguage":"fr-FR","@id":"https:\/\/alberguevallada.com\/convenciones\/#primaryimage","url":"https:\/\/alberguevallada.com\/wp-content\/uploads\/2025\/06\/albergue-vallada.jpg","contentUrl":"https:\/\/alberguevallada.com\/wp-content\/uploads\/2025\/06\/albergue-vallada.jpg"},{"@type":"BreadcrumbList","@id":"https:\/\/alberguevallada.com\/convenciones\/#breadcrumb","itemListElement":[{"@type":"ListItem","position":1,"name":"Portada","item":"https:\/\/alberguevallada.com\/"},{"@type":"ListItem","position":2,"name":"Convenciones"}]},{"@type":"WebSite","@id":"https:\/\/alberguevallada.com\/#website","url":"https:\/\/alberguevallada.com\/","name":"Auberge Las Ermitas de Vallada","description":"Nature, sport et bonne cuisine","publisher":{"@id":"https:\/\/alberguevallada.com\/#organization"},"potentialAction":[{"@type":"SearchAction","target":{"@type":"EntryPoint","urlTemplate":"https:\/\/alberguevallada.com\/?s={search_term_string}"},"query-input":{"@type":"PropertyValueSpecification","valueRequired":true,"valueName":"search_term_string"}}],"inLanguage":"fr-FR"},{"@type":"Organization","@id":"https:\/\/alberguevallada.com\/#organization","name":"Auberge Las Ermitas de Vallada","url":"https:\/\/alberguevallada.com\/","logo":{"@type":"ImageObject","inLanguage":"fr-FR","@id":"https:\/\/alberguevallada.com\/#\/schema\/logo\/image\/","url":"https:\/\/alberguevallada.com\/wp-content\/uploads\/2023\/02\/fav.png","contentUrl":"https:\/\/alberguevallada.com\/wp-content\/uploads\/2023\/02\/fav.png","width":512,"height":512,"caption":"Albergue Las Ermitas de Vallada"},"image":{"@id":"https:\/\/alberguevallada.com\/#\/schema\/logo\/image\/"}}]}},"_links":{"self":[{"href":"https:\/\/alberguevallada.com\/fr\/wp-json\/wp\/v2\/pages\/1543","targetHints":{"allow":["GET"]}}],"collection":[{"href":"https:\/\/alberguevallada.com\/fr\/wp-json\/wp\/v2\/pages"}],"about":[{"href":"https:\/\/alberguevallada.com\/fr\/wp-json\/wp\/v2\/types\/page"}],"author":[{"embeddable":true,"href":"https:\/\/alberguevallada.com\/fr\/wp-json\/wp\/v2\/users\/2"}],"replies":[{"embeddable":true,"href":"https:\/\/alberguevallada.com\/fr\/wp-json\/wp\/v2\/comments?post=1543"}],"version-history":[{"count":10,"href":"https:\/\/alberguevallada.com\/fr\/wp-json\/wp\/v2\/pages\/1543\/revisions"}],"predecessor-version":[{"id":1847,"href":"https:\/\/alberguevallada.com\/fr\/wp-json\/wp\/v2\/pages\/1543\/revisions\/1847"}],"wp:attachment":[{"href":"https:\/\/alberguevallada.com\/fr\/wp-json\/wp\/v2\/media?parent=1543"}],"curies":[{"name":"wp","href":"https:\/\/api.w.org\/{rel}","templated":true}]}}