{"id":1503,"date":"2025-03-12T14:37:46","date_gmt":"2025-03-12T14:37:46","guid":{"rendered":"https:\/\/alberguevallada.com\/?page_id=1503"},"modified":"2025-06-05T08:47:32","modified_gmt":"2025-06-05T08:47:32","slug":"oenotourisme-et-oleotourisme","status":"publish","type":"page","link":"https:\/\/alberguevallada.com\/fr\/oenotourisme-et-oleotourisme\/","title":{"rendered":"Oenotourisme et ol\u00e9otourisme"},"content":{"rendered":"\t\t<div data-elementor-type=\"wp-page\" data-elementor-id=\"1503\" class=\"elementor elementor-1503\" data-elementor-post-type=\"page\">\n\t\t\t\t\t\t<section class=\"elementor-section elementor-top-section elementor-element elementor-element-04546dc elementor-section-full_width elementor-section-height-min-height elementor-section-height-default elementor-section-items-middle\" data-id=\"04546dc\" data-element_type=\"section\" data-e-type=\"section\" data-settings=\"{&quot;background_background&quot;:&quot;classic&quot;}\">\n\t\t\t\t\t\t<div class=\"elementor-container elementor-column-gap-default\">\n\t\t\t\t\t<div class=\"elementor-column elementor-col-100 elementor-top-column elementor-element elementor-element-4cb0c64\" data-id=\"4cb0c64\" data-element_type=\"column\" data-e-type=\"column\">\n\t\t\t<div class=\"elementor-widget-wrap elementor-element-populated\">\n\t\t\t\t\t\t<div class=\"elementor-element elementor-element-5e2ec24 elementor-widget elementor-widget-heading\" data-id=\"5e2ec24\" data-element_type=\"widget\" data-e-type=\"widget\" data-widget_type=\"heading.default\">\n\t\t\t\t<div class=\"elementor-widget-container\">\n\t\t\t\t\t<h1 class=\"elementor-heading-title elementor-size-default\">Enoturismo y oleoturismo en Vallada<\/h1>\t\t\t\t<\/div>\n\t\t\t\t<\/div>\n\t\t\t\t\t<\/div>\n\t\t<\/div>\n\t\t\t\t\t<\/div>\n\t\t<\/section>\n\t\t<div class=\"elementor-element elementor-element-3c786a6 e-flex e-con-boxed e-con e-parent\" data-id=\"3c786a6\" data-element_type=\"container\" data-e-type=\"container\">\n\t\t\t\t\t<div class=\"e-con-inner\">\n\t\t<div class=\"elementor-element elementor-element-6aa5b2d e-con-full e-flex e-con e-child\" data-id=\"6aa5b2d\" data-element_type=\"container\" data-e-type=\"container\">\n\t\t\t\t<div class=\"elementor-element elementor-element-cad15a8 elementor-widget elementor-widget-text-editor\" data-id=\"cad15a8\" data-element_type=\"widget\" data-e-type=\"widget\" data-widget_type=\"text-editor.default\">\n\t\t\t\t<div class=\"elementor-widget-container\">\n\t\t\t\t\t\t\t\t\t<p data-start=\"47\" data-end=\"430\">Vallada es el destino perfecto para aquellos que buscan combinar la belleza natural con la rica tradici\u00f3n vitivin\u00edcola y ole\u00edcola de la Comunidad Valenciana. El <strong data-start=\"208\" data-end=\"222\">enoturismo<\/strong> y <strong data-start=\"225\" data-end=\"240\">oleoturismo<\/strong> en Vallada ofrecen experiencias aut\u00e9nticas, donde podr\u00e1s conocer el proceso de producci\u00f3n del vino y el aceite de oliva mientras disfrutas de paisajes impresionantes y de la historia local.<\/p>\n<h3 data-start=\"432\" data-end=\"505\"><strong data-start=\"436\" data-end=\"503\">Las mejores experiencias de enoturismo y oleoturismo en Vallada<\/strong><\/h3>\n<p data-start=\"507\" data-end=\"697\">\ud83c\udf47 <strong data-start=\"510\" data-end=\"538\">Tour por bodegas locales<\/strong>: Explora las bodegas de Vallada, donde conocer\u00e1s las t\u00e9cnicas de vinificaci\u00f3n y disfrutar\u00e1s de una cata de vinos aut\u00f3ctonos que destacan por su sabor \u00fanico.<\/p>\n<p data-start=\"699\" data-end=\"904\">\ud83c\udf31 <strong data-start=\"702\" data-end=\"730\">Catas de aceite de oliva<\/strong>: Vive una experiencia sensorial en almazaras locales, donde podr\u00e1s aprender sobre la producci\u00f3n del aceite de oliva virgen extra y degustar distintas variedades de aceite.<\/p>\n<p data-start=\"906\" data-end=\"1102\">\ud83d\udeb6\u200d\u2640\ufe0f <strong data-start=\"912\" data-end=\"938\">Ruta del vino y aceite<\/strong>: Disfruta de un recorrido guiado por los vi\u00f1edos y olivares de la regi\u00f3n, descubriendo la historia y las tradiciones que dan vida a estos productos emblem\u00e1ticos.<\/p>\n<p data-start=\"1104\" data-end=\"1325\">\ud83c\udf77 <strong data-start=\"1107\" data-end=\"1134\">Maridajes gastron\u00f3micos<\/strong>: Disfruta de una combinaci\u00f3n de los mejores vinos de Vallada con la gastronom\u00eda local en restaurantes y locales que te ofrecen un men\u00fa exclusivo para realzar los sabores del vino y aceite.<\/p>\n<p data-start=\"1327\" data-end=\"1529\">\ud83c\udf47 <strong data-start=\"1330\" data-end=\"1362\">Cultura vin\u00edcola y de aceite<\/strong>: Participa en talleres interactivos que te acercar\u00e1n a los secretos de la viticultura y la almazara, aprendiendo a reconocer los mejores aceites y vinos de la zona.<\/p>\n<p data-start=\"1531\" data-end=\"1787\">\ud83c\udfde\ufe0f <strong data-start=\"1535\" data-end=\"1563\">Senderismo entre vi\u00f1edos<\/strong>: Camina a trav\u00e9s de los hermosos paisajes de Vallada, rodeado de vi\u00f1edos y olivares, mientras aprendes sobre los cultivos y el proceso de producci\u00f3n que hacen de Vallada un lugar especial para el enoturismo y oleoturismo.<\/p>\t\t\t\t\t\t\t\t<\/div>\n\t\t\t\t<\/div>\n\t\t\t\t<div class=\"elementor-element elementor-element-1a201d7 elementor-align-center elementor-widget elementor-widget-button\" data-id=\"1a201d7\" data-element_type=\"widget\" data-e-type=\"widget\" data-widget_type=\"button.default\">\n\t\t\t\t<div class=\"elementor-widget-container\">\n\t\t\t\t\t\t\t\t\t<div class=\"elementor-button-wrapper\">\n\t\t\t\t\t<a class=\"elementor-button elementor-button-link elementor-size-sm\" href=\"https:\/\/alberguevallada.com\/experiencias\/\">\n\t\t\t\t\t\t<span class=\"elementor-button-content-wrapper\">\n\t\t\t\t\t\t\t\t\t<span class=\"elementor-button-text\">Descubre nuestras experiencias en Vallada<\/span>\n\t\t\t\t\t<\/span>\n\t\t\t\t\t<\/a>\n\t\t\t\t<\/div>\n\t\t\t\t\t\t\t\t<\/div>\n\t\t\t\t<\/div>\n\t\t\t\t<\/div>\n\t\t<div class=\"elementor-element elementor-element-a6005fe e-con-full e-flex e-con e-child\" data-id=\"a6005fe\" data-element_type=\"container\" data-e-type=\"container\">\n\t\t\t\t<div class=\"elementor-element elementor-element-306be7b elementor-widget elementor-widget-image\" data-id=\"306be7b\" data-element_type=\"widget\" data-e-type=\"widget\" data-widget_type=\"image.default\">\n\t\t\t\t<div class=\"elementor-widget-container\">\n\t\t\t\t\t\t\t\t\t\t\t\t\t\t\t<img fetchpriority=\"high\" decoding=\"async\" width=\"450\" height=\"450\" src=\"https:\/\/alberguevallada.com\/wp-content\/uploads\/2025\/06\/oleoturismo.jpg\" class=\"attachment-large size-large wp-image-1783\" alt=\"oleoturismo\" srcset=\"https:\/\/alberguevallada.com\/wp-content\/uploads\/2025\/06\/oleoturismo.jpg 450w, https:\/\/alberguevallada.com\/wp-content\/uploads\/2025\/06\/oleoturismo-300x300.jpg 300w, https:\/\/alberguevallada.com\/wp-content\/uploads\/2025\/06\/oleoturismo-150x150.jpg 150w, https:\/\/alberguevallada.com\/wp-content\/uploads\/2025\/06\/oleoturismo-12x12.jpg 12w\" sizes=\"(max-width: 450px) 100vw, 450px\" \/>\t\t\t\t\t\t\t\t\t\t\t\t\t\t\t<\/div>\n\t\t\t\t<\/div>\n\t\t\t\t<\/div>\n\t\t\t\t\t<\/div>\n\t\t\t\t<\/div>\n\t\t<div class=\"elementor-element elementor-element-eb611b5 e-flex e-con-boxed e-con e-parent\" data-id=\"eb611b5\" data-element_type=\"container\" data-e-type=\"container\" data-settings=\"{&quot;background_background&quot;:&quot;classic&quot;}\">\n\t\t\t\t\t<div class=\"e-con-inner\">\n\t\t\t\t<div class=\"elementor-element elementor-element-f6f97ad elementor-widget elementor-widget-heading\" data-id=\"f6f97ad\" data-element_type=\"widget\" data-e-type=\"widget\" data-widget_type=\"heading.default\">\n\t\t\t\t<div class=\"elementor-widget-container\">\n\t\t\t\t\t<h2 class=\"elementor-heading-title elementor-size-default\">D\u00f3nde comer despu\u00e9s de una jornada de enoturismo en Vallada<\/h2>\t\t\t\t<\/div>\n\t\t\t\t<\/div>\n\t\t\t\t\t<\/div>\n\t\t\t\t<\/div>\n\t\t<div class=\"elementor-element elementor-element-8152c0d e-flex e-con-boxed e-con e-parent\" data-id=\"8152c0d\" data-element_type=\"container\" data-e-type=\"container\" data-settings=\"{&quot;background_background&quot;:&quot;classic&quot;}\">\n\t\t\t\t\t<div class=\"e-con-inner\">\n\t\t<div class=\"elementor-element elementor-element-6b8da26 e-con-full e-flex e-con e-child\" data-id=\"6b8da26\" data-element_type=\"container\" data-e-type=\"container\">\n\t\t\t\t<div class=\"elementor-element elementor-element-0e44143 elementor-widget elementor-widget-image\" data-id=\"0e44143\" data-element_type=\"widget\" data-e-type=\"widget\" data-widget_type=\"image.default\">\n\t\t\t\t<div class=\"elementor-widget-container\">\n\t\t\t\t\t\t\t\t\t\t\t\t\t\t\t<img decoding=\"async\" width=\"800\" height=\"534\" src=\"https:\/\/alberguevallada.com\/wp-content\/uploads\/2025\/01\/DSC7017-1024x683.jpg\" class=\"attachment-large size-large wp-image-1177\" alt=\"Noche\" srcset=\"https:\/\/alberguevallada.com\/wp-content\/uploads\/2025\/01\/DSC7017-1024x683.jpg 1024w, https:\/\/alberguevallada.com\/wp-content\/uploads\/2025\/01\/DSC7017-300x200.jpg 300w, https:\/\/alberguevallada.com\/wp-content\/uploads\/2025\/01\/DSC7017-768x513.jpg 768w, https:\/\/alberguevallada.com\/wp-content\/uploads\/2025\/01\/DSC7017-1536x1025.jpg 1536w, https:\/\/alberguevallada.com\/wp-content\/uploads\/2025\/01\/DSC7017-2048x1367.jpg 2048w\" sizes=\"(max-width: 800px) 100vw, 800px\" \/>\t\t\t\t\t\t\t\t\t\t\t\t\t\t\t<\/div>\n\t\t\t\t<\/div>\n\t\t\t\t<\/div>\n\t\t<div class=\"elementor-element elementor-element-53d179f e-con-full e-flex e-con e-child\" data-id=\"53d179f\" data-element_type=\"container\" data-e-type=\"container\">\n\t\t\t\t<div class=\"elementor-element elementor-element-202d8be elementor-widget elementor-widget-text-editor\" data-id=\"202d8be\" data-element_type=\"widget\" data-e-type=\"widget\" data-widget_type=\"text-editor.default\">\n\t\t\t\t<div class=\"elementor-widget-container\">\n\t\t\t\t\t\t\t\t\t<p data-start=\"71\" data-end=\"442\">Despu\u00e9s de un d\u00eda explorando las bodegas y almazaras de Vallada, disfrutando de catas de vino y aceite, no hay mejor manera de culminar la experiencia que con una deliciosa comida. Si buscas un lugar acogedor para reponer fuerzas tras tu jornada de <strong data-start=\"320\" data-end=\"334\">enoturismo<\/strong>, el <strong data-start=\"339\" data-end=\"367\">Restaurante Serra Grossa<\/strong>, ubicado en el <strong data-start=\"383\" data-end=\"418\">Albergue Las Ermitas de Vallada<\/strong>, es la opci\u00f3n perfecta.<\/p>\n<p data-start=\"444\" data-end=\"779\">En un entorno natural impresionante, este restaurante ofrece un ambiente relajado y tranquilo, ideal para relajarte despu\u00e9s de tus aventuras en el mundo del vino y aceite. Su cocina, que utiliza productos locales y frescos, destaca por sus platos tradicionales y sabores aut\u00e9nticos que te permitir\u00e1n conocer mejor la gastronom\u00eda local.<\/p>\n<p data-start=\"781\" data-end=\"1061\">Ya sea que busques un almuerzo reconfortante tras una jornada de cata de vinos o un espacio agradable para disfrutar de una comida en buena compa\u00f1\u00eda, el <strong data-start=\"934\" data-end=\"962\">Restaurante Serra Grossa<\/strong> combina lo mejor de la <strong data-start=\"986\" data-end=\"1010\">gastronom\u00eda regional<\/strong> con un servicio cercano y un entorno incomparable.<\/p>\t\t\t\t\t\t\t\t<\/div>\n\t\t\t\t<\/div>\n\t\t\t\t<div class=\"elementor-element elementor-element-7b84de1 elementor-align-center elementor-widget elementor-widget-button\" data-id=\"7b84de1\" data-element_type=\"widget\" data-e-type=\"widget\" data-widget_type=\"button.default\">\n\t\t\t\t<div class=\"elementor-widget-container\">\n\t\t\t\t\t\t\t\t\t<div class=\"elementor-button-wrapper\">\n\t\t\t\t\t<a class=\"elementor-button elementor-button-link elementor-size-sm\" href=\"https:\/\/alberguevallada.com\/restaurante\/\">\n\t\t\t\t\t\t<span class=\"elementor-button-content-wrapper\">\n\t\t\t\t\t\t\t\t\t<span class=\"elementor-button-text\">Reserva en el restaurante Serra Grossa<\/span>\n\t\t\t\t\t<\/span>\n\t\t\t\t\t<\/a>\n\t\t\t\t<\/div>\n\t\t\t\t\t\t\t\t<\/div>\n\t\t\t\t<\/div>\n\t\t\t\t<\/div>\n\t\t\t\t\t<\/div>\n\t\t\t\t<\/div>\n\t\t<div class=\"elementor-element elementor-element-8b72cc5 e-flex e-con-boxed e-con e-parent\" data-id=\"8b72cc5\" data-element_type=\"container\" data-e-type=\"container\" data-settings=\"{&quot;background_background&quot;:&quot;classic&quot;}\">\n\t\t\t\t\t<div class=\"e-con-inner\">\n\t\t\t\t<div class=\"elementor-element elementor-element-2c87d18 elementor-widget elementor-widget-heading\" data-id=\"2c87d18\" data-element_type=\"widget\" data-e-type=\"widget\" data-widget_type=\"heading.default\">\n\t\t\t\t<div class=\"elementor-widget-container\">\n\t\t\t\t\t<h2 class=\"elementor-heading-title elementor-size-default\">D\u00f3nde alojarse cerca de Vallada<\/h2>\t\t\t\t<\/div>\n\t\t\t\t<\/div>\n\t\t<div class=\"elementor-element elementor-element-48b007b e-con-full e-flex e-con e-child\" data-id=\"48b007b\" data-element_type=\"container\" data-e-type=\"container\" data-settings=\"{&quot;background_background&quot;:&quot;classic&quot;}\">\n\t\t<div class=\"elementor-element elementor-element-a1964cb e-con-full e-flex e-con e-child\" data-id=\"a1964cb\" data-element_type=\"container\" data-e-type=\"container\">\n\t\t\t\t<div class=\"elementor-element elementor-element-d2fd607 elementor-position-top elementor-widget elementor-widget-image-box\" data-id=\"d2fd607\" data-element_type=\"widget\" data-e-type=\"widget\" data-widget_type=\"image-box.default\">\n\t\t\t\t<div class=\"elementor-widget-container\">\n\t\t\t\t\t<div class=\"elementor-image-box-wrapper\"><figure class=\"elementor-image-box-img\"><a href=\"https:\/\/alberguevallada.com\/habitacion-familiar\/\" tabindex=\"-1\"><img decoding=\"async\" width=\"800\" height=\"534\" src=\"https:\/\/alberguevallada.com\/wp-content\/uploads\/2023\/10\/DSC6870-copia.jpg\" class=\"attachment-full size-full wp-image-761\" alt=\"Habitacion familiar\" srcset=\"https:\/\/alberguevallada.com\/wp-content\/uploads\/2023\/10\/DSC6870-copia.jpg 800w, https:\/\/alberguevallada.com\/wp-content\/uploads\/2023\/10\/DSC6870-copia-300x200.jpg 300w, https:\/\/alberguevallada.com\/wp-content\/uploads\/2023\/10\/DSC6870-copia-768x513.jpg 768w\" sizes=\"(max-width: 800px) 100vw, 800px\" \/><\/a><\/figure><div class=\"elementor-image-box-content\"><h3 class=\"elementor-image-box-title\"><a href=\"https:\/\/alberguevallada.com\/habitacion-familiar\/\">Habitaci\u00f3n familiar<\/a><\/h3><\/div><\/div>\t\t\t\t<\/div>\n\t\t\t\t<\/div>\n\t\t\t\t<\/div>\n\t\t<div class=\"elementor-element elementor-element-8f0ba1f e-con-full e-flex e-con e-child\" data-id=\"8f0ba1f\" data-element_type=\"container\" data-e-type=\"container\">\n\t\t\t\t<div class=\"elementor-element elementor-element-a83565e elementor-position-top elementor-widget elementor-widget-image-box\" data-id=\"a83565e\" data-element_type=\"widget\" data-e-type=\"widget\" data-widget_type=\"image-box.default\">\n\t\t\t\t<div class=\"elementor-widget-container\">\n\t\t\t\t\t<div class=\"elementor-image-box-wrapper\"><figure class=\"elementor-image-box-img\"><a href=\"https:\/\/alberguevallada.com\/habitacion-matrimonio\/\" tabindex=\"-1\"><img loading=\"lazy\" decoding=\"async\" width=\"1766\" height=\"1179\" src=\"https:\/\/alberguevallada.com\/wp-content\/uploads\/2023\/10\/DSC6897-copia.jpg\" class=\"attachment-full size-full wp-image-790\" alt=\"\" srcset=\"https:\/\/alberguevallada.com\/wp-content\/uploads\/2023\/10\/DSC6897-copia.jpg 1766w, https:\/\/alberguevallada.com\/wp-content\/uploads\/2023\/10\/DSC6897-copia-300x200.jpg 300w, https:\/\/alberguevallada.com\/wp-content\/uploads\/2023\/10\/DSC6897-copia-1024x684.jpg 1024w, https:\/\/alberguevallada.com\/wp-content\/uploads\/2023\/10\/DSC6897-copia-768x513.jpg 768w, https:\/\/alberguevallada.com\/wp-content\/uploads\/2023\/10\/DSC6897-copia-1536x1025.jpg 1536w\" sizes=\"(max-width: 1766px) 100vw, 1766px\" \/><\/a><\/figure><div class=\"elementor-image-box-content\"><h3 class=\"elementor-image-box-title\"><a href=\"https:\/\/alberguevallada.com\/habitacion-matrimonio\/\">Habitaci\u00f3n de matrimonio<\/a><\/h3><\/div><\/div>\t\t\t\t<\/div>\n\t\t\t\t<\/div>\n\t\t\t\t<\/div>\n\t\t<div class=\"elementor-element elementor-element-69282c9 e-con-full e-flex e-con e-child\" data-id=\"69282c9\" data-element_type=\"container\" data-e-type=\"container\">\n\t\t\t\t<div class=\"elementor-element elementor-element-54c2a52 elementor-position-top elementor-widget elementor-widget-image-box\" data-id=\"54c2a52\" data-element_type=\"widget\" data-e-type=\"widget\" data-widget_type=\"image-box.default\">\n\t\t\t\t<div class=\"elementor-widget-container\">\n\t\t\t\t\t<div class=\"elementor-image-box-wrapper\"><figure class=\"elementor-image-box-img\"><a href=\"https:\/\/alberguevallada.com\/habitacion-doble-adaptada\/\" tabindex=\"-1\"><img loading=\"lazy\" decoding=\"async\" width=\"800\" height=\"534\" src=\"https:\/\/alberguevallada.com\/wp-content\/uploads\/2025\/06\/habitacion-doble-adaptada.jpg\" class=\"attachment-full size-full wp-image-1784\" alt=\"habitaci\u00f3n doble adaptada\" srcset=\"https:\/\/alberguevallada.com\/wp-content\/uploads\/2025\/06\/habitacion-doble-adaptada.jpg 800w, https:\/\/alberguevallada.com\/wp-content\/uploads\/2025\/06\/habitacion-doble-adaptada-300x200.jpg 300w, https:\/\/alberguevallada.com\/wp-content\/uploads\/2025\/06\/habitacion-doble-adaptada-768x513.jpg 768w, https:\/\/alberguevallada.com\/wp-content\/uploads\/2025\/06\/habitacion-doble-adaptada-18x12.jpg 18w\" sizes=\"(max-width: 800px) 100vw, 800px\" \/><\/a><\/figure><div class=\"elementor-image-box-content\"><h3 class=\"elementor-image-box-title\"><a href=\"https:\/\/alberguevallada.com\/habitacion-doble-adaptada\/\">Habitaci\u00f3n doble adaptada<\/a><\/h3><\/div><\/div>\t\t\t\t<\/div>\n\t\t\t\t<\/div>\n\t\t\t\t<\/div>\n\t\t\t\t<\/div>\n\t\t\t\t\t<\/div>\n\t\t\t\t<\/div>\n\t\t<div class=\"elementor-element elementor-element-d82bd5a e-flex e-con-boxed e-con e-parent\" data-id=\"d82bd5a\" data-element_type=\"container\" data-e-type=\"container\" data-settings=\"{&quot;background_background&quot;:&quot;classic&quot;}\">\n\t\t\t\t\t<div class=\"e-con-inner\">\n\t\t\t\t<div class=\"elementor-element elementor-element-06f280f elementor-widget elementor-widget-heading\" data-id=\"06f280f\" data-element_type=\"widget\" data-e-type=\"widget\" data-widget_type=\"heading.default\">\n\t\t\t\t<div class=\"elementor-widget-container\">\n\t\t\t\t\t<h2 class=\"elementor-heading-title elementor-size-default\">Otras actividades cerca de Vallada<\/h2>\t\t\t\t<\/div>\n\t\t\t\t<\/div>\n\t\t\t\t\t<\/div>\n\t\t\t\t<\/div>\n\t\t<div class=\"elementor-element elementor-element-57bf29a e-flex e-con-boxed e-con e-parent\" data-id=\"57bf29a\" data-element_type=\"container\" data-e-type=\"container\" data-settings=\"{&quot;background_background&quot;:&quot;classic&quot;}\">\n\t\t\t\t\t<div class=\"e-con-inner\">\n\t\t<div class=\"elementor-element elementor-element-0408d30 e-con-full e-flex e-con e-child\" data-id=\"0408d30\" data-element_type=\"container\" data-e-type=\"container\">\n\t\t\t\t<div class=\"elementor-element elementor-element-ca76de0 elementor-position-top elementor-widget elementor-widget-image-box\" data-id=\"ca76de0\" data-element_type=\"widget\" data-e-type=\"widget\" data-widget_type=\"image-box.default\">\n\t\t\t\t<div class=\"elementor-widget-container\">\n\t\t\t\t\t<div class=\"elementor-image-box-wrapper\"><figure class=\"elementor-image-box-img\"><a href=\"https:\/\/alberguevallada.com\/rutas-senderismo\/\" tabindex=\"-1\"><img loading=\"lazy\" decoding=\"async\" width=\"450\" height=\"300\" src=\"https:\/\/alberguevallada.com\/wp-content\/uploads\/2025\/03\/rutas-de-senderismo-cerca-de-Vallada-1.jpg\" class=\"attachment-full size-full wp-image-1485\" alt=\"rutas de senderismo cerca de Vallada\" srcset=\"https:\/\/alberguevallada.com\/wp-content\/uploads\/2025\/03\/rutas-de-senderismo-cerca-de-Vallada-1.jpg 450w, https:\/\/alberguevallada.com\/wp-content\/uploads\/2025\/03\/rutas-de-senderismo-cerca-de-Vallada-1-300x200.jpg 300w, https:\/\/alberguevallada.com\/wp-content\/uploads\/2025\/03\/rutas-de-senderismo-cerca-de-Vallada-1-18x12.jpg 18w\" sizes=\"(max-width: 450px) 100vw, 450px\" \/><\/a><\/figure><div class=\"elementor-image-box-content\"><h3 class=\"elementor-image-box-title\"><a href=\"https:\/\/alberguevallada.com\/rutas-senderismo\/\">Rutas De Senderismo<\/a><\/h3><\/div><\/div>\t\t\t\t<\/div>\n\t\t\t\t<\/div>\n\t\t\t\t<\/div>\n\t\t<div class=\"elementor-element elementor-element-aaa9964 e-con-full e-flex e-con e-child\" data-id=\"aaa9964\" data-element_type=\"container\" data-e-type=\"container\">\n\t\t\t\t<div class=\"elementor-element elementor-element-c40f90c elementor-position-top elementor-widget elementor-widget-image-box\" data-id=\"c40f90c\" data-element_type=\"widget\" data-e-type=\"widget\" data-widget_type=\"image-box.default\">\n\t\t\t\t<div class=\"elementor-widget-container\">\n\t\t\t\t\t<div class=\"elementor-image-box-wrapper\"><figure class=\"elementor-image-box-img\"><a href=\"https:\/\/alberguevallada.com\/turismo-activo\/\" tabindex=\"-1\"><img loading=\"lazy\" decoding=\"async\" width=\"450\" height=\"300\" src=\"https:\/\/alberguevallada.com\/wp-content\/uploads\/2025\/03\/turismo-activo.jpg\" class=\"attachment-full size-full wp-image-1471\" alt=\"turismo activo\" srcset=\"https:\/\/alberguevallada.com\/wp-content\/uploads\/2025\/03\/turismo-activo.jpg 450w, https:\/\/alberguevallada.com\/wp-content\/uploads\/2025\/03\/turismo-activo-300x200.jpg 300w, https:\/\/alberguevallada.com\/wp-content\/uploads\/2025\/03\/turismo-activo-18x12.jpg 18w\" sizes=\"(max-width: 450px) 100vw, 450px\" \/><\/a><\/figure><div class=\"elementor-image-box-content\"><h3 class=\"elementor-image-box-title\"><a href=\"https:\/\/alberguevallada.com\/turismo-activo\/\">Turismo Activo<\/a><\/h3><\/div><\/div>\t\t\t\t<\/div>\n\t\t\t\t<\/div>\n\t\t\t\t<\/div>\n\t\t<div class=\"elementor-element elementor-element-7d78d1c e-con-full e-flex e-con e-child\" data-id=\"7d78d1c\" data-element_type=\"container\" data-e-type=\"container\">\n\t\t\t\t<div class=\"elementor-element elementor-element-e8e1e7e elementor-position-top elementor-widget elementor-widget-image-box\" data-id=\"e8e1e7e\" data-element_type=\"widget\" data-e-type=\"widget\" data-widget_type=\"image-box.default\">\n\t\t\t\t<div class=\"elementor-widget-container\">\n\t\t\t\t\t<div class=\"elementor-image-box-wrapper\"><figure class=\"elementor-image-box-img\"><a href=\"https:\/\/alberguevallada.com\/actividades-culturales\/\" tabindex=\"-1\"><img loading=\"lazy\" decoding=\"async\" width=\"450\" height=\"300\" src=\"https:\/\/alberguevallada.com\/wp-content\/uploads\/2025\/03\/actividades-culturales.jpg\" class=\"attachment-full size-full wp-image-1470\" alt=\"actividades culturales\" srcset=\"https:\/\/alberguevallada.com\/wp-content\/uploads\/2025\/03\/actividades-culturales.jpg 450w, https:\/\/alberguevallada.com\/wp-content\/uploads\/2025\/03\/actividades-culturales-300x200.jpg 300w, https:\/\/alberguevallada.com\/wp-content\/uploads\/2025\/03\/actividades-culturales-18x12.jpg 18w\" sizes=\"(max-width: 450px) 100vw, 450px\" \/><\/a><\/figure><div class=\"elementor-image-box-content\"><h3 class=\"elementor-image-box-title\"><a href=\"https:\/\/alberguevallada.com\/actividades-culturales\/\">Actividades Culturales<\/a><\/h3><\/div><\/div>\t\t\t\t<\/div>\n\t\t\t\t<\/div>\n\t\t\t\t<\/div>\n\t\t\t\t\t<\/div>\n\t\t\t\t<\/div>\n\t\t\t\t<section class=\"elementor-section elementor-top-section elementor-element elementor-element-34931d7 elementor-section-boxed elementor-section-height-default elementor-section-height-default\" data-id=\"34931d7\" data-element_type=\"section\" data-e-type=\"section\">\n\t\t\t\t\t\t<div class=\"elementor-container elementor-column-gap-default\">\n\t\t\t\t\t<div class=\"elementor-column elementor-col-50 elementor-top-column elementor-element elementor-element-ef36792\" data-id=\"ef36792\" data-element_type=\"column\" data-e-type=\"column\">\n\t\t\t<div class=\"elementor-widget-wrap elementor-element-populated\">\n\t\t\t\t\t\t<div class=\"elementor-element elementor-element-aa3fd40 elementor-widget elementor-widget-heading\" data-id=\"aa3fd40\" data-element_type=\"widget\" data-e-type=\"widget\" data-widget_type=\"heading.default\">\n\t\t\t\t<div class=\"elementor-widget-container\">\n\t\t\t\t\t<h2 class=\"elementor-heading-title elementor-size-default\">Contacta con nosotros para reservar tu alojamiento<\/h2>\t\t\t\t<\/div>\n\t\t\t\t<\/div>\n\t\t\t\t<div class=\"elementor-element elementor-element-1deead3 elementor-widget-divider--view-line elementor-widget elementor-widget-divider\" data-id=\"1deead3\" data-element_type=\"widget\" data-e-type=\"widget\" data-widget_type=\"divider.default\">\n\t\t\t\t<div class=\"elementor-widget-container\">\n\t\t\t\t\t\t\t<div class=\"elementor-divider\">\n\t\t\t<span class=\"elementor-divider-separator\">\n\t\t\t\t\t\t<\/span>\n\t\t<\/div>\n\t\t\t\t\t\t<\/div>\n\t\t\t\t<\/div>\n\t\t\t\t<div class=\"elementor-element elementor-element-d1a5375 elementor-icon-list--layout-traditional elementor-list-item-link-full_width elementor-widget elementor-widget-icon-list\" data-id=\"d1a5375\" data-element_type=\"widget\" data-e-type=\"widget\" data-widget_type=\"icon-list.default\">\n\t\t\t\t<div class=\"elementor-widget-container\">\n\t\t\t\t\t\t\t<ul class=\"elementor-icon-list-items\">\n\t\t\t\t\t\t\t<li class=\"elementor-icon-list-item\">\n\t\t\t\t\t\t\t\t\t\t\t<a href=\"tel:+34601612912\">\n\n\t\t\t\t\t\t\t\t\t\t\t\t<span class=\"elementor-icon-list-icon\">\n\t\t\t\t\t\t\t<i aria-hidden=\"true\" class=\"fas fa-phone-alt\"><\/i>\t\t\t\t\t\t<\/span>\n\t\t\t\t\t\t\t\t\t\t<span class=\"elementor-icon-list-text\">+34 601 612 912<\/span>\n\t\t\t\t\t\t\t\t\t\t\t<\/a>\n\t\t\t\t\t\t\t\t\t<\/li>\n\t\t\t\t\t\t\t\t<li class=\"elementor-icon-list-item\">\n\t\t\t\t\t\t\t\t\t\t\t<a href=\"mailto:info@alberguevallada.com\">\n\n\t\t\t\t\t\t\t\t\t\t\t\t<span class=\"elementor-icon-list-icon\">\n\t\t\t\t\t\t\t<i aria-hidden=\"true\" class=\"fas fa-envelope\"><\/i>\t\t\t\t\t\t<\/span>\n\t\t\t\t\t\t\t\t\t\t<span class=\"elementor-icon-list-text\">info@alberguevallada.com<\/span>\n\t\t\t\t\t\t\t\t\t\t\t<\/a>\n\t\t\t\t\t\t\t\t\t<\/li>\n\t\t\t\t\t\t\t\t<li class=\"elementor-icon-list-item\">\n\t\t\t\t\t\t\t\t\t\t\t<a href=\"https:\/\/www.google.com\/maps?cid=7627273298858668232\">\n\n\t\t\t\t\t\t\t\t\t\t\t\t<span class=\"elementor-icon-list-icon\">\n\t\t\t\t\t\t\t<i aria-hidden=\"true\" class=\"fas fa-map-marker-alt\"><\/i>\t\t\t\t\t\t<\/span>\n\t\t\t\t\t\t\t\t\t\t<span class=\"elementor-icon-list-text\">Pol\u00edgono 11, parcela 77 46691 Vallada Valencia<\/span>\n\t\t\t\t\t\t\t\t\t\t\t<\/a>\n\t\t\t\t\t\t\t\t\t<\/li>\n\t\t\t\t\t\t<\/ul>\n\t\t\t\t\t\t<\/div>\n\t\t\t\t<\/div>\n\t\t\t\t<div class=\"elementor-element elementor-element-e6aa639 elementor-widget-divider--view-line elementor-widget elementor-widget-divider\" data-id=\"e6aa639\" data-element_type=\"widget\" data-e-type=\"widget\" data-widget_type=\"divider.default\">\n\t\t\t\t<div class=\"elementor-widget-container\">\n\t\t\t\t\t\t\t<div class=\"elementor-divider\">\n\t\t\t<span class=\"elementor-divider-separator\">\n\t\t\t\t\t\t<\/span>\n\t\t<\/div>\n\t\t\t\t\t\t<\/div>\n\t\t\t\t<\/div>\n\t\t\t\t\t<\/div>\n\t\t<\/div>\n\t\t\t\t<div class=\"elementor-column elementor-col-50 elementor-top-column elementor-element elementor-element-de343b6\" data-id=\"de343b6\" data-element_type=\"column\" data-e-type=\"column\" id=\"contacto\">\n\t\t\t<div class=\"elementor-widget-wrap elementor-element-populated\">\n\t\t\t\t\t\t<div class=\"elementor-element elementor-element-ceeb57c elementor-widget elementor-widget-shortcode\" data-id=\"ceeb57c\" data-element_type=\"widget\" data-e-type=\"widget\" data-widget_type=\"shortcode.default\">\n\t\t\t\t<div class=\"elementor-widget-container\">\n\t\t\t\t\t\t\t<div class=\"elementor-shortcode\">\n<div class=\"wpcf7 no-js\" id=\"wpcf7-f1214-o1\" lang=\"es-ES\" dir=\"ltr\" data-wpcf7-id=\"1214\">\n<div class=\"screen-reader-response\"><p role=\"status\" aria-live=\"polite\" aria-atomic=\"true\"><\/p> <ul><\/ul><\/div>\n<form action=\"\/fr\/wp-json\/wp\/v2\/pages\/1503#wpcf7-f1214-o1\" method=\"post\" class=\"wpcf7-form init\" aria-label=\"Formulario de contacto\" novalidate=\"novalidate\" data-status=\"init\">\n<fieldset class=\"hidden-fields-container\"><input type=\"hidden\" name=\"_wpcf7\" value=\"1214\" \/><input type=\"hidden\" name=\"_wpcf7_version\" value=\"6.1.5\" \/><input type=\"hidden\" name=\"_wpcf7_locale\" value=\"es_ES\" \/><input type=\"hidden\" name=\"_wpcf7_unit_tag\" value=\"wpcf7-f1214-o1\" \/><input type=\"hidden\" name=\"_wpcf7_container_post\" value=\"0\" \/><input type=\"hidden\" name=\"_wpcf7_posted_data_hash\" value=\"\" \/><input type=\"hidden\" name=\"_wpcf7_recaptcha_response\" value=\"\" \/>\n<\/fieldset>\n<style>\n.custom-form-container {\n max-width: 600px;\n margin: auto;\n padding: 20px;\n background: #f8f8f8;\n border-radius: 10px;\n box-shadow: 0px 4px 10px rgba(0, 0, 0, 0.1);\n}\n\n.custom-form-container label {\n display: block;\n font-weight: bold;\n margin-bottom: 5px;\n color: #333;\n}\n\n.custom-input, .custom-textarea {\n width: 100%;\n padding: 10px;\n margin-bottom: 15px;\n border: 1px solid #ccc;\n border-radius: 5px;\n font-size: 16px;\n transition: 0.3s;\n}\n\n.custom-input:focus, .custom-textarea:focus {\n border-color: #0073e6;\n box-shadow: 0px 0px 5px rgba(0, 115, 230, 0.5);\n}\n\n.custom-textarea {\n height: 120px;\n resize: none;\n}\n\n.custom-submit-container {\n text-align: center;\n}\n\ninput[type=\"submit\"] {\n background: #0073e6;\n color: white;\n border: none;\n padding: 12px 20px;\n font-size: 16px;\n border-radius: 5px;\n cursor: pointer;\n transition: 0.3s;\n}\n\ninput[type=\"submit\"]:hover {\n background: #005bb5;\n}\n<\/style>\n<div class=\"custom-form-container\">\n\t<p><label for=\"your-name\">Tu nombre<\/label><br \/>\n<span class=\"wpcf7-form-control-wrap\" data-name=\"your-name\"><input size=\"40\" maxlength=\"400\" class=\"wpcf7-form-control wpcf7-text wpcf7-validates-as-required custom-input\" autocomplete=\"name\" aria-required=\"true\" aria-invalid=\"false\" placeholder=\"Introduce tu nombre\" value=\"\" type=\"text\" name=\"your-name\" \/><\/span>\n\t<\/p>\n\t<p><label for=\"your-email\">Tu correo electr\u00f3nico<\/label><br \/>\n<span class=\"wpcf7-form-control-wrap\" data-name=\"your-email\"><input size=\"40\" maxlength=\"400\" class=\"wpcf7-form-control wpcf7-email wpcf7-validates-as-required wpcf7-text wpcf7-validates-as-email custom-input\" autocomplete=\"email\" aria-required=\"true\" aria-invalid=\"false\" placeholder=\"Introduce tu correo electr\u00f3nico\" value=\"\" type=\"email\" name=\"your-email\" \/><\/span>\n\t<\/p>\n\t<p><label for=\"your-subject\">Asunto<\/label><br \/>\n<span class=\"wpcf7-form-control-wrap\" data-name=\"your-subject\"><input size=\"40\" maxlength=\"400\" class=\"wpcf7-form-control wpcf7-text wpcf7-validates-as-required custom-input\" aria-required=\"true\" aria-invalid=\"false\" placeholder=\"Escribe el asunto\" value=\"\" type=\"text\" name=\"your-subject\" \/><\/span>\n\t<\/p>\n\t<p><label for=\"your-message\">Tu mensaje (opcional)<\/label><br \/>\n<span class=\"wpcf7-form-control-wrap\" data-name=\"your-message\"><textarea cols=\"40\" rows=\"10\" maxlength=\"2000\" class=\"wpcf7-form-control wpcf7-textarea custom-textarea\" aria-invalid=\"false\" placeholder=\"Escribe tu mensaje aqu\u00ed\" name=\"your-message\"><\/textarea><\/span>\n\t<\/p>\n\t<div class=\"custom-submit-container\">\n\t\t<p><input class=\"wpcf7-form-control wpcf7-submit has-spinner\" type=\"submit\" value=\"Enviar\" \/>\n\t\t<\/p>\n\t<\/div>\n<\/div><div class=\"wpcf7-response-output\" aria-hidden=\"true\"><\/div>\n<\/form>\n<\/div>\n<\/div>\n\t\t\t\t\t\t<\/div>\n\t\t\t\t<\/div>\n\t\t\t\t\t<\/div>\n\t\t<\/div>\n\t\t\t\t\t<\/div>\n\t\t<\/section>\n\t\t<div class=\"elementor-element elementor-element-3e45114 e-flex e-con-boxed e-con e-parent\" data-id=\"3e45114\" data-element_type=\"container\" data-e-type=\"container\">\n\t\t\t\t\t<div class=\"e-con-inner\">\n\t\t\t\t<div class=\"elementor-element elementor-element-8e5f61a elementor-widget elementor-widget-heading\" data-id=\"8e5f61a\" data-element_type=\"widget\" data-e-type=\"widget\" data-widget_type=\"heading.default\">\n\t\t\t\t<div class=\"elementor-widget-container\">\n\t\t\t\t\t<h2 class=\"elementor-heading-title elementor-size-default\">Preguntas frecuentes sobre enoturismo y oleoturismo en Vallada<\/h2>\t\t\t\t<\/div>\n\t\t\t\t<\/div>\n\t\t\t\t<div class=\"elementor-element elementor-element-72f7243 elementor-widget elementor-widget-n-accordion\" data-id=\"72f7243\" data-element_type=\"widget\" data-e-type=\"widget\" data-settings=\"{&quot;default_state&quot;:&quot;expanded&quot;,&quot;max_items_expended&quot;:&quot;one&quot;,&quot;n_accordion_animation_duration&quot;:{&quot;unit&quot;:&quot;ms&quot;,&quot;size&quot;:400,&quot;sizes&quot;:[]}}\" data-widget_type=\"nested-accordion.default\">\n\t\t\t\t<div class=\"elementor-widget-container\">\n\t\t\t\t\t\t\t<div class=\"e-n-accordion\" aria-label=\"Accordion. Open links with Enter or Space, close with Escape, and navigate with Arrow Keys\">\n\t\t\t\t\t\t<details id=\"e-n-accordion-item-1200\" class=\"e-n-accordion-item\" open>\n\t\t\t\t<summary class=\"e-n-accordion-item-title\" data-accordion-index=\"1\" tabindex=\"0\" aria-expanded=\"true\" aria-controls=\"e-n-accordion-item-1200\" >\n\t\t\t\t\t<span class='e-n-accordion-item-title-header'><h3 class=\"e-n-accordion-item-title-text\"> \u00bfQu\u00e9 es el oleoturismo y enoturismo en Vallada? <\/h3><\/span>\n\t\t\t\t\t\t\t<span class='e-n-accordion-item-title-icon'>\n\t\t\t<span class='e-opened' ><i aria-hidden=\"true\" class=\"fas fa-minus\"><\/i><\/span>\n\t\t\t<span class='e-closed'><i aria-hidden=\"true\" class=\"fas fa-plus\"><\/i><\/span>\n\t\t<\/span>\n\n\t\t\t\t\t\t<\/summary>\n\t\t\t\t<div role=\"region\" aria-labelledby=\"e-n-accordion-item-1200\" class=\"elementor-element elementor-element-0296648 e-con-full e-flex e-con e-child\" data-id=\"0296648\" data-element_type=\"container\" data-e-type=\"container\">\n\t\t\t\t<div class=\"elementor-element elementor-element-be8d04a elementor-widget elementor-widget-text-editor\" data-id=\"be8d04a\" data-element_type=\"widget\" data-e-type=\"widget\" data-widget_type=\"text-editor.default\">\n\t\t\t\t<div class=\"elementor-widget-container\">\n\t\t\t\t\t\t\t\t\t<p data-start=\"133\" data-end=\"236\">El <strong data-start=\"364\" data-end=\"379\">oleoturismo<\/strong> y <strong data-start=\"382\" data-end=\"396\">enoturismo<\/strong> en Vallada son actividades tur\u00edsticas que permiten a los visitantes conocer el proceso de producci\u00f3n del aceite de oliva y el vino. Los turistas pueden visitar bodegas y almazaras locales, aprender sobre la producci\u00f3n de estos productos y participar en catas para experimentar los sabores de la regi\u00f3n.<\/p>\t\t\t\t\t\t\t\t<\/div>\n\t\t\t\t<\/div>\n\t\t\t\t<\/div>\n\t\t\t\t\t<\/details>\n\t\t\t\t\t\t<details id=\"e-n-accordion-item-1201\" class=\"e-n-accordion-item\" >\n\t\t\t\t<summary class=\"e-n-accordion-item-title\" data-accordion-index=\"2\" tabindex=\"-1\" aria-expanded=\"false\" aria-controls=\"e-n-accordion-item-1201\" >\n\t\t\t\t\t<span class='e-n-accordion-item-title-header'><h3 class=\"e-n-accordion-item-title-text\"> \u00bfCu\u00e1les son las actividades principales en Vallada para los amantes del enoturismo? <\/h3><\/span>\n\t\t\t\t\t\t\t<span class='e-n-accordion-item-title-icon'>\n\t\t\t<span class='e-opened' ><i aria-hidden=\"true\" class=\"fas fa-minus\"><\/i><\/span>\n\t\t\t<span class='e-closed'><i aria-hidden=\"true\" class=\"fas fa-plus\"><\/i><\/span>\n\t\t<\/span>\n\n\t\t\t\t\t\t<\/summary>\n\t\t\t\t<div role=\"region\" aria-labelledby=\"e-n-accordion-item-1201\" class=\"elementor-element elementor-element-741e360 e-con-full e-flex e-con e-child\" data-id=\"741e360\" data-element_type=\"container\" data-e-type=\"container\">\n\t\t\t\t<div class=\"elementor-element elementor-element-c0af473 elementor-widget elementor-widget-text-editor\" data-id=\"c0af473\" data-element_type=\"widget\" data-e-type=\"widget\" data-widget_type=\"text-editor.default\">\n\t\t\t\t<div class=\"elementor-widget-container\">\n\t\t\t\t\t\t\t\t\t<p data-start=\"771\" data-end=\"850\">En Vallada, los turistas pueden disfrutar de visitas guiadas a bodegas donde aprender\u00e1n sobre la vinificaci\u00f3n, el cultivo de uvas locales y la historia del vino en la regi\u00f3n. Adem\u00e1s, se realizan catas de vino, maridajes con productos locales y rutas por los vi\u00f1edos.<\/p>\t\t\t\t\t\t\t\t<\/div>\n\t\t\t\t<\/div>\n\t\t\t\t<\/div>\n\t\t\t\t\t<\/details>\n\t\t\t\t\t\t<details id=\"e-n-accordion-item-1202\" class=\"e-n-accordion-item\" >\n\t\t\t\t<summary class=\"e-n-accordion-item-title\" data-accordion-index=\"3\" tabindex=\"-1\" aria-expanded=\"false\" aria-controls=\"e-n-accordion-item-1202\" >\n\t\t\t\t\t<span class='e-n-accordion-item-title-header'><h3 class=\"e-n-accordion-item-title-text\"> \u00bfQu\u00e9 actividades est\u00e1n disponibles para los interesados en el oleoturismo en Vallada? <\/h3><\/span>\n\t\t\t\t\t\t\t<span class='e-n-accordion-item-title-icon'>\n\t\t\t<span class='e-opened' ><i aria-hidden=\"true\" class=\"fas fa-minus\"><\/i><\/span>\n\t\t\t<span class='e-closed'><i aria-hidden=\"true\" class=\"fas fa-plus\"><\/i><\/span>\n\t\t<\/span>\n\n\t\t\t\t\t\t<\/summary>\n\t\t\t\t<div role=\"region\" aria-labelledby=\"e-n-accordion-item-1202\" class=\"elementor-element elementor-element-90cd3bc e-con-full e-flex e-con e-child\" data-id=\"90cd3bc\" data-element_type=\"container\" data-e-type=\"container\">\n\t\t\t\t<div class=\"elementor-element elementor-element-3fb2579 elementor-widget elementor-widget-text-editor\" data-id=\"3fb2579\" data-element_type=\"widget\" data-e-type=\"widget\" data-widget_type=\"text-editor.default\">\n\t\t\t\t<div class=\"elementor-widget-container\">\n\t\t\t\t\t\t\t\t\t<p data-start=\"1325\" data-end=\"1407\">El oleoturismo en Vallada incluye visitas a las <strong data-start=\"1211\" data-end=\"1224\">almazaras<\/strong>, donde los visitantes pueden conocer el proceso de extracci\u00f3n del aceite de oliva virgen extra, desde la cosecha de las aceitunas hasta la obtenci\u00f3n del aceite. Adem\u00e1s, se realizan catas de aceite y explicaciones sobre las variedades locales de aceitunas.<\/p>\t\t\t\t\t\t\t\t<\/div>\n\t\t\t\t<\/div>\n\t\t\t\t<\/div>\n\t\t\t\t\t<\/details>\n\t\t\t\t\t\t<details id=\"e-n-accordion-item-1203\" class=\"e-n-accordion-item\" >\n\t\t\t\t<summary class=\"e-n-accordion-item-title\" data-accordion-index=\"4\" tabindex=\"-1\" aria-expanded=\"false\" aria-controls=\"e-n-accordion-item-1203\" >\n\t\t\t\t\t<span class='e-n-accordion-item-title-header'><h3 class=\"e-n-accordion-item-title-text\"> \u00bfEs necesario hacer una reserva para las catas de vino y aceite en Vallada? <\/h3><\/span>\n\t\t\t\t\t\t\t<span class='e-n-accordion-item-title-icon'>\n\t\t\t<span class='e-opened' ><i aria-hidden=\"true\" class=\"fas fa-minus\"><\/i><\/span>\n\t\t\t<span class='e-closed'><i aria-hidden=\"true\" class=\"fas fa-plus\"><\/i><\/span>\n\t\t<\/span>\n\n\t\t\t\t\t\t<\/summary>\n\t\t\t\t<div role=\"region\" aria-labelledby=\"e-n-accordion-item-1203\" class=\"elementor-element elementor-element-944bf65 e-con-full e-flex e-con e-child\" data-id=\"944bf65\" data-element_type=\"container\" data-e-type=\"container\">\n\t\t\t\t<div class=\"elementor-element elementor-element-e75dba6 elementor-widget elementor-widget-text-editor\" data-id=\"e75dba6\" data-element_type=\"widget\" data-e-type=\"widget\" data-widget_type=\"text-editor.default\">\n\t\t\t\t<div class=\"elementor-widget-container\">\n\t\t\t\t\t\t\t\t\t<p data-start=\"1224\" data-end=\"1278\">S\u00ed, es recomendable <strong data-start=\"1590\" data-end=\"1618\">hacer una reserva previa<\/strong>, especialmente durante la temporada alta o para grupos grandes, ya que muchas bodegas y almazaras requieren confirmaci\u00f3n anticipada para organizar las catas y visitas guiadas de manera eficiente.<\/p>\t\t\t\t\t\t\t\t<\/div>\n\t\t\t\t<\/div>\n\t\t\t\t<\/div>\n\t\t\t\t\t<\/details>\n\t\t\t\t\t\t<details id=\"e-n-accordion-item-1204\" class=\"e-n-accordion-item\" >\n\t\t\t\t<summary class=\"e-n-accordion-item-title\" data-accordion-index=\"5\" tabindex=\"-1\" aria-expanded=\"false\" aria-controls=\"e-n-accordion-item-1204\" >\n\t\t\t\t\t<span class='e-n-accordion-item-title-header'><h3 class=\"e-n-accordion-item-title-text\"> \u00bfCu\u00e1les son los beneficios de participar en el enoturismo y oleoturismo en Vallada? <\/h3><\/span>\n\t\t\t\t\t\t\t<span class='e-n-accordion-item-title-icon'>\n\t\t\t<span class='e-opened' ><i aria-hidden=\"true\" class=\"fas fa-minus\"><\/i><\/span>\n\t\t\t<span class='e-closed'><i aria-hidden=\"true\" class=\"fas fa-plus\"><\/i><\/span>\n\t\t<\/span>\n\n\t\t\t\t\t\t<\/summary>\n\t\t\t\t<div role=\"region\" aria-labelledby=\"e-n-accordion-item-1204\" class=\"elementor-element elementor-element-1fc22bd e-con-full e-flex e-con e-child\" data-id=\"1fc22bd\" data-element_type=\"container\" data-e-type=\"container\">\n\t\t\t\t<div class=\"elementor-element elementor-element-04a314c elementor-widget elementor-widget-text-editor\" data-id=\"04a314c\" data-element_type=\"widget\" data-e-type=\"widget\" data-widget_type=\"text-editor.default\">\n\t\t\t\t<div class=\"elementor-widget-container\">\n\t\t\t\t\t\t\t\t\t<p data-start=\"2310\" data-end=\"2406\">Participar en el <strong data-start=\"1929\" data-end=\"1957\">enoturismo y oleoturismo<\/strong> en Vallada te permite descubrir la rica tradici\u00f3n vin\u00edcola y ole\u00edcola de la regi\u00f3n, conocer los procesos de producci\u00f3n de productos de alta calidad, y disfrutar de paisajes naturales impresionantes. Adem\u00e1s, es una excelente manera de apoyar a los productores locales y aprender sobre sus t\u00e9cnicas tradicionales.<\/p>\t\t\t\t\t\t\t\t<\/div>\n\t\t\t\t<\/div>\n\t\t\t\t<\/div>\n\t\t\t\t\t<\/details>\n\t\t\t\t\t\t<details id=\"e-n-accordion-item-1205\" class=\"e-n-accordion-item\" >\n\t\t\t\t<summary class=\"e-n-accordion-item-title\" data-accordion-index=\"6\" tabindex=\"-1\" aria-expanded=\"false\" aria-controls=\"e-n-accordion-item-1205\" >\n\t\t\t\t\t<span class='e-n-accordion-item-title-header'><h3 class=\"e-n-accordion-item-title-text\"> \u00bfD\u00f3nde puedo comprar productos locales de vino y aceite en Vallada? <\/h3><\/span>\n\t\t\t\t\t\t\t<span class='e-n-accordion-item-title-icon'>\n\t\t\t<span class='e-opened' ><i aria-hidden=\"true\" class=\"fas fa-minus\"><\/i><\/span>\n\t\t\t<span class='e-closed'><i aria-hidden=\"true\" class=\"fas fa-plus\"><\/i><\/span>\n\t\t<\/span>\n\n\t\t\t\t\t\t<\/summary>\n\t\t\t\t<div role=\"region\" aria-labelledby=\"e-n-accordion-item-1205\" class=\"elementor-element elementor-element-c7dbe59 e-con-full e-flex e-con e-child\" data-id=\"c7dbe59\" data-element_type=\"container\" data-e-type=\"container\">\n\t\t\t\t<div class=\"elementor-element elementor-element-8155396 elementor-widget elementor-widget-text-editor\" data-id=\"8155396\" data-element_type=\"widget\" data-e-type=\"widget\" data-widget_type=\"text-editor.default\">\n\t\t\t\t<div class=\"elementor-widget-container\">\n\t\t\t\t\t\t\t\t\t<p data-start=\"1917\" data-end=\"2174\">En Vallada, los visitantes pueden comprar <strong data-start=\"2393\" data-end=\"2425\">aceite de oliva virgen extra<\/strong> y <strong data-start=\"2428\" data-end=\"2445\">vinos locales<\/strong> directamente en las bodegas y almazaras que visitan, as\u00ed como en tiendas locales especializadas en productos gourmet. Tambi\u00e9n se pueden encontrar <strong data-start=\"2592\" data-end=\"2606\">mermeladas<\/strong> y <strong data-start=\"2609\" data-end=\"2634\">productos artesanales<\/strong> que acompa\u00f1an estos productos, perfectos para llevarse un recuerdo aut\u00e9ntico de la regi\u00f3n.<\/p>\t\t\t\t\t\t\t\t<\/div>\n\t\t\t\t<\/div>\n\t\t\t\t<\/div>\n\t\t\t\t\t<\/details>\n\t\t\t\t\t<\/div>\n\t\t\t\t\t\t<\/div>\n\t\t\t\t<\/div>\n\t\t\t\t\t<\/div>\n\t\t\t\t<\/div>\n\t\t<div class=\"elementor-element elementor-element-deaf957 e-con-full e-flex e-con e-parent\" data-id=\"deaf957\" data-element_type=\"container\" data-e-type=\"container\" data-settings=\"{&quot;background_background&quot;:&quot;classic&quot;}\">\n\t\t<div class=\"elementor-element elementor-element-feee163 e-con-full e-flex e-con e-child\" data-id=\"feee163\" data-element_type=\"container\" data-e-type=\"container\">\n\t\t\t\t<div class=\"elementor-element elementor-element-bb07aaf elementor-widget elementor-widget-html\" data-id=\"bb07aaf\" data-element_type=\"widget\" data-e-type=\"widget\" data-widget_type=\"html.default\">\n\t\t\t\t<div class=\"elementor-widget-container\">\n\t\t\t\t\t<iframe src=\"https:\/\/www.google.com\/maps\/embed?pb=!1m18!1m12!1m3!1d6210.392565536596!2d-0.6967103533105053!3d38.89662653695602!2m3!1f0!2f0!3f0!3m2!1i1024!2i768!4f13.1!3m3!1m2!1s0xd61715c00a5efdf%3A0x90162a9947cc5ed0!2s46691%20Vallada%2C%20Valencia!5e0!3m2!1ses!2ses!4v1741783431252!5m2!1ses!2ses\" width=\"600\" height=\"450\" style=\"border:0;\" allowfullscreen=\"\" loading=\"lazy\" referrerpolicy=\"no-referrer-when-downgrade\"><\/iframe>\t\t\t\t<\/div>\n\t\t\t\t<\/div>\n\t\t\t\t<\/div>\n\t\t\t\t<\/div>\n\t\t\t\t<\/div>\n\t\t","protected":false},"excerpt":{"rendered":"<p>Enoturismo y oleoturismo en Vallada Vallada es el destino perfecto para aquellos que buscan combinar la belleza natural con la rica tradici\u00f3n vitivin\u00edcola y ole\u00edcola de la Comunidad Valenciana. El enoturismo y oleoturismo en Vallada ofrecen experiencias aut\u00e9nticas, donde podr\u00e1s conocer el proceso de producci\u00f3n del vino y el aceite de oliva mientras disfrutas de [&hellip;]<\/p>\n","protected":false},"author":2,"featured_media":0,"parent":0,"menu_order":0,"comment_status":"closed","ping_status":"closed","template":"","meta":{"footnotes":""},"class_list":["post-1503","page","type-page","status-publish","hentry"],"yoast_head":"<!-- This site is optimized with the Yoast SEO plugin v25.1 - https:\/\/yoast.com\/wordpress\/plugins\/seo\/ -->\n<title>Enoturismo y oleoturismo en Vallada | Albergue Las Ermitas<\/title>\n<meta name=\"description\" content=\"Descubre el enoturismo y oleoturismo en Vallada. Disfruta de visitas a bodegas y almazaras, catas de vino y aceite en un entorno \u00fanico.\" \/>\n<meta name=\"robots\" content=\"index, follow, max-snippet:-1, max-image-preview:large, max-video-preview:-1\" \/>\n<link rel=\"canonical\" href=\"https:\/\/alberguevallada.com\/fr\/oenotourisme-et-oleotourisme\/\" \/>\n<meta property=\"og:locale\" content=\"fr_FR\" \/>\n<meta property=\"og:type\" content=\"article\" \/>\n<meta property=\"og:title\" content=\"Enoturismo y oleoturismo en Vallada | Albergue Las Ermitas\" \/>\n<meta property=\"og:description\" content=\"Descubre el enoturismo y oleoturismo en Vallada. Disfruta de visitas a bodegas y almazaras, catas de vino y aceite en un entorno \u00fanico.\" \/>\n<meta property=\"og:url\" content=\"https:\/\/alberguevallada.com\/fr\/oenotourisme-et-oleotourisme\/\" \/>\n<meta property=\"og:site_name\" content=\"Albergue Las Ermitas de Vallada\" \/>\n<meta property=\"article:modified_time\" content=\"2025-06-05T08:47:32+00:00\" \/>\n<meta property=\"og:image\" content=\"https:\/\/alberguevallada.com\/wp-content\/uploads\/2025\/06\/oleoturismo.jpg\" \/>\n\t<meta property=\"og:image:width\" content=\"450\" \/>\n\t<meta property=\"og:image:height\" content=\"450\" \/>\n\t<meta property=\"og:image:type\" content=\"image\/jpeg\" \/>\n<meta name=\"twitter:card\" content=\"summary_large_image\" \/>\n<meta name=\"twitter:label1\" content=\"Dur\u00e9e de lecture estim\u00e9e\" \/>\n\t<meta name=\"twitter:data1\" content=\"7 minutes\" \/>\n<script type=\"application\/ld+json\" class=\"yoast-schema-graph\">{\"@context\":\"https:\/\/schema.org\",\"@graph\":[{\"@type\":\"WebPage\",\"@id\":\"https:\/\/alberguevallada.com\/enoturismo-y-oleoturismo\/\",\"url\":\"https:\/\/alberguevallada.com\/enoturismo-y-oleoturismo\/\",\"name\":\"Enoturismo y oleoturismo en Vallada | Albergue Las Ermitas\",\"isPartOf\":{\"@id\":\"https:\/\/alberguevallada.com\/#website\"},\"primaryImageOfPage\":{\"@id\":\"https:\/\/alberguevallada.com\/enoturismo-y-oleoturismo\/#primaryimage\"},\"image\":{\"@id\":\"https:\/\/alberguevallada.com\/enoturismo-y-oleoturismo\/#primaryimage\"},\"thumbnailUrl\":\"https:\/\/alberguevallada.com\/wp-content\/uploads\/2025\/06\/oleoturismo.jpg\",\"datePublished\":\"2025-03-12T14:37:46+00:00\",\"dateModified\":\"2025-06-05T08:47:32+00:00\",\"description\":\"Descubre el enoturismo y oleoturismo en Vallada. Disfruta de visitas a bodegas y almazaras, catas de vino y aceite en un entorno \u00fanico.\",\"breadcrumb\":{\"@id\":\"https:\/\/alberguevallada.com\/enoturismo-y-oleoturismo\/#breadcrumb\"},\"inLanguage\":\"fr-FR\",\"potentialAction\":[{\"@type\":\"ReadAction\",\"target\":[\"https:\/\/alberguevallada.com\/enoturismo-y-oleoturismo\/\"]}]},{\"@type\":\"ImageObject\",\"inLanguage\":\"fr-FR\",\"@id\":\"https:\/\/alberguevallada.com\/enoturismo-y-oleoturismo\/#primaryimage\",\"url\":\"https:\/\/alberguevallada.com\/wp-content\/uploads\/2025\/06\/oleoturismo.jpg\",\"contentUrl\":\"https:\/\/alberguevallada.com\/wp-content\/uploads\/2025\/06\/oleoturismo.jpg\"},{\"@type\":\"BreadcrumbList\",\"@id\":\"https:\/\/alberguevallada.com\/enoturismo-y-oleoturismo\/#breadcrumb\",\"itemListElement\":[{\"@type\":\"ListItem\",\"position\":1,\"name\":\"Portada\",\"item\":\"https:\/\/alberguevallada.com\/\"},{\"@type\":\"ListItem\",\"position\":2,\"name\":\"Enoturismo y oleoturismo\"}]},{\"@type\":\"WebSite\",\"@id\":\"https:\/\/alberguevallada.com\/#website\",\"url\":\"https:\/\/alberguevallada.com\/\",\"name\":\"Albergue Las Ermitas de Vallada\",\"description\":\"Naturaleza, deporte y buena comida\",\"publisher\":{\"@id\":\"https:\/\/alberguevallada.com\/#organization\"},\"potentialAction\":[{\"@type\":\"SearchAction\",\"target\":{\"@type\":\"EntryPoint\",\"urlTemplate\":\"https:\/\/alberguevallada.com\/?s={search_term_string}\"},\"query-input\":{\"@type\":\"PropertyValueSpecification\",\"valueRequired\":true,\"valueName\":\"search_term_string\"}}],\"inLanguage\":\"fr-FR\"},{\"@type\":\"Organization\",\"@id\":\"https:\/\/alberguevallada.com\/#organization\",\"name\":\"Albergue Las Ermitas de Vallada\",\"url\":\"https:\/\/alberguevallada.com\/\",\"logo\":{\"@type\":\"ImageObject\",\"inLanguage\":\"fr-FR\",\"@id\":\"https:\/\/alberguevallada.com\/#\/schema\/logo\/image\/\",\"url\":\"https:\/\/alberguevallada.com\/wp-content\/uploads\/2023\/02\/fav.png\",\"contentUrl\":\"https:\/\/alberguevallada.com\/wp-content\/uploads\/2023\/02\/fav.png\",\"width\":512,\"height\":512,\"caption\":\"Albergue Las Ermitas de Vallada\"},\"image\":{\"@id\":\"https:\/\/alberguevallada.com\/#\/schema\/logo\/image\/\"}}]}<\/script>\n<!-- \/ Yoast SEO plugin. -->","yoast_head_json":{"title":"Tourisme \u0153notouristique \u00e0 Vallada | Auberge Las Ermitas","description":"D\u00e9couvrez l&#039;oenotourisme et l&#039;ol\u00e9otourisme \u00e0 Vallada. Profitez de visites de caves et de moulins \u00e0 huile, ainsi que de d\u00e9gustations de vins et d&#039;huiles dans un cadre unique.","robots":{"index":"index","follow":"follow","max-snippet":"max-snippet:-1","max-image-preview":"max-image-preview:large","max-video-preview":"max-video-preview:-1"},"canonical":"https:\/\/alberguevallada.com\/fr\/oenotourisme-et-oleotourisme\/","og_locale":"fr_FR","og_type":"article","og_title":"Enoturismo y oleoturismo en Vallada | Albergue Las Ermitas","og_description":"Descubre el enoturismo y oleoturismo en Vallada. Disfruta de visitas a bodegas y almazaras, catas de vino y aceite en un entorno \u00fanico.","og_url":"https:\/\/alberguevallada.com\/fr\/oenotourisme-et-oleotourisme\/","og_site_name":"Albergue Las Ermitas de Vallada","article_modified_time":"2025-06-05T08:47:32+00:00","og_image":[{"width":450,"height":450,"url":"https:\/\/alberguevallada.com\/wp-content\/uploads\/2025\/06\/oleoturismo.jpg","type":"image\/jpeg"}],"twitter_card":"summary_large_image","twitter_misc":{"Dur\u00e9e de lecture estim\u00e9e":"7 minutes"},"schema":{"@context":"https:\/\/schema.org","@graph":[{"@type":"WebPage","@id":"https:\/\/alberguevallada.com\/enoturismo-y-oleoturismo\/","url":"https:\/\/alberguevallada.com\/enoturismo-y-oleoturismo\/","name":"Tourisme \u0153notouristique \u00e0 Vallada | Auberge Las Ermitas","isPartOf":{"@id":"https:\/\/alberguevallada.com\/#website"},"primaryImageOfPage":{"@id":"https:\/\/alberguevallada.com\/enoturismo-y-oleoturismo\/#primaryimage"},"image":{"@id":"https:\/\/alberguevallada.com\/enoturismo-y-oleoturismo\/#primaryimage"},"thumbnailUrl":"https:\/\/alberguevallada.com\/wp-content\/uploads\/2025\/06\/oleoturismo.jpg","datePublished":"2025-03-12T14:37:46+00:00","dateModified":"2025-06-05T08:47:32+00:00","description":"D\u00e9couvrez l&#039;oenotourisme et l&#039;ol\u00e9otourisme \u00e0 Vallada. Profitez de visites de caves et de moulins \u00e0 huile, ainsi que de d\u00e9gustations de vins et d&#039;huiles dans un cadre unique.","breadcrumb":{"@id":"https:\/\/alberguevallada.com\/enoturismo-y-oleoturismo\/#breadcrumb"},"inLanguage":"fr-FR","potentialAction":[{"@type":"ReadAction","target":["https:\/\/alberguevallada.com\/enoturismo-y-oleoturismo\/"]}]},{"@type":"ImageObject","inLanguage":"fr-FR","@id":"https:\/\/alberguevallada.com\/enoturismo-y-oleoturismo\/#primaryimage","url":"https:\/\/alberguevallada.com\/wp-content\/uploads\/2025\/06\/oleoturismo.jpg","contentUrl":"https:\/\/alberguevallada.com\/wp-content\/uploads\/2025\/06\/oleoturismo.jpg"},{"@type":"BreadcrumbList","@id":"https:\/\/alberguevallada.com\/enoturismo-y-oleoturismo\/#breadcrumb","itemListElement":[{"@type":"ListItem","position":1,"name":"Portada","item":"https:\/\/alberguevallada.com\/"},{"@type":"ListItem","position":2,"name":"Enoturismo y oleoturismo"}]},{"@type":"WebSite","@id":"https:\/\/alberguevallada.com\/#website","url":"https:\/\/alberguevallada.com\/","name":"Auberge Las Ermitas de Vallada","description":"Nature, sport et bonne cuisine","publisher":{"@id":"https:\/\/alberguevallada.com\/#organization"},"potentialAction":[{"@type":"SearchAction","target":{"@type":"EntryPoint","urlTemplate":"https:\/\/alberguevallada.com\/?s={search_term_string}"},"query-input":{"@type":"PropertyValueSpecification","valueRequired":true,"valueName":"search_term_string"}}],"inLanguage":"fr-FR"},{"@type":"Organization","@id":"https:\/\/alberguevallada.com\/#organization","name":"Auberge Las Ermitas de Vallada","url":"https:\/\/alberguevallada.com\/","logo":{"@type":"ImageObject","inLanguage":"fr-FR","@id":"https:\/\/alberguevallada.com\/#\/schema\/logo\/image\/","url":"https:\/\/alberguevallada.com\/wp-content\/uploads\/2023\/02\/fav.png","contentUrl":"https:\/\/alberguevallada.com\/wp-content\/uploads\/2023\/02\/fav.png","width":512,"height":512,"caption":"Albergue Las Ermitas de Vallada"},"image":{"@id":"https:\/\/alberguevallada.com\/#\/schema\/logo\/image\/"}}]}},"_links":{"self":[{"href":"https:\/\/alberguevallada.com\/fr\/wp-json\/wp\/v2\/pages\/1503","targetHints":{"allow":["GET"]}}],"collection":[{"href":"https:\/\/alberguevallada.com\/fr\/wp-json\/wp\/v2\/pages"}],"about":[{"href":"https:\/\/alberguevallada.com\/fr\/wp-json\/wp\/v2\/types\/page"}],"author":[{"embeddable":true,"href":"https:\/\/alberguevallada.com\/fr\/wp-json\/wp\/v2\/users\/2"}],"replies":[{"embeddable":true,"href":"https:\/\/alberguevallada.com\/fr\/wp-json\/wp\/v2\/comments?post=1503"}],"version-history":[{"count":14,"href":"https:\/\/alberguevallada.com\/fr\/wp-json\/wp\/v2\/pages\/1503\/revisions"}],"predecessor-version":[{"id":1790,"href":"https:\/\/alberguevallada.com\/fr\/wp-json\/wp\/v2\/pages\/1503\/revisions\/1790"}],"wp:attachment":[{"href":"https:\/\/alberguevallada.com\/fr\/wp-json\/wp\/v2\/media?parent=1503"}],"curies":[{"name":"wp","href":"https:\/\/api.w.org\/{rel}","templated":true}]}}