{"id":1462,"date":"2025-03-12T12:32:10","date_gmt":"2025-03-12T12:32:10","guid":{"rendered":"https:\/\/alberguevallada.com\/?page_id=1462"},"modified":"2025-06-05T08:51:10","modified_gmt":"2025-06-05T08:51:10","slug":"itineraires-de-randonnee","status":"publish","type":"page","link":"https:\/\/alberguevallada.com\/fr\/itineraires-de-randonnee\/","title":{"rendered":"Sentiers de randonn\u00e9e"},"content":{"rendered":"\t\t<div data-elementor-type=\"wp-page\" data-elementor-id=\"1462\" class=\"elementor elementor-1462\" data-elementor-post-type=\"page\">\n\t\t\t\t\t\t<section class=\"elementor-section elementor-top-section elementor-element elementor-element-04546dc elementor-section-full_width elementor-section-height-min-height elementor-section-height-default elementor-section-items-middle\" data-id=\"04546dc\" data-element_type=\"section\" data-e-type=\"section\" data-settings=\"{&quot;background_background&quot;:&quot;classic&quot;}\">\n\t\t\t\t\t\t<div class=\"elementor-container elementor-column-gap-default\">\n\t\t\t\t\t<div class=\"elementor-column elementor-col-100 elementor-top-column elementor-element elementor-element-4cb0c64\" data-id=\"4cb0c64\" data-element_type=\"column\" data-e-type=\"column\">\n\t\t\t<div class=\"elementor-widget-wrap elementor-element-populated\">\n\t\t\t\t\t\t<div class=\"elementor-element elementor-element-5e2ec24 elementor-widget elementor-widget-heading\" data-id=\"5e2ec24\" data-element_type=\"widget\" data-e-type=\"widget\" data-widget_type=\"heading.default\">\n\t\t\t\t<div class=\"elementor-widget-container\">\n\t\t\t\t\t<h1 class=\"elementor-heading-title elementor-size-default\">Rutas de senderismo en Vallada<\/h1>\t\t\t\t<\/div>\n\t\t\t\t<\/div>\n\t\t\t\t\t<\/div>\n\t\t<\/div>\n\t\t\t\t\t<\/div>\n\t\t<\/section>\n\t\t<div class=\"elementor-element elementor-element-3c786a6 e-flex e-con-boxed e-con e-parent\" data-id=\"3c786a6\" data-element_type=\"container\" data-e-type=\"container\">\n\t\t\t\t\t<div class=\"e-con-inner\">\n\t\t<div class=\"elementor-element elementor-element-6aa5b2d e-con-full e-flex e-con e-child\" data-id=\"6aa5b2d\" data-element_type=\"container\" data-e-type=\"container\">\n\t\t\t\t<div class=\"elementor-element elementor-element-cad15a8 elementor-widget elementor-widget-text-editor\" data-id=\"cad15a8\" data-element_type=\"widget\" data-e-type=\"widget\" data-widget_type=\"text-editor.default\">\n\t\t\t\t<div class=\"elementor-widget-container\">\n\t\t\t\t\t\t\t\t\t<p data-start=\"48\" data-end=\"393\">Vallada es un destino ideal para los amantes del senderismo, con paisajes espectaculares, monta\u00f1as, bosques mediterr\u00e1neos y senderos que atraviesan parajes naturales \u00fanicos. Desde rutas suaves para paseos relajantes hasta recorridos m\u00e1s exigentes para senderistas experimentados, en sus alrededores encontrar\u00e1s opciones para todos los niveles.<\/p>\n<h2 data-start=\"395\" data-end=\"454\"><strong data-start=\"400\" data-end=\"452\">Las mejores rutas de senderismo cerca de Vallada<\/strong><\/h2>\n<ul data-start=\"456\" data-end=\"1161\">\n<li data-start=\"456\" data-end=\"651\"><strong data-start=\"458\" data-end=\"489\">Ruta de la Cova dels Coloms<\/strong>: Un sendero que conduce a una impresionante cueva natural, con vistas panor\u00e1micas de la zona y un recorrido perfecto para quienes buscan una caminata moderada.<\/li>\n<li data-start=\"652\" data-end=\"825\"><strong data-start=\"654\" data-end=\"680\">Ruta al Alt de la Creu<\/strong>: Para los que buscan un reto mayor, este ascenso ofrece vistas espectaculares desde la cima, ideal para disfrutar del amanecer o el atardecer.<\/li>\n<li data-start=\"826\" data-end=\"1017\"><strong data-start=\"828\" data-end=\"865\">Sendero de la Font de la Saraella<\/strong>: Un recorrido tranquilo que te lleva a una fuente natural rodeada de vegetaci\u00f3n mediterr\u00e1nea, ideal para una jornada de desconexi\u00f3n en la naturaleza.<\/li>\n<li data-start=\"1018\" data-end=\"1161\"><strong data-start=\"1020\" data-end=\"1047\">Barranco del Nacimiento<\/strong>: Una ruta de mayor dificultad que atraviesa formaciones rocosas y barrancos, perfecta para los m\u00e1s aventureros.<\/li>\n<\/ul>\n<p data-start=\"1163\" data-end=\"1465\">Despu\u00e9s de un d\u00eda explorando estos incre\u00edbles paisajes, el <strong data-start=\"1222\" data-end=\"1257\">Albergue Las Ermitas de Vallada<\/strong> es el lugar perfecto para descansar y recuperar energ\u00edas. Con una ubicaci\u00f3n privilegiada en plena naturaleza, ofrece un ambiente acogedor y todas las comodidades necesarias para los amantes del senderismo.<\/p>\t\t\t\t\t\t\t\t<\/div>\n\t\t\t\t<\/div>\n\t\t\t\t<div class=\"elementor-element elementor-element-1a201d7 elementor-align-center elementor-widget elementor-widget-button\" data-id=\"1a201d7\" data-element_type=\"widget\" data-e-type=\"widget\" data-widget_type=\"button.default\">\n\t\t\t\t<div class=\"elementor-widget-container\">\n\t\t\t\t\t\t\t\t\t<div class=\"elementor-button-wrapper\">\n\t\t\t\t\t<a class=\"elementor-button elementor-button-link elementor-size-sm\" href=\"https:\/\/alberguevallada.com\/experiencias\/\">\n\t\t\t\t\t\t<span class=\"elementor-button-content-wrapper\">\n\t\t\t\t\t\t\t\t\t<span class=\"elementor-button-text\">Consulta nuestras experiencias de rutas de senderismo<\/span>\n\t\t\t\t\t<\/span>\n\t\t\t\t\t<\/a>\n\t\t\t\t<\/div>\n\t\t\t\t\t\t\t\t<\/div>\n\t\t\t\t<\/div>\n\t\t\t\t<\/div>\n\t\t<div class=\"elementor-element elementor-element-a6005fe e-con-full e-flex e-con e-child\" data-id=\"a6005fe\" data-element_type=\"container\" data-e-type=\"container\">\n\t\t\t\t<div class=\"elementor-element elementor-element-306be7b elementor-widget elementor-widget-image\" data-id=\"306be7b\" data-element_type=\"widget\" data-e-type=\"widget\" data-widget_type=\"image.default\">\n\t\t\t\t<div class=\"elementor-widget-container\">\n\t\t\t\t\t\t\t\t\t\t\t\t\t\t\t<img fetchpriority=\"high\" decoding=\"async\" width=\"450\" height=\"450\" src=\"https:\/\/alberguevallada.com\/wp-content\/uploads\/2025\/06\/rutas-de-senderismo-en-vallada.jpg\" class=\"attachment-large size-large wp-image-1792\" alt=\"rutas de senderismo en vallada\" srcset=\"https:\/\/alberguevallada.com\/wp-content\/uploads\/2025\/06\/rutas-de-senderismo-en-vallada.jpg 450w, https:\/\/alberguevallada.com\/wp-content\/uploads\/2025\/06\/rutas-de-senderismo-en-vallada-300x300.jpg 300w, https:\/\/alberguevallada.com\/wp-content\/uploads\/2025\/06\/rutas-de-senderismo-en-vallada-150x150.jpg 150w, https:\/\/alberguevallada.com\/wp-content\/uploads\/2025\/06\/rutas-de-senderismo-en-vallada-12x12.jpg 12w\" sizes=\"(max-width: 450px) 100vw, 450px\" \/>\t\t\t\t\t\t\t\t\t\t\t\t\t\t\t<\/div>\n\t\t\t\t<\/div>\n\t\t\t\t<\/div>\n\t\t\t\t\t<\/div>\n\t\t\t\t<\/div>\n\t\t<div class=\"elementor-element elementor-element-eb611b5 e-flex e-con-boxed e-con e-parent\" data-id=\"eb611b5\" data-element_type=\"container\" data-e-type=\"container\" data-settings=\"{&quot;background_background&quot;:&quot;classic&quot;}\">\n\t\t\t\t\t<div class=\"e-con-inner\">\n\t\t\t\t<div class=\"elementor-element elementor-element-f6f97ad elementor-widget elementor-widget-heading\" data-id=\"f6f97ad\" data-element_type=\"widget\" data-e-type=\"widget\" data-widget_type=\"heading.default\">\n\t\t\t\t<div class=\"elementor-widget-container\">\n\t\t\t\t\t<h2 class=\"elementor-heading-title elementor-size-default\">D\u00f3nde comer tras una ruta de senderismo cerca de Vallada<\/h2>\t\t\t\t<\/div>\n\t\t\t\t<\/div>\n\t\t\t\t\t<\/div>\n\t\t\t\t<\/div>\n\t\t<div class=\"elementor-element elementor-element-8152c0d e-flex e-con-boxed e-con e-parent\" data-id=\"8152c0d\" data-element_type=\"container\" data-e-type=\"container\" data-settings=\"{&quot;background_background&quot;:&quot;classic&quot;}\">\n\t\t\t\t\t<div class=\"e-con-inner\">\n\t\t<div class=\"elementor-element elementor-element-6b8da26 e-con-full e-flex e-con e-child\" data-id=\"6b8da26\" data-element_type=\"container\" data-e-type=\"container\">\n\t\t\t\t<div class=\"elementor-element elementor-element-0e44143 elementor-widget elementor-widget-image\" data-id=\"0e44143\" data-element_type=\"widget\" data-e-type=\"widget\" data-widget_type=\"image.default\">\n\t\t\t\t<div class=\"elementor-widget-container\">\n\t\t\t\t\t\t\t\t\t\t\t\t\t\t\t<img decoding=\"async\" width=\"800\" height=\"534\" src=\"https:\/\/alberguevallada.com\/wp-content\/uploads\/2025\/01\/DSC7017-1024x683.jpg\" class=\"attachment-large size-large wp-image-1177\" alt=\"Noche\" srcset=\"https:\/\/alberguevallada.com\/wp-content\/uploads\/2025\/01\/DSC7017-1024x683.jpg 1024w, https:\/\/alberguevallada.com\/wp-content\/uploads\/2025\/01\/DSC7017-300x200.jpg 300w, https:\/\/alberguevallada.com\/wp-content\/uploads\/2025\/01\/DSC7017-768x513.jpg 768w, https:\/\/alberguevallada.com\/wp-content\/uploads\/2025\/01\/DSC7017-1536x1025.jpg 1536w, https:\/\/alberguevallada.com\/wp-content\/uploads\/2025\/01\/DSC7017-2048x1367.jpg 2048w\" sizes=\"(max-width: 800px) 100vw, 800px\" \/>\t\t\t\t\t\t\t\t\t\t\t\t\t\t\t<\/div>\n\t\t\t\t<\/div>\n\t\t\t\t<\/div>\n\t\t<div class=\"elementor-element elementor-element-53d179f e-con-full e-flex e-con e-child\" data-id=\"53d179f\" data-element_type=\"container\" data-e-type=\"container\">\n\t\t\t\t<div class=\"elementor-element elementor-element-202d8be elementor-widget elementor-widget-text-editor\" data-id=\"202d8be\" data-element_type=\"widget\" data-e-type=\"widget\" data-widget_type=\"text-editor.default\">\n\t\t\t\t<div class=\"elementor-widget-container\">\n\t\t\t\t\t\t\t\t\t<p data-start=\"68\" data-end=\"408\">Despu\u00e9s de disfrutar de las incre\u00edbles <strong data-start=\"107\" data-end=\"147\">rutas de senderismo cerca de Vallada<\/strong>, no hay mejor forma de recuperar energ\u00edas que con una buena comida en un entorno acogedor. Si buscas un lugar donde comer tras una jornada de senderismo, el <strong data-start=\"305\" data-end=\"333\">Restaurante Serra Grossa<\/strong>, ubicado en el <strong data-start=\"349\" data-end=\"384\">Albergue Las Ermitas de Vallada<\/strong>, es una opci\u00f3n ideal.<\/p>\n<p data-start=\"410\" data-end=\"766\">Situado en plena naturaleza, este restaurante ofrece un ambiente tranquilo, perfecto para relajarse tras recorrer senderos como la <strong data-start=\"541\" data-end=\"572\">Ruta de la Cova dels Coloms<\/strong> o el <strong data-start=\"578\" data-end=\"605\">Barranco del Nacimiento<\/strong>. Su cocina destaca por el uso de productos locales y recetas tradicionales, convirti\u00e9ndolo en un espacio perfecto para disfrutar de la gastronom\u00eda de la zona.<\/p>\n<p data-start=\"768\" data-end=\"1006\">Tanto si prefieres un almuerzo reconfortante despu\u00e9s de una caminata como si buscas un lugar para reponer fuerzas antes de tu pr\u00f3xima aventura, el <strong data-start=\"915\" data-end=\"943\">Restaurante Serra Grossa<\/strong> te espera con una atenci\u00f3n cercana y un entorno inmejorable.<\/p>\n<p data-start=\"1008\" data-end=\"1153\" data-is-last-node=\"\" data-is-only-node=\"\"><strong data-start=\"1008\" data-end=\"1153\" data-is-last-node=\"\">Descubre el mejor lugar para comer despu\u00e9s de una ruta de senderismo cerca de Vallada. \u00a1Reserva tu mesa y sigue disfrutando de la naturaleza!<\/strong><\/p>\t\t\t\t\t\t\t\t<\/div>\n\t\t\t\t<\/div>\n\t\t\t\t<div class=\"elementor-element elementor-element-7b84de1 elementor-align-center elementor-widget elementor-widget-button\" data-id=\"7b84de1\" data-element_type=\"widget\" data-e-type=\"widget\" data-widget_type=\"button.default\">\n\t\t\t\t<div class=\"elementor-widget-container\">\n\t\t\t\t\t\t\t\t\t<div class=\"elementor-button-wrapper\">\n\t\t\t\t\t<a class=\"elementor-button elementor-button-link elementor-size-sm\" href=\"https:\/\/alberguevallada.com\/restaurante\/\">\n\t\t\t\t\t\t<span class=\"elementor-button-content-wrapper\">\n\t\t\t\t\t\t\t\t\t<span class=\"elementor-button-text\">Reserva en el restaurante Serra Grossa<\/span>\n\t\t\t\t\t<\/span>\n\t\t\t\t\t<\/a>\n\t\t\t\t<\/div>\n\t\t\t\t\t\t\t\t<\/div>\n\t\t\t\t<\/div>\n\t\t\t\t<\/div>\n\t\t\t\t\t<\/div>\n\t\t\t\t<\/div>\n\t\t<div class=\"elementor-element elementor-element-8b72cc5 e-flex e-con-boxed e-con e-parent\" data-id=\"8b72cc5\" data-element_type=\"container\" data-e-type=\"container\" data-settings=\"{&quot;background_background&quot;:&quot;classic&quot;}\">\n\t\t\t\t\t<div class=\"e-con-inner\">\n\t\t\t\t<div class=\"elementor-element elementor-element-2c87d18 elementor-widget elementor-widget-heading\" data-id=\"2c87d18\" data-element_type=\"widget\" data-e-type=\"widget\" data-widget_type=\"heading.default\">\n\t\t\t\t<div class=\"elementor-widget-container\">\n\t\t\t\t\t<h2 class=\"elementor-heading-title elementor-size-default\">D\u00f3nde alojarse tras una ruta de senderismo cerca de Vallada<\/h2>\t\t\t\t<\/div>\n\t\t\t\t<\/div>\n\t\t<div class=\"elementor-element elementor-element-38bea5f e-con-full e-flex e-con e-child\" data-id=\"38bea5f\" data-element_type=\"container\" data-e-type=\"container\" data-settings=\"{&quot;background_background&quot;:&quot;classic&quot;}\">\n\t\t<div class=\"elementor-element elementor-element-af4d7e2 e-con-full e-flex e-con e-child\" data-id=\"af4d7e2\" data-element_type=\"container\" data-e-type=\"container\">\n\t\t\t\t<div class=\"elementor-element elementor-element-61f70fe elementor-position-top elementor-widget elementor-widget-image-box\" data-id=\"61f70fe\" data-element_type=\"widget\" data-e-type=\"widget\" data-widget_type=\"image-box.default\">\n\t\t\t\t<div class=\"elementor-widget-container\">\n\t\t\t\t\t<div class=\"elementor-image-box-wrapper\"><figure class=\"elementor-image-box-img\"><a href=\"https:\/\/alberguevallada.com\/habitacion-familiar\/\" tabindex=\"-1\"><img decoding=\"async\" width=\"800\" height=\"534\" src=\"https:\/\/alberguevallada.com\/wp-content\/uploads\/2023\/10\/DSC6870-copia.jpg\" class=\"attachment-full size-full wp-image-761\" alt=\"Habitacion familiar\" srcset=\"https:\/\/alberguevallada.com\/wp-content\/uploads\/2023\/10\/DSC6870-copia.jpg 800w, https:\/\/alberguevallada.com\/wp-content\/uploads\/2023\/10\/DSC6870-copia-300x200.jpg 300w, https:\/\/alberguevallada.com\/wp-content\/uploads\/2023\/10\/DSC6870-copia-768x513.jpg 768w\" sizes=\"(max-width: 800px) 100vw, 800px\" \/><\/a><\/figure><div class=\"elementor-image-box-content\"><h3 class=\"elementor-image-box-title\"><a href=\"https:\/\/alberguevallada.com\/habitacion-familiar\/\">Habitaci\u00f3n familiar<\/a><\/h3><\/div><\/div>\t\t\t\t<\/div>\n\t\t\t\t<\/div>\n\t\t\t\t<\/div>\n\t\t<div class=\"elementor-element elementor-element-9232e6b e-con-full e-flex e-con e-child\" data-id=\"9232e6b\" data-element_type=\"container\" data-e-type=\"container\">\n\t\t\t\t<div class=\"elementor-element elementor-element-57b2c74 elementor-position-top elementor-widget elementor-widget-image-box\" data-id=\"57b2c74\" data-element_type=\"widget\" data-e-type=\"widget\" data-widget_type=\"image-box.default\">\n\t\t\t\t<div class=\"elementor-widget-container\">\n\t\t\t\t\t<div class=\"elementor-image-box-wrapper\"><figure class=\"elementor-image-box-img\"><a href=\"https:\/\/alberguevallada.com\/habitacion-matrimonio\/\" tabindex=\"-1\"><img loading=\"lazy\" decoding=\"async\" width=\"1766\" height=\"1179\" src=\"https:\/\/alberguevallada.com\/wp-content\/uploads\/2023\/10\/DSC6897-copia.jpg\" class=\"attachment-full size-full wp-image-790\" alt=\"\" srcset=\"https:\/\/alberguevallada.com\/wp-content\/uploads\/2023\/10\/DSC6897-copia.jpg 1766w, https:\/\/alberguevallada.com\/wp-content\/uploads\/2023\/10\/DSC6897-copia-300x200.jpg 300w, https:\/\/alberguevallada.com\/wp-content\/uploads\/2023\/10\/DSC6897-copia-1024x684.jpg 1024w, https:\/\/alberguevallada.com\/wp-content\/uploads\/2023\/10\/DSC6897-copia-768x513.jpg 768w, https:\/\/alberguevallada.com\/wp-content\/uploads\/2023\/10\/DSC6897-copia-1536x1025.jpg 1536w\" sizes=\"(max-width: 1766px) 100vw, 1766px\" \/><\/a><\/figure><div class=\"elementor-image-box-content\"><h3 class=\"elementor-image-box-title\"><a href=\"https:\/\/alberguevallada.com\/habitacion-matrimonio\/\">Habitaci\u00f3n de matrimonio<\/a><\/h3><\/div><\/div>\t\t\t\t<\/div>\n\t\t\t\t<\/div>\n\t\t\t\t<\/div>\n\t\t<div class=\"elementor-element elementor-element-5569752 e-con-full e-flex e-con e-child\" data-id=\"5569752\" data-element_type=\"container\" data-e-type=\"container\">\n\t\t\t\t<div class=\"elementor-element elementor-element-00d2b80 elementor-position-top elementor-widget elementor-widget-image-box\" data-id=\"00d2b80\" data-element_type=\"widget\" data-e-type=\"widget\" data-widget_type=\"image-box.default\">\n\t\t\t\t<div class=\"elementor-widget-container\">\n\t\t\t\t\t<div class=\"elementor-image-box-wrapper\"><figure class=\"elementor-image-box-img\"><a href=\"https:\/\/alberguevallada.com\/habitacion-doble-adaptada\/\" tabindex=\"-1\"><img loading=\"lazy\" decoding=\"async\" width=\"800\" height=\"534\" src=\"https:\/\/alberguevallada.com\/wp-content\/uploads\/2025\/06\/habitacion-doble-adaptada.jpg\" class=\"attachment-full size-full wp-image-1784\" alt=\"habitaci\u00f3n doble adaptada\" srcset=\"https:\/\/alberguevallada.com\/wp-content\/uploads\/2025\/06\/habitacion-doble-adaptada.jpg 800w, https:\/\/alberguevallada.com\/wp-content\/uploads\/2025\/06\/habitacion-doble-adaptada-300x200.jpg 300w, https:\/\/alberguevallada.com\/wp-content\/uploads\/2025\/06\/habitacion-doble-adaptada-768x513.jpg 768w, https:\/\/alberguevallada.com\/wp-content\/uploads\/2025\/06\/habitacion-doble-adaptada-18x12.jpg 18w\" sizes=\"(max-width: 800px) 100vw, 800px\" \/><\/a><\/figure><div class=\"elementor-image-box-content\"><h3 class=\"elementor-image-box-title\"><a href=\"https:\/\/alberguevallada.com\/habitacion-doble-adaptada\/\">Habitaci\u00f3n doble adaptada<\/a><\/h3><\/div><\/div>\t\t\t\t<\/div>\n\t\t\t\t<\/div>\n\t\t\t\t<\/div>\n\t\t\t\t<\/div>\n\t\t\t\t\t<\/div>\n\t\t\t\t<\/div>\n\t\t<div class=\"elementor-element elementor-element-d82bd5a e-flex e-con-boxed e-con e-parent\" data-id=\"d82bd5a\" data-element_type=\"container\" data-e-type=\"container\" data-settings=\"{&quot;background_background&quot;:&quot;classic&quot;}\">\n\t\t\t\t\t<div class=\"e-con-inner\">\n\t\t\t\t<div class=\"elementor-element elementor-element-06f280f elementor-widget elementor-widget-heading\" data-id=\"06f280f\" data-element_type=\"widget\" data-e-type=\"widget\" data-widget_type=\"heading.default\">\n\t\t\t\t<div class=\"elementor-widget-container\">\n\t\t\t\t\t<h2 class=\"elementor-heading-title elementor-size-default\">Otras actividades cerca de Vallada<\/h2>\t\t\t\t<\/div>\n\t\t\t\t<\/div>\n\t\t\t\t\t<\/div>\n\t\t\t\t<\/div>\n\t\t<div class=\"elementor-element elementor-element-57bf29a e-flex e-con-boxed e-con e-parent\" data-id=\"57bf29a\" data-element_type=\"container\" data-e-type=\"container\" data-settings=\"{&quot;background_background&quot;:&quot;classic&quot;}\">\n\t\t\t\t\t<div class=\"e-con-inner\">\n\t\t<div class=\"elementor-element elementor-element-0408d30 e-con-full e-flex e-con e-child\" data-id=\"0408d30\" data-element_type=\"container\" data-e-type=\"container\">\n\t\t\t\t<div class=\"elementor-element elementor-element-ca76de0 elementor-position-top elementor-widget elementor-widget-image-box\" data-id=\"ca76de0\" data-element_type=\"widget\" data-e-type=\"widget\" data-widget_type=\"image-box.default\">\n\t\t\t\t<div class=\"elementor-widget-container\">\n\t\t\t\t\t<div class=\"elementor-image-box-wrapper\"><figure class=\"elementor-image-box-img\"><a href=\"https:\/\/alberguevallada.com\/turismo-activo\/\" tabindex=\"-1\"><img loading=\"lazy\" decoding=\"async\" width=\"450\" height=\"300\" src=\"https:\/\/alberguevallada.com\/wp-content\/uploads\/2025\/03\/turismo-activo.jpg\" class=\"attachment-full size-full wp-image-1471\" alt=\"turismo activo\" srcset=\"https:\/\/alberguevallada.com\/wp-content\/uploads\/2025\/03\/turismo-activo.jpg 450w, https:\/\/alberguevallada.com\/wp-content\/uploads\/2025\/03\/turismo-activo-300x200.jpg 300w, https:\/\/alberguevallada.com\/wp-content\/uploads\/2025\/03\/turismo-activo-18x12.jpg 18w\" sizes=\"(max-width: 450px) 100vw, 450px\" \/><\/a><\/figure><div class=\"elementor-image-box-content\"><h3 class=\"elementor-image-box-title\"><a href=\"https:\/\/alberguevallada.com\/turismo-activo\/\">Turismo Activo<\/a><\/h3><\/div><\/div>\t\t\t\t<\/div>\n\t\t\t\t<\/div>\n\t\t\t\t<\/div>\n\t\t<div class=\"elementor-element elementor-element-aaa9964 e-con-full e-flex e-con e-child\" data-id=\"aaa9964\" data-element_type=\"container\" data-e-type=\"container\">\n\t\t\t\t<div class=\"elementor-element elementor-element-c40f90c elementor-position-top elementor-widget elementor-widget-image-box\" data-id=\"c40f90c\" data-element_type=\"widget\" data-e-type=\"widget\" data-widget_type=\"image-box.default\">\n\t\t\t\t<div class=\"elementor-widget-container\">\n\t\t\t\t\t<div class=\"elementor-image-box-wrapper\"><figure class=\"elementor-image-box-img\"><a href=\"https:\/\/alberguevallada.com\/actividades-culturales\/\" tabindex=\"-1\"><img loading=\"lazy\" decoding=\"async\" width=\"450\" height=\"300\" src=\"https:\/\/alberguevallada.com\/wp-content\/uploads\/2025\/03\/actividades-culturales.jpg\" class=\"attachment-full size-full wp-image-1470\" alt=\"actividades culturales\" srcset=\"https:\/\/alberguevallada.com\/wp-content\/uploads\/2025\/03\/actividades-culturales.jpg 450w, https:\/\/alberguevallada.com\/wp-content\/uploads\/2025\/03\/actividades-culturales-300x200.jpg 300w, https:\/\/alberguevallada.com\/wp-content\/uploads\/2025\/03\/actividades-culturales-18x12.jpg 18w\" sizes=\"(max-width: 450px) 100vw, 450px\" \/><\/a><\/figure><div class=\"elementor-image-box-content\"><h3 class=\"elementor-image-box-title\"><a href=\"https:\/\/alberguevallada.com\/actividades-culturales\/\">Actividades Culturales<\/a><\/h3><\/div><\/div>\t\t\t\t<\/div>\n\t\t\t\t<\/div>\n\t\t\t\t<\/div>\n\t\t<div class=\"elementor-element elementor-element-d8338c8 e-con-full e-flex e-con e-child\" data-id=\"d8338c8\" data-element_type=\"container\" data-e-type=\"container\">\n\t\t\t\t<div class=\"elementor-element elementor-element-3f58717 elementor-position-top elementor-widget elementor-widget-image-box\" data-id=\"3f58717\" data-element_type=\"widget\" data-e-type=\"widget\" data-widget_type=\"image-box.default\">\n\t\t\t\t<div class=\"elementor-widget-container\">\n\t\t\t\t\t<div class=\"elementor-image-box-wrapper\"><figure class=\"elementor-image-box-img\"><a href=\"https:\/\/alberguevallada.com\/enoturismo-y-oleoturismo\/\" tabindex=\"-1\"><img loading=\"lazy\" decoding=\"async\" width=\"450\" height=\"300\" src=\"https:\/\/alberguevallada.com\/wp-content\/uploads\/2025\/03\/enoturismo.jpg\" class=\"attachment-full size-full wp-image-1472\" alt=\"\" srcset=\"https:\/\/alberguevallada.com\/wp-content\/uploads\/2025\/03\/enoturismo.jpg 450w, https:\/\/alberguevallada.com\/wp-content\/uploads\/2025\/03\/enoturismo-300x200.jpg 300w, https:\/\/alberguevallada.com\/wp-content\/uploads\/2025\/03\/enoturismo-18x12.jpg 18w\" sizes=\"(max-width: 450px) 100vw, 450px\" \/><\/a><\/figure><div class=\"elementor-image-box-content\"><h3 class=\"elementor-image-box-title\"><a href=\"https:\/\/alberguevallada.com\/enoturismo-y-oleoturismo\/\">Enoturismo Y Oleoturismo<\/a><\/h3><\/div><\/div>\t\t\t\t<\/div>\n\t\t\t\t<\/div>\n\t\t\t\t<\/div>\n\t\t\t\t\t<\/div>\n\t\t\t\t<\/div>\n\t\t\t\t<section class=\"elementor-section elementor-top-section elementor-element elementor-element-34931d7 elementor-section-boxed elementor-section-height-default elementor-section-height-default\" data-id=\"34931d7\" data-element_type=\"section\" data-e-type=\"section\">\n\t\t\t\t\t\t<div class=\"elementor-container elementor-column-gap-default\">\n\t\t\t\t\t<div class=\"elementor-column elementor-col-50 elementor-top-column elementor-element elementor-element-ef36792\" data-id=\"ef36792\" data-element_type=\"column\" data-e-type=\"column\">\n\t\t\t<div class=\"elementor-widget-wrap elementor-element-populated\">\n\t\t\t\t\t\t<div class=\"elementor-element elementor-element-aa3fd40 elementor-widget elementor-widget-heading\" data-id=\"aa3fd40\" data-element_type=\"widget\" data-e-type=\"widget\" data-widget_type=\"heading.default\">\n\t\t\t\t<div class=\"elementor-widget-container\">\n\t\t\t\t\t<h2 class=\"elementor-heading-title elementor-size-default\">Contacta con nosotros para reservar tu alojamiento tras una ruta de senderismo<\/h2>\t\t\t\t<\/div>\n\t\t\t\t<\/div>\n\t\t\t\t<div class=\"elementor-element elementor-element-1deead3 elementor-widget-divider--view-line elementor-widget elementor-widget-divider\" data-id=\"1deead3\" data-element_type=\"widget\" data-e-type=\"widget\" data-widget_type=\"divider.default\">\n\t\t\t\t<div class=\"elementor-widget-container\">\n\t\t\t\t\t\t\t<div class=\"elementor-divider\">\n\t\t\t<span class=\"elementor-divider-separator\">\n\t\t\t\t\t\t<\/span>\n\t\t<\/div>\n\t\t\t\t\t\t<\/div>\n\t\t\t\t<\/div>\n\t\t\t\t<div class=\"elementor-element elementor-element-d1a5375 elementor-icon-list--layout-traditional elementor-list-item-link-full_width elementor-widget elementor-widget-icon-list\" data-id=\"d1a5375\" data-element_type=\"widget\" data-e-type=\"widget\" data-widget_type=\"icon-list.default\">\n\t\t\t\t<div class=\"elementor-widget-container\">\n\t\t\t\t\t\t\t<ul class=\"elementor-icon-list-items\">\n\t\t\t\t\t\t\t<li class=\"elementor-icon-list-item\">\n\t\t\t\t\t\t\t\t\t\t\t<a href=\"tel:+34601612912\">\n\n\t\t\t\t\t\t\t\t\t\t\t\t<span class=\"elementor-icon-list-icon\">\n\t\t\t\t\t\t\t<i aria-hidden=\"true\" class=\"fas fa-phone-alt\"><\/i>\t\t\t\t\t\t<\/span>\n\t\t\t\t\t\t\t\t\t\t<span class=\"elementor-icon-list-text\">+34 601 612 912<\/span>\n\t\t\t\t\t\t\t\t\t\t\t<\/a>\n\t\t\t\t\t\t\t\t\t<\/li>\n\t\t\t\t\t\t\t\t<li class=\"elementor-icon-list-item\">\n\t\t\t\t\t\t\t\t\t\t\t<a href=\"mailto:info@alberguevallada.com\">\n\n\t\t\t\t\t\t\t\t\t\t\t\t<span class=\"elementor-icon-list-icon\">\n\t\t\t\t\t\t\t<i aria-hidden=\"true\" class=\"fas fa-envelope\"><\/i>\t\t\t\t\t\t<\/span>\n\t\t\t\t\t\t\t\t\t\t<span class=\"elementor-icon-list-text\">info@alberguevallada.com<\/span>\n\t\t\t\t\t\t\t\t\t\t\t<\/a>\n\t\t\t\t\t\t\t\t\t<\/li>\n\t\t\t\t\t\t\t\t<li class=\"elementor-icon-list-item\">\n\t\t\t\t\t\t\t\t\t\t\t<a href=\"https:\/\/www.google.com\/maps?cid=7627273298858668232\">\n\n\t\t\t\t\t\t\t\t\t\t\t\t<span class=\"elementor-icon-list-icon\">\n\t\t\t\t\t\t\t<i aria-hidden=\"true\" class=\"fas fa-map-marker-alt\"><\/i>\t\t\t\t\t\t<\/span>\n\t\t\t\t\t\t\t\t\t\t<span class=\"elementor-icon-list-text\">Pol\u00edgono 11, parcela 77 46691 Vallada Valencia<\/span>\n\t\t\t\t\t\t\t\t\t\t\t<\/a>\n\t\t\t\t\t\t\t\t\t<\/li>\n\t\t\t\t\t\t<\/ul>\n\t\t\t\t\t\t<\/div>\n\t\t\t\t<\/div>\n\t\t\t\t<div class=\"elementor-element elementor-element-e6aa639 elementor-widget-divider--view-line elementor-widget elementor-widget-divider\" data-id=\"e6aa639\" data-element_type=\"widget\" data-e-type=\"widget\" data-widget_type=\"divider.default\">\n\t\t\t\t<div class=\"elementor-widget-container\">\n\t\t\t\t\t\t\t<div class=\"elementor-divider\">\n\t\t\t<span class=\"elementor-divider-separator\">\n\t\t\t\t\t\t<\/span>\n\t\t<\/div>\n\t\t\t\t\t\t<\/div>\n\t\t\t\t<\/div>\n\t\t\t\t\t<\/div>\n\t\t<\/div>\n\t\t\t\t<div class=\"elementor-column elementor-col-50 elementor-top-column elementor-element elementor-element-de343b6\" data-id=\"de343b6\" data-element_type=\"column\" data-e-type=\"column\" id=\"contacto\">\n\t\t\t<div class=\"elementor-widget-wrap elementor-element-populated\">\n\t\t\t\t\t\t<div class=\"elementor-element elementor-element-ceeb57c elementor-widget elementor-widget-shortcode\" data-id=\"ceeb57c\" data-element_type=\"widget\" data-e-type=\"widget\" data-widget_type=\"shortcode.default\">\n\t\t\t\t<div class=\"elementor-widget-container\">\n\t\t\t\t\t\t\t<div class=\"elementor-shortcode\">\n<div class=\"wpcf7 no-js\" id=\"wpcf7-f1214-o1\" lang=\"es-ES\" dir=\"ltr\" data-wpcf7-id=\"1214\">\n<div class=\"screen-reader-response\"><p role=\"status\" aria-live=\"polite\" aria-atomic=\"true\"><\/p> <ul><\/ul><\/div>\n<form action=\"\/fr\/wp-json\/wp\/v2\/pages\/1462#wpcf7-f1214-o1\" method=\"post\" class=\"wpcf7-form init\" aria-label=\"Formulario de contacto\" novalidate=\"novalidate\" data-status=\"init\">\n<fieldset class=\"hidden-fields-container\"><input type=\"hidden\" name=\"_wpcf7\" value=\"1214\" \/><input type=\"hidden\" name=\"_wpcf7_version\" value=\"6.1.5\" \/><input type=\"hidden\" name=\"_wpcf7_locale\" value=\"es_ES\" \/><input type=\"hidden\" name=\"_wpcf7_unit_tag\" value=\"wpcf7-f1214-o1\" \/><input type=\"hidden\" name=\"_wpcf7_container_post\" value=\"0\" \/><input type=\"hidden\" name=\"_wpcf7_posted_data_hash\" value=\"\" \/><input type=\"hidden\" name=\"_wpcf7_recaptcha_response\" value=\"\" \/>\n<\/fieldset>\n<style>\n.custom-form-container {\n max-width: 600px;\n margin: auto;\n padding: 20px;\n background: #f8f8f8;\n border-radius: 10px;\n box-shadow: 0px 4px 10px rgba(0, 0, 0, 0.1);\n}\n\n.custom-form-container label {\n display: block;\n font-weight: bold;\n margin-bottom: 5px;\n color: #333;\n}\n\n.custom-input, .custom-textarea {\n width: 100%;\n padding: 10px;\n margin-bottom: 15px;\n border: 1px solid #ccc;\n border-radius: 5px;\n font-size: 16px;\n transition: 0.3s;\n}\n\n.custom-input:focus, .custom-textarea:focus {\n border-color: #0073e6;\n box-shadow: 0px 0px 5px rgba(0, 115, 230, 0.5);\n}\n\n.custom-textarea {\n height: 120px;\n resize: none;\n}\n\n.custom-submit-container {\n text-align: center;\n}\n\ninput[type=\"submit\"] {\n background: #0073e6;\n color: white;\n border: none;\n padding: 12px 20px;\n font-size: 16px;\n border-radius: 5px;\n cursor: pointer;\n transition: 0.3s;\n}\n\ninput[type=\"submit\"]:hover {\n background: #005bb5;\n}\n<\/style>\n<div class=\"custom-form-container\">\n\t<p><label for=\"your-name\">Tu nombre<\/label><br \/>\n<span class=\"wpcf7-form-control-wrap\" data-name=\"your-name\"><input size=\"40\" maxlength=\"400\" class=\"wpcf7-form-control wpcf7-text wpcf7-validates-as-required custom-input\" autocomplete=\"name\" aria-required=\"true\" aria-invalid=\"false\" placeholder=\"Introduce tu nombre\" value=\"\" type=\"text\" name=\"your-name\" \/><\/span>\n\t<\/p>\n\t<p><label for=\"your-email\">Tu correo electr\u00f3nico<\/label><br \/>\n<span class=\"wpcf7-form-control-wrap\" data-name=\"your-email\"><input size=\"40\" maxlength=\"400\" class=\"wpcf7-form-control wpcf7-email wpcf7-validates-as-required wpcf7-text wpcf7-validates-as-email custom-input\" autocomplete=\"email\" aria-required=\"true\" aria-invalid=\"false\" placeholder=\"Introduce tu correo electr\u00f3nico\" value=\"\" type=\"email\" name=\"your-email\" \/><\/span>\n\t<\/p>\n\t<p><label for=\"your-subject\">Asunto<\/label><br \/>\n<span class=\"wpcf7-form-control-wrap\" data-name=\"your-subject\"><input size=\"40\" maxlength=\"400\" class=\"wpcf7-form-control wpcf7-text wpcf7-validates-as-required custom-input\" aria-required=\"true\" aria-invalid=\"false\" placeholder=\"Escribe el asunto\" value=\"\" type=\"text\" name=\"your-subject\" \/><\/span>\n\t<\/p>\n\t<p><label for=\"your-message\">Tu mensaje (opcional)<\/label><br \/>\n<span class=\"wpcf7-form-control-wrap\" data-name=\"your-message\"><textarea cols=\"40\" rows=\"10\" maxlength=\"2000\" class=\"wpcf7-form-control wpcf7-textarea custom-textarea\" aria-invalid=\"false\" placeholder=\"Escribe tu mensaje aqu\u00ed\" name=\"your-message\"><\/textarea><\/span>\n\t<\/p>\n\t<div class=\"custom-submit-container\">\n\t\t<p><input class=\"wpcf7-form-control wpcf7-submit has-spinner\" type=\"submit\" value=\"Enviar\" \/>\n\t\t<\/p>\n\t<\/div>\n<\/div><div class=\"wpcf7-response-output\" aria-hidden=\"true\"><\/div>\n<\/form>\n<\/div>\n<\/div>\n\t\t\t\t\t\t<\/div>\n\t\t\t\t<\/div>\n\t\t\t\t\t<\/div>\n\t\t<\/div>\n\t\t\t\t\t<\/div>\n\t\t<\/section>\n\t\t<div class=\"elementor-element elementor-element-3e45114 e-flex e-con-boxed e-con e-parent\" data-id=\"3e45114\" data-element_type=\"container\" data-e-type=\"container\">\n\t\t\t\t\t<div class=\"e-con-inner\">\n\t\t\t\t<div class=\"elementor-element elementor-element-8e5f61a elementor-widget elementor-widget-heading\" data-id=\"8e5f61a\" data-element_type=\"widget\" data-e-type=\"widget\" data-widget_type=\"heading.default\">\n\t\t\t\t<div class=\"elementor-widget-container\">\n\t\t\t\t\t<h2 class=\"elementor-heading-title elementor-size-default\">Preguntas frecuentes sobre las rutas de senderismo en Vallada<\/h2>\t\t\t\t<\/div>\n\t\t\t\t<\/div>\n\t\t\t\t<div class=\"elementor-element elementor-element-72f7243 elementor-widget elementor-widget-n-accordion\" data-id=\"72f7243\" data-element_type=\"widget\" data-e-type=\"widget\" data-settings=\"{&quot;default_state&quot;:&quot;expanded&quot;,&quot;max_items_expended&quot;:&quot;one&quot;,&quot;n_accordion_animation_duration&quot;:{&quot;unit&quot;:&quot;ms&quot;,&quot;size&quot;:400,&quot;sizes&quot;:[]}}\" data-widget_type=\"nested-accordion.default\">\n\t\t\t\t<div class=\"elementor-widget-container\">\n\t\t\t\t\t\t\t<div class=\"e-n-accordion\" aria-label=\"Accordion. Open links with Enter or Space, close with Escape, and navigate with Arrow Keys\">\n\t\t\t\t\t\t<details id=\"e-n-accordion-item-1200\" class=\"e-n-accordion-item\" open>\n\t\t\t\t<summary class=\"e-n-accordion-item-title\" data-accordion-index=\"1\" tabindex=\"0\" aria-expanded=\"true\" aria-controls=\"e-n-accordion-item-1200\" >\n\t\t\t\t\t<span class='e-n-accordion-item-title-header'><h3 class=\"e-n-accordion-item-title-text\"> \u00bfCu\u00e1les son las mejores rutas de senderismo cerca de Vallada? <\/h3><\/span>\n\t\t\t\t\t\t\t<span class='e-n-accordion-item-title-icon'>\n\t\t\t<span class='e-opened' ><i aria-hidden=\"true\" class=\"fas fa-minus\"><\/i><\/span>\n\t\t\t<span class='e-closed'><i aria-hidden=\"true\" class=\"fas fa-plus\"><\/i><\/span>\n\t\t<\/span>\n\n\t\t\t\t\t\t<\/summary>\n\t\t\t\t<div role=\"region\" aria-labelledby=\"e-n-accordion-item-1200\" class=\"elementor-element elementor-element-0296648 e-con-full e-flex e-con e-child\" data-id=\"0296648\" data-element_type=\"container\" data-e-type=\"container\">\n\t\t\t\t<div class=\"elementor-element elementor-element-be8d04a elementor-widget elementor-widget-text-editor\" data-id=\"be8d04a\" data-element_type=\"widget\" data-e-type=\"widget\" data-widget_type=\"text-editor.default\">\n\t\t\t\t<div class=\"elementor-widget-container\">\n\t\t\t\t\t\t\t\t\t<p data-start=\"151\" data-end=\"283\">En los alrededores de Vallada hay varias rutas ideales para senderistas de todos los niveles. Algunas de las m\u00e1s recomendadas son:<\/p>\n<ul data-start=\"284\" data-end=\"712\">\n<li data-start=\"284\" data-end=\"378\"><strong data-start=\"286\" data-end=\"317\">Ruta de la Cova dels Coloms<\/strong>: Un sendero con espectaculares vistas y una cueva natural.<\/li>\n<li data-start=\"379\" data-end=\"482\"><strong data-start=\"381\" data-end=\"407\">Ruta al Alt de la Creu<\/strong>: Perfecta para quienes buscan un desaf\u00edo con impresionantes panor\u00e1micas.<\/li>\n<li data-start=\"483\" data-end=\"616\"><strong data-start=\"485\" data-end=\"522\">Sendero de la Font de la Saraella<\/strong>: Un recorrido relajante que atraviesa parajes naturales con fuentes y vegetaci\u00f3n aut\u00f3ctona.<\/li>\n<li data-start=\"617\" data-end=\"712\"><strong data-start=\"619\" data-end=\"646\">Barranco del Nacimiento<\/strong>: Una ruta m\u00e1s exigente, ideal para senderistas con experiencia.<\/li>\n<\/ul>\t\t\t\t\t\t\t\t<\/div>\n\t\t\t\t<\/div>\n\t\t\t\t<\/div>\n\t\t\t\t\t<\/details>\n\t\t\t\t\t\t<details id=\"e-n-accordion-item-1201\" class=\"e-n-accordion-item\" >\n\t\t\t\t<summary class=\"e-n-accordion-item-title\" data-accordion-index=\"2\" tabindex=\"-1\" aria-expanded=\"false\" aria-controls=\"e-n-accordion-item-1201\" >\n\t\t\t\t\t<span class='e-n-accordion-item-title-header'><h3 class=\"e-n-accordion-item-title-text\"> \u00bfEs necesario un nivel de experiencia espec\u00edfico para hacer senderismo en la zona? <\/h3><\/span>\n\t\t\t\t\t\t\t<span class='e-n-accordion-item-title-icon'>\n\t\t\t<span class='e-opened' ><i aria-hidden=\"true\" class=\"fas fa-minus\"><\/i><\/span>\n\t\t\t<span class='e-closed'><i aria-hidden=\"true\" class=\"fas fa-plus\"><\/i><\/span>\n\t\t<\/span>\n\n\t\t\t\t\t\t<\/summary>\n\t\t\t\t<div role=\"region\" aria-labelledby=\"e-n-accordion-item-1201\" class=\"elementor-element elementor-element-741e360 e-con-full e-flex e-con e-child\" data-id=\"741e360\" data-element_type=\"container\" data-e-type=\"container\">\n\t\t\t\t<div class=\"elementor-element elementor-element-c0af473 elementor-widget elementor-widget-text-editor\" data-id=\"c0af473\" data-element_type=\"widget\" data-e-type=\"widget\" data-widget_type=\"text-editor.default\">\n\t\t\t\t<div class=\"elementor-widget-container\">\n\t\t\t\t\t\t\t\t\t<p data-pm-slice=\"1 1 []\">No, hay rutas para todos los niveles. Desde senderos sencillos y bien se\u00f1alizados para principiantes hasta recorridos m\u00e1s t\u00e9cnicos y exigentes para senderistas experimentados. Se recomienda elegir la ruta seg\u00fan la preparaci\u00f3n f\u00edsica de cada persona.<\/p>\t\t\t\t\t\t\t\t<\/div>\n\t\t\t\t<\/div>\n\t\t\t\t<\/div>\n\t\t\t\t\t<\/details>\n\t\t\t\t\t\t<details id=\"e-n-accordion-item-1202\" class=\"e-n-accordion-item\" >\n\t\t\t\t<summary class=\"e-n-accordion-item-title\" data-accordion-index=\"3\" tabindex=\"-1\" aria-expanded=\"false\" aria-controls=\"e-n-accordion-item-1202\" >\n\t\t\t\t\t<span class='e-n-accordion-item-title-header'><h3 class=\"e-n-accordion-item-title-text\"> \u00bfCu\u00e1l es la mejor \u00e9poca del a\u00f1o para hacer senderismo en Vallada? <\/h3><\/span>\n\t\t\t\t\t\t\t<span class='e-n-accordion-item-title-icon'>\n\t\t\t<span class='e-opened' ><i aria-hidden=\"true\" class=\"fas fa-minus\"><\/i><\/span>\n\t\t\t<span class='e-closed'><i aria-hidden=\"true\" class=\"fas fa-plus\"><\/i><\/span>\n\t\t<\/span>\n\n\t\t\t\t\t\t<\/summary>\n\t\t\t\t<div role=\"region\" aria-labelledby=\"e-n-accordion-item-1202\" class=\"elementor-element elementor-element-90cd3bc e-con-full e-flex e-con e-child\" data-id=\"90cd3bc\" data-element_type=\"container\" data-e-type=\"container\">\n\t\t\t\t<div class=\"elementor-element elementor-element-3fb2579 elementor-widget elementor-widget-text-editor\" data-id=\"3fb2579\" data-element_type=\"widget\" data-e-type=\"widget\" data-widget_type=\"text-editor.default\">\n\t\t\t\t<div class=\"elementor-widget-container\">\n\t\t\t\t\t\t\t\t\t<p data-pm-slice=\"1 1 []\">Las mejores estaciones para hacer senderismo en esta zona son <strong data-start=\"1206\" data-end=\"1227\">primavera y oto\u00f1o<\/strong>, cuando las temperaturas son m\u00e1s suaves y el paisaje est\u00e1 en su m\u00e1ximo esplendor. En verano se recomienda salir temprano en la ma\u00f1ana o al atardecer para evitar el calor.<\/p>\t\t\t\t\t\t\t\t<\/div>\n\t\t\t\t<\/div>\n\t\t\t\t<\/div>\n\t\t\t\t\t<\/details>\n\t\t\t\t\t\t<details id=\"e-n-accordion-item-1203\" class=\"e-n-accordion-item\" >\n\t\t\t\t<summary class=\"e-n-accordion-item-title\" data-accordion-index=\"4\" tabindex=\"-1\" aria-expanded=\"false\" aria-controls=\"e-n-accordion-item-1203\" >\n\t\t\t\t\t<span class='e-n-accordion-item-title-header'><h3 class=\"e-n-accordion-item-title-text\"> \u00bfQu\u00e9 equipamiento es recomendable llevar para una ruta de senderismo en Vallada? <\/h3><\/span>\n\t\t\t\t\t\t\t<span class='e-n-accordion-item-title-icon'>\n\t\t\t<span class='e-opened' ><i aria-hidden=\"true\" class=\"fas fa-minus\"><\/i><\/span>\n\t\t\t<span class='e-closed'><i aria-hidden=\"true\" class=\"fas fa-plus\"><\/i><\/span>\n\t\t<\/span>\n\n\t\t\t\t\t\t<\/summary>\n\t\t\t\t<div role=\"region\" aria-labelledby=\"e-n-accordion-item-1203\" class=\"elementor-element elementor-element-944bf65 e-con-full e-flex e-con e-child\" data-id=\"944bf65\" data-element_type=\"container\" data-e-type=\"container\">\n\t\t\t\t<div class=\"elementor-element elementor-element-e75dba6 elementor-widget elementor-widget-text-editor\" data-id=\"e75dba6\" data-element_type=\"widget\" data-e-type=\"widget\" data-widget_type=\"text-editor.default\">\n\t\t\t\t<div class=\"elementor-widget-container\">\n\t\t\t\t\t\t\t\t\t<p data-start=\"1224\" data-end=\"1278\">Se recomienda llevar:<br data-start=\"1518\" data-end=\"1521\" \/>\u2705 Calzado de monta\u00f1a adecuado para terrenos irregulares.<br data-start=\"1577\" data-end=\"1580\" \/>\u2705 Ropa transpirable y en capas seg\u00fan la \u00e9poca del a\u00f1o.<br data-start=\"1634\" data-end=\"1637\" \/>\u2705 Agua suficiente, especialmente en rutas largas.<br data-start=\"1686\" data-end=\"1689\" \/>\u2705 Protecci\u00f3n solar (gorra, gafas de sol y crema solar).<br data-start=\"1744\" data-end=\"1747\" \/>\u2705 Un peque\u00f1o botiqu\u00edn de primeros auxilios.<br data-start=\"1790\" data-end=\"1793\" \/>\u2705 Mapa o GPS para seguir la ruta correctamente.<\/p>\t\t\t\t\t\t\t\t<\/div>\n\t\t\t\t<\/div>\n\t\t\t\t<\/div>\n\t\t\t\t\t<\/details>\n\t\t\t\t\t\t<details id=\"e-n-accordion-item-1204\" class=\"e-n-accordion-item\" >\n\t\t\t\t<summary class=\"e-n-accordion-item-title\" data-accordion-index=\"5\" tabindex=\"-1\" aria-expanded=\"false\" aria-controls=\"e-n-accordion-item-1204\" >\n\t\t\t\t\t<span class='e-n-accordion-item-title-header'><h3 class=\"e-n-accordion-item-title-text\"> \u00bfD\u00f3nde alojarse tras una ruta de senderismo cerca de Vallada? <\/h3><\/span>\n\t\t\t\t\t\t\t<span class='e-n-accordion-item-title-icon'>\n\t\t\t<span class='e-opened' ><i aria-hidden=\"true\" class=\"fas fa-minus\"><\/i><\/span>\n\t\t\t<span class='e-closed'><i aria-hidden=\"true\" class=\"fas fa-plus\"><\/i><\/span>\n\t\t<\/span>\n\n\t\t\t\t\t\t<\/summary>\n\t\t\t\t<div role=\"region\" aria-labelledby=\"e-n-accordion-item-1204\" class=\"elementor-element elementor-element-1fc22bd e-con-full e-flex e-con e-child\" data-id=\"1fc22bd\" data-element_type=\"container\" data-e-type=\"container\">\n\t\t\t\t<div class=\"elementor-element elementor-element-04a314c elementor-widget elementor-widget-text-editor\" data-id=\"04a314c\" data-element_type=\"widget\" data-e-type=\"widget\" data-widget_type=\"text-editor.default\">\n\t\t\t\t<div class=\"elementor-widget-container\">\n\t\t\t\t\t\t\t\t\t<p data-pm-slice=\"1 1 []\">Si buscas un lugar donde descansar tras una jornada de senderismo, el <a href=\"https:\/\/alberguevallada.com\/\"><strong data-start=\"1990\" data-end=\"2025\">Albergue Las Ermitas de Vallada<\/strong><\/a> es una excelente opci\u00f3n. Situado en un entorno natural, ofrece comodidad y servicios ideales para senderistas, adem\u00e1s de acceso a m\u00e1s rutas en la zona.<\/p>\t\t\t\t\t\t\t\t<\/div>\n\t\t\t\t<\/div>\n\t\t\t\t<\/div>\n\t\t\t\t\t<\/details>\n\t\t\t\t\t\t<details id=\"e-n-accordion-item-1205\" class=\"e-n-accordion-item\" >\n\t\t\t\t<summary class=\"e-n-accordion-item-title\" data-accordion-index=\"6\" tabindex=\"-1\" aria-expanded=\"false\" aria-controls=\"e-n-accordion-item-1205\" >\n\t\t\t\t\t<span class='e-n-accordion-item-title-header'><h3 class=\"e-n-accordion-item-title-text\"> \u00bfHay zonas de descanso o \u00e1reas de picnic en las rutas? <\/h3><\/span>\n\t\t\t\t\t\t\t<span class='e-n-accordion-item-title-icon'>\n\t\t\t<span class='e-opened' ><i aria-hidden=\"true\" class=\"fas fa-minus\"><\/i><\/span>\n\t\t\t<span class='e-closed'><i aria-hidden=\"true\" class=\"fas fa-plus\"><\/i><\/span>\n\t\t<\/span>\n\n\t\t\t\t\t\t<\/summary>\n\t\t\t\t<div role=\"region\" aria-labelledby=\"e-n-accordion-item-1205\" class=\"elementor-element elementor-element-c7dbe59 e-con-full e-flex e-con e-child\" data-id=\"c7dbe59\" data-element_type=\"container\" data-e-type=\"container\">\n\t\t\t\t<div class=\"elementor-element elementor-element-8155396 elementor-widget elementor-widget-text-editor\" data-id=\"8155396\" data-element_type=\"widget\" data-e-type=\"widget\" data-widget_type=\"text-editor.default\">\n\t\t\t\t<div class=\"elementor-widget-container\">\n\t\t\t\t\t\t\t\t\t<p data-pm-slice=\"1 1 []\">S\u00ed, muchas de las rutas cuentan con <strong data-start=\"2286\" data-end=\"2338\">fuentes naturales, miradores y \u00e1reas recreativas<\/strong> donde se puede hacer una pausa para disfrutar del entorno. Tambi\u00e9n hay zonas de picnic cerca de algunos senderos, perfectas para reponer energ\u00edas antes de continuar la caminata.<\/p>\t\t\t\t\t\t\t\t<\/div>\n\t\t\t\t<\/div>\n\t\t\t\t<\/div>\n\t\t\t\t\t<\/details>\n\t\t\t\t\t<\/div>\n\t\t\t\t\t\t<\/div>\n\t\t\t\t<\/div>\n\t\t\t\t\t<\/div>\n\t\t\t\t<\/div>\n\t\t<div class=\"elementor-element elementor-element-deaf957 e-con-full e-flex e-con e-parent\" data-id=\"deaf957\" data-element_type=\"container\" data-e-type=\"container\" data-settings=\"{&quot;background_background&quot;:&quot;classic&quot;}\">\n\t\t<div class=\"elementor-element elementor-element-feee163 e-con-full e-flex e-con e-child\" data-id=\"feee163\" data-element_type=\"container\" data-e-type=\"container\">\n\t\t\t\t<div class=\"elementor-element elementor-element-bb07aaf elementor-widget elementor-widget-html\" data-id=\"bb07aaf\" data-element_type=\"widget\" data-e-type=\"widget\" data-widget_type=\"html.default\">\n\t\t\t\t<div class=\"elementor-widget-container\">\n\t\t\t\t\t<iframe src=\"https:\/\/www.google.com\/maps\/embed?pb=!1m18!1m12!1m3!1d6210.392565536596!2d-0.6967103533105053!3d38.89662653695602!2m3!1f0!2f0!3f0!3m2!1i1024!2i768!4f13.1!3m3!1m2!1s0xd61715c00a5efdf%3A0x90162a9947cc5ed0!2s46691%20Vallada%2C%20Valencia!5e0!3m2!1ses!2ses!4v1741783431252!5m2!1ses!2ses\" width=\"600\" height=\"450\" style=\"border:0;\" allowfullscreen=\"\" loading=\"lazy\" referrerpolicy=\"no-referrer-when-downgrade\"><\/iframe>\t\t\t\t<\/div>\n\t\t\t\t<\/div>\n\t\t\t\t<\/div>\n\t\t\t\t<\/div>\n\t\t\t\t<\/div>\n\t\t","protected":false},"excerpt":{"rendered":"<p>Rutas de senderismo en Vallada Vallada es un destino ideal para los amantes del senderismo, con paisajes espectaculares, monta\u00f1as, bosques mediterr\u00e1neos y senderos que atraviesan parajes naturales \u00fanicos. Desde rutas suaves para paseos relajantes hasta recorridos m\u00e1s exigentes para senderistas experimentados, en sus alrededores encontrar\u00e1s opciones para todos los niveles. Las mejores rutas de senderismo [&hellip;]<\/p>\n","protected":false},"author":2,"featured_media":0,"parent":0,"menu_order":0,"comment_status":"closed","ping_status":"closed","template":"","meta":{"footnotes":""},"class_list":["post-1462","page","type-page","status-publish","hentry"],"yoast_head":"<!-- This site is optimized with the Yoast SEO plugin v25.1 - https:\/\/yoast.com\/wordpress\/plugins\/seo\/ -->\n<title>Rutas de senderismo - Albergue Las Ermitas de Vallada<\/title>\n<meta name=\"description\" content=\"Descubre incre\u00edbles rutas de senderismo en Vallada y al\u00f3jate en el Albergue Las Ermitas. Naturaleza, aventura y descanso en un entorno \u00fanico.\" \/>\n<meta name=\"robots\" content=\"index, follow, max-snippet:-1, max-image-preview:large, max-video-preview:-1\" \/>\n<link rel=\"canonical\" href=\"https:\/\/alberguevallada.com\/fr\/itineraires-de-randonnee\/\" \/>\n<meta property=\"og:locale\" content=\"fr_FR\" \/>\n<meta property=\"og:type\" content=\"article\" \/>\n<meta property=\"og:title\" content=\"Rutas de senderismo - Albergue Las Ermitas de Vallada\" \/>\n<meta property=\"og:description\" content=\"Descubre incre\u00edbles rutas de senderismo en Vallada y al\u00f3jate en el Albergue Las Ermitas. Naturaleza, aventura y descanso en un entorno \u00fanico.\" \/>\n<meta property=\"og:url\" content=\"https:\/\/alberguevallada.com\/fr\/itineraires-de-randonnee\/\" \/>\n<meta property=\"og:site_name\" content=\"Albergue Las Ermitas de Vallada\" \/>\n<meta property=\"article:modified_time\" content=\"2025-06-05T08:51:10+00:00\" \/>\n<meta property=\"og:image\" content=\"https:\/\/alberguevallada.com\/wp-content\/uploads\/2025\/06\/rutas-de-senderismo-en-vallada.jpg\" \/>\n\t<meta property=\"og:image:width\" content=\"450\" \/>\n\t<meta property=\"og:image:height\" content=\"450\" \/>\n\t<meta property=\"og:image:type\" content=\"image\/jpeg\" \/>\n<meta name=\"twitter:card\" content=\"summary_large_image\" \/>\n<meta name=\"twitter:label1\" content=\"Dur\u00e9e de lecture estim\u00e9e\" \/>\n\t<meta name=\"twitter:data1\" content=\"7 minutes\" \/>\n<script type=\"application\/ld+json\" class=\"yoast-schema-graph\">{\"@context\":\"https:\/\/schema.org\",\"@graph\":[{\"@type\":\"WebPage\",\"@id\":\"https:\/\/alberguevallada.com\/rutas-senderismo\/\",\"url\":\"https:\/\/alberguevallada.com\/rutas-senderismo\/\",\"name\":\"Rutas de senderismo - Albergue Las Ermitas de Vallada\",\"isPartOf\":{\"@id\":\"https:\/\/alberguevallada.com\/#website\"},\"primaryImageOfPage\":{\"@id\":\"https:\/\/alberguevallada.com\/rutas-senderismo\/#primaryimage\"},\"image\":{\"@id\":\"https:\/\/alberguevallada.com\/rutas-senderismo\/#primaryimage\"},\"thumbnailUrl\":\"https:\/\/alberguevallada.com\/wp-content\/uploads\/2025\/06\/rutas-de-senderismo-en-vallada.jpg\",\"datePublished\":\"2025-03-12T12:32:10+00:00\",\"dateModified\":\"2025-06-05T08:51:10+00:00\",\"description\":\"Descubre incre\u00edbles rutas de senderismo en Vallada y al\u00f3jate en el Albergue Las Ermitas. Naturaleza, aventura y descanso en un entorno \u00fanico.\",\"breadcrumb\":{\"@id\":\"https:\/\/alberguevallada.com\/rutas-senderismo\/#breadcrumb\"},\"inLanguage\":\"fr-FR\",\"potentialAction\":[{\"@type\":\"ReadAction\",\"target\":[\"https:\/\/alberguevallada.com\/rutas-senderismo\/\"]}]},{\"@type\":\"ImageObject\",\"inLanguage\":\"fr-FR\",\"@id\":\"https:\/\/alberguevallada.com\/rutas-senderismo\/#primaryimage\",\"url\":\"https:\/\/alberguevallada.com\/wp-content\/uploads\/2025\/06\/rutas-de-senderismo-en-vallada.jpg\",\"contentUrl\":\"https:\/\/alberguevallada.com\/wp-content\/uploads\/2025\/06\/rutas-de-senderismo-en-vallada.jpg\"},{\"@type\":\"BreadcrumbList\",\"@id\":\"https:\/\/alberguevallada.com\/rutas-senderismo\/#breadcrumb\",\"itemListElement\":[{\"@type\":\"ListItem\",\"position\":1,\"name\":\"Portada\",\"item\":\"https:\/\/alberguevallada.com\/\"},{\"@type\":\"ListItem\",\"position\":2,\"name\":\"Rutas de senderismo\"}]},{\"@type\":\"WebSite\",\"@id\":\"https:\/\/alberguevallada.com\/#website\",\"url\":\"https:\/\/alberguevallada.com\/\",\"name\":\"Albergue Las Ermitas de Vallada\",\"description\":\"Naturaleza, deporte y buena comida\",\"publisher\":{\"@id\":\"https:\/\/alberguevallada.com\/#organization\"},\"potentialAction\":[{\"@type\":\"SearchAction\",\"target\":{\"@type\":\"EntryPoint\",\"urlTemplate\":\"https:\/\/alberguevallada.com\/?s={search_term_string}\"},\"query-input\":{\"@type\":\"PropertyValueSpecification\",\"valueRequired\":true,\"valueName\":\"search_term_string\"}}],\"inLanguage\":\"fr-FR\"},{\"@type\":\"Organization\",\"@id\":\"https:\/\/alberguevallada.com\/#organization\",\"name\":\"Albergue Las Ermitas de Vallada\",\"url\":\"https:\/\/alberguevallada.com\/\",\"logo\":{\"@type\":\"ImageObject\",\"inLanguage\":\"fr-FR\",\"@id\":\"https:\/\/alberguevallada.com\/#\/schema\/logo\/image\/\",\"url\":\"https:\/\/alberguevallada.com\/wp-content\/uploads\/2023\/02\/fav.png\",\"contentUrl\":\"https:\/\/alberguevallada.com\/wp-content\/uploads\/2023\/02\/fav.png\",\"width\":512,\"height\":512,\"caption\":\"Albergue Las Ermitas de Vallada\"},\"image\":{\"@id\":\"https:\/\/alberguevallada.com\/#\/schema\/logo\/image\/\"}}]}<\/script>\n<!-- \/ Yoast SEO plugin. -->","yoast_head_json":{"title":"Sentiers de randonn\u00e9e - Auberge Las Ermitas de Vallada","description":"D\u00e9couvrez d&#039;incroyables sentiers de randonn\u00e9e \u00e0 Vallada et s\u00e9journez \u00e0 l&#039;auberge Las Ermitas. Nature, aventure et d\u00e9tente dans un cadre unique.","robots":{"index":"index","follow":"follow","max-snippet":"max-snippet:-1","max-image-preview":"max-image-preview:large","max-video-preview":"max-video-preview:-1"},"canonical":"https:\/\/alberguevallada.com\/fr\/itineraires-de-randonnee\/","og_locale":"fr_FR","og_type":"article","og_title":"Rutas de senderismo - Albergue Las Ermitas de Vallada","og_description":"Descubre incre\u00edbles rutas de senderismo en Vallada y al\u00f3jate en el Albergue Las Ermitas. Naturaleza, aventura y descanso en un entorno \u00fanico.","og_url":"https:\/\/alberguevallada.com\/fr\/itineraires-de-randonnee\/","og_site_name":"Albergue Las Ermitas de Vallada","article_modified_time":"2025-06-05T08:51:10+00:00","og_image":[{"width":450,"height":450,"url":"https:\/\/alberguevallada.com\/wp-content\/uploads\/2025\/06\/rutas-de-senderismo-en-vallada.jpg","type":"image\/jpeg"}],"twitter_card":"summary_large_image","twitter_misc":{"Dur\u00e9e de lecture estim\u00e9e":"7 minutes"},"schema":{"@context":"https:\/\/schema.org","@graph":[{"@type":"WebPage","@id":"https:\/\/alberguevallada.com\/rutas-senderismo\/","url":"https:\/\/alberguevallada.com\/rutas-senderismo\/","name":"Sentiers de randonn\u00e9e - Auberge Las Ermitas de Vallada","isPartOf":{"@id":"https:\/\/alberguevallada.com\/#website"},"primaryImageOfPage":{"@id":"https:\/\/alberguevallada.com\/rutas-senderismo\/#primaryimage"},"image":{"@id":"https:\/\/alberguevallada.com\/rutas-senderismo\/#primaryimage"},"thumbnailUrl":"https:\/\/alberguevallada.com\/wp-content\/uploads\/2025\/06\/rutas-de-senderismo-en-vallada.jpg","datePublished":"2025-03-12T12:32:10+00:00","dateModified":"2025-06-05T08:51:10+00:00","description":"D\u00e9couvrez d&#039;incroyables sentiers de randonn\u00e9e \u00e0 Vallada et s\u00e9journez \u00e0 l&#039;auberge Las Ermitas. Nature, aventure et d\u00e9tente dans un cadre unique.","breadcrumb":{"@id":"https:\/\/alberguevallada.com\/rutas-senderismo\/#breadcrumb"},"inLanguage":"fr-FR","potentialAction":[{"@type":"ReadAction","target":["https:\/\/alberguevallada.com\/rutas-senderismo\/"]}]},{"@type":"ImageObject","inLanguage":"fr-FR","@id":"https:\/\/alberguevallada.com\/rutas-senderismo\/#primaryimage","url":"https:\/\/alberguevallada.com\/wp-content\/uploads\/2025\/06\/rutas-de-senderismo-en-vallada.jpg","contentUrl":"https:\/\/alberguevallada.com\/wp-content\/uploads\/2025\/06\/rutas-de-senderismo-en-vallada.jpg"},{"@type":"BreadcrumbList","@id":"https:\/\/alberguevallada.com\/rutas-senderismo\/#breadcrumb","itemListElement":[{"@type":"ListItem","position":1,"name":"Portada","item":"https:\/\/alberguevallada.com\/"},{"@type":"ListItem","position":2,"name":"Rutas de senderismo"}]},{"@type":"WebSite","@id":"https:\/\/alberguevallada.com\/#website","url":"https:\/\/alberguevallada.com\/","name":"Auberge Las Ermitas de Vallada","description":"Nature, sport et bonne cuisine","publisher":{"@id":"https:\/\/alberguevallada.com\/#organization"},"potentialAction":[{"@type":"SearchAction","target":{"@type":"EntryPoint","urlTemplate":"https:\/\/alberguevallada.com\/?s={search_term_string}"},"query-input":{"@type":"PropertyValueSpecification","valueRequired":true,"valueName":"search_term_string"}}],"inLanguage":"fr-FR"},{"@type":"Organization","@id":"https:\/\/alberguevallada.com\/#organization","name":"Auberge Las Ermitas de Vallada","url":"https:\/\/alberguevallada.com\/","logo":{"@type":"ImageObject","inLanguage":"fr-FR","@id":"https:\/\/alberguevallada.com\/#\/schema\/logo\/image\/","url":"https:\/\/alberguevallada.com\/wp-content\/uploads\/2023\/02\/fav.png","contentUrl":"https:\/\/alberguevallada.com\/wp-content\/uploads\/2023\/02\/fav.png","width":512,"height":512,"caption":"Albergue Las Ermitas de Vallada"},"image":{"@id":"https:\/\/alberguevallada.com\/#\/schema\/logo\/image\/"}}]}},"_links":{"self":[{"href":"https:\/\/alberguevallada.com\/fr\/wp-json\/wp\/v2\/pages\/1462","targetHints":{"allow":["GET"]}}],"collection":[{"href":"https:\/\/alberguevallada.com\/fr\/wp-json\/wp\/v2\/pages"}],"about":[{"href":"https:\/\/alberguevallada.com\/fr\/wp-json\/wp\/v2\/types\/page"}],"author":[{"embeddable":true,"href":"https:\/\/alberguevallada.com\/fr\/wp-json\/wp\/v2\/users\/2"}],"replies":[{"embeddable":true,"href":"https:\/\/alberguevallada.com\/fr\/wp-json\/wp\/v2\/comments?post=1462"}],"version-history":[{"count":23,"href":"https:\/\/alberguevallada.com\/fr\/wp-json\/wp\/v2\/pages\/1462\/revisions"}],"predecessor-version":[{"id":1795,"href":"https:\/\/alberguevallada.com\/fr\/wp-json\/wp\/v2\/pages\/1462\/revisions\/1795"}],"wp:attachment":[{"href":"https:\/\/alberguevallada.com\/fr\/wp-json\/wp\/v2\/media?parent=1462"}],"curies":[{"name":"wp","href":"https:\/\/api.w.org\/{rel}","templated":true}]}}